{"id":9284,"date":"2024-05-16T07:46:19","date_gmt":"2024-05-16T07:46:19","guid":{"rendered":"https:\/\/toroenmaromado.es\/?page_id=9284"},"modified":"2024-05-21T06:58:08","modified_gmt":"2024-05-21T06:58:08","slug":"programa-toro-enmaromado-2024","status":"publish","type":"page","link":"https:\/\/toroenmaromado.es\/en\/programa-toro-enmaromado-2024\/","title":{"rendered":"Programa Ferias y Fiestas del Toro Enmaromado 2024"},"content":{"rendered":"<div data-elementor-type=\"wp-page\" data-elementor-id=\"9284\" class=\"elementor elementor-9284\" data-elementor-post-type=\"page\">\n\t\t\t\t\t\t<section class=\"elementor-section elementor-top-section elementor-element elementor-element-cf39d37 elementor-section-full_width elementor-section-height-default elementor-section-height-default\" data-id=\"cf39d37\" data-element_type=\"section\" data-e-type=\"section\" id=\"cabecera\" data-settings=\"{&quot;background_background&quot;:&quot;classic&quot;,&quot;shape_divider_bottom&quot;:&quot;triangle&quot;,&quot;shape_divider_bottom_negative&quot;:&quot;yes&quot;}\">\n\t\t\t\t\t\t\t<div class=\"elementor-background-overlay\"><\/div>\n\t\t\t\t\t\t<div class=\"elementor-shape elementor-shape-bottom\" aria-hidden=\"true\" data-negative=\"true\">\n\t\t\t<svg xmlns=\"http:\/\/www.w3.org\/2000\/svg\" viewbox=\"0 0 1000 100\" preserveaspectratio=\"none\">\n\t<path class=\"elementor-shape-fill\" d=\"M500.2,94.7L0,0v100h1000V0L500.2,94.7z\"\/>\n<\/svg>\t\t<\/div>\n\t\t\t\t\t<div class=\"elementor-container elementor-column-gap-default\">\n\t\t\t\t\t<div class=\"elementor-column elementor-col-100 elementor-top-column elementor-element elementor-element-e785b1d\" data-id=\"e785b1d\" data-element_type=\"column\" data-e-type=\"column\">\n\t\t\t<div class=\"elementor-widget-wrap elementor-element-populated\">\n\t\t\t\t\t\t<div class=\"elementor-element elementor-element-d0b0aff elementor-widget elementor-widget-heading\" data-id=\"d0b0aff\" data-element_type=\"widget\" data-e-type=\"widget\" data-widget_type=\"heading.default\">\n\t\t\t\t<div class=\"elementor-widget-container\">\n\t\t\t\t\t<h1 class=\"elementor-heading-title elementor-size-default\">Programa Ferias y Fiestas Toro Enmaromado<\/h1>\t\t\t\t<\/div>\n\t\t\t\t<\/div>\n\t\t\t\t<div class=\"elementor-element elementor-element-9d7a004 elementor-widget elementor-widget-heading\" data-id=\"9d7a004\" data-element_type=\"widget\" data-e-type=\"widget\" data-widget_type=\"heading.default\">\n\t\t\t\t<div class=\"elementor-widget-container\">\n\t\t\t\t\t<h1 class=\"elementor-heading-title elementor-size-default\">2024<\/h1>\t\t\t\t<\/div>\n\t\t\t\t<\/div>\n\t\t\t\t\t<\/div>\n\t\t<\/div>\n\t\t\t\t\t<\/div>\n\t\t<\/section>\n\t\t\t\t<section class=\"elementor-section elementor-top-section elementor-element elementor-element-cbceb26 elementor-section-stretched elementor-section-boxed elementor-section-height-default elementor-section-height-default\" data-id=\"cbceb26\" data-element_type=\"section\" data-e-type=\"section\" data-settings=\"{&quot;stretch_section&quot;:&quot;section-stretched&quot;}\">\n\t\t\t\t\t\t<div class=\"elementor-container elementor-column-gap-default\">\n\t\t\t\t\t<div class=\"elementor-column elementor-col-100 elementor-top-column elementor-element elementor-element-eaca97a\" data-id=\"eaca97a\" data-element_type=\"column\" data-e-type=\"column\" data-settings=\"{&quot;animation&quot;:&quot;none&quot;}\">\n\t\t\t<div class=\"elementor-widget-wrap elementor-element-populated\">\n\t\t\t\t\t\t<div class=\"elementor-element elementor-element-f8289fc elementor-widget elementor-widget-text-editor\" data-id=\"f8289fc\" data-element_type=\"widget\" data-e-type=\"widget\" data-settings=\"{&quot;_animation&quot;:&quot;none&quot;}\" data-widget_type=\"text-editor.default\">\n\t\t\t\t<div class=\"elementor-widget-container\">\n\t\t\t\t\t\t\t\t\t<p style=\"text-align: center;\">Programa Oficial de las\u00a0<a href=\"https:\/\/toroenmaromado.es\/en\/toro-enmaromado\/\" target=\"_blank\" rel=\"noopener\">Ferias y Fiestas del Toro Enmaromado de Benavente<\/a> del a\u00f1o <strong>2024<\/strong>.\u00a0 Ven, disfruta con nosotros y no olvides visitar las <a href=\"https:\/\/toroenmaromado.es\/en\/las-penas\/\" target=\"_blank\" rel=\"noopener\">Clubs and Associations<\/a> que nos har\u00e1n disfrutar con sus charangas y actividades complementando este Programa.<\/p>\t\t\t\t\t\t\t\t<\/div>\n\t\t\t\t<\/div>\n\t\t\t\t\t<\/div>\n\t\t<\/div>\n\t\t\t\t\t<\/div>\n\t\t<\/section>\n\t\t\t\t<section class=\"elementor-section elementor-top-section elementor-element elementor-element-872e2f2 elementor-section-boxed elementor-section-height-default elementor-section-height-default elementor-invisible\" data-id=\"872e2f2\" data-element_type=\"section\" data-e-type=\"section\" data-settings=\"{&quot;animation&quot;:&quot;fadeInLeft&quot;}\">\n\t\t\t\t\t\t<div class=\"elementor-container elementor-column-gap-default\">\n\t\t\t\t\t<div class=\"elementor-column elementor-col-100 elementor-top-column elementor-element elementor-element-485481f\" data-id=\"485481f\" data-element_type=\"column\" data-e-type=\"column\">\n\t\t\t<div class=\"elementor-widget-wrap elementor-element-populated\">\n\t\t\t\t\t\t<div class=\"elementor-element elementor-element-521f0a6 elementor-tabs-view-horizontal elementor-widget elementor-widget-tabs\" data-id=\"521f0a6\" data-element_type=\"widget\" data-e-type=\"widget\" data-widget_type=\"tabs.default\">\n\t\t\t\t<div class=\"elementor-widget-container\">\n\t\t\t\t\t\t\t<div class=\"elementor-tabs\">\n\t\t\t<div class=\"elementor-tabs-wrapper\" role=\"tablist\" >\n\t\t\t\t\t\t\t\t\t<div id=\"elementor-tab-title-8611\" class=\"elementor-tab-title elementor-tab-desktop-title\" aria-selected=\"true\" data-tab=\"1\" role=\"tab\" tabindex=\"0\" aria-controls=\"elementor-tab-content-8611\" aria-expanded=\"false\">Viernes 24<\/div>\n\t\t\t\t\t\t\t\t\t<div id=\"elementor-tab-title-8612\" class=\"elementor-tab-title elementor-tab-desktop-title\" aria-selected=\"false\" data-tab=\"2\" role=\"tab\" tabindex=\"-1\" aria-controls=\"elementor-tab-content-8612\" aria-expanded=\"false\">S\u00e1bado 25<\/div>\n\t\t\t\t\t\t\t\t\t<div id=\"elementor-tab-title-8613\" class=\"elementor-tab-title elementor-tab-desktop-title\" aria-selected=\"false\" data-tab=\"3\" role=\"tab\" tabindex=\"-1\" aria-controls=\"elementor-tab-content-8613\" aria-expanded=\"false\">Domingo 26<\/div>\n\t\t\t\t\t\t\t\t\t<div id=\"elementor-tab-title-8614\" class=\"elementor-tab-title elementor-tab-desktop-title\" aria-selected=\"false\" data-tab=\"4\" role=\"tab\" tabindex=\"-1\" aria-controls=\"elementor-tab-content-8614\" aria-expanded=\"false\">Lunes 27<\/div>\n\t\t\t\t\t\t\t\t\t<div id=\"elementor-tab-title-8615\" class=\"elementor-tab-title elementor-tab-desktop-title\" aria-selected=\"false\" data-tab=\"5\" role=\"tab\" tabindex=\"-1\" aria-controls=\"elementor-tab-content-8615\" aria-expanded=\"false\">Martes 28<\/div>\n\t\t\t\t\t\t\t\t\t<div id=\"elementor-tab-title-8616\" class=\"elementor-tab-title elementor-tab-desktop-title\" aria-selected=\"false\" data-tab=\"6\" role=\"tab\" tabindex=\"-1\" aria-controls=\"elementor-tab-content-8616\" aria-expanded=\"false\">Mi\u00e9rcoles 29<\/div>\n\t\t\t\t\t\t\t\t\t<div id=\"elementor-tab-title-8617\" class=\"elementor-tab-title elementor-tab-desktop-title\" aria-selected=\"false\" data-tab=\"7\" role=\"tab\" tabindex=\"-1\" aria-controls=\"elementor-tab-content-8617\" aria-expanded=\"false\">Jueves 30<\/div>\n\t\t\t\t\t\t\t\t\t<div id=\"elementor-tab-title-8618\" class=\"elementor-tab-title elementor-tab-desktop-title\" aria-selected=\"false\" data-tab=\"8\" role=\"tab\" tabindex=\"-1\" aria-controls=\"elementor-tab-content-8618\" aria-expanded=\"false\">Viernes 31<\/div>\n\t\t\t\t\t\t\t\t\t<div id=\"elementor-tab-title-8619\" class=\"elementor-tab-title elementor-tab-desktop-title\" aria-selected=\"false\" data-tab=\"9\" role=\"tab\" tabindex=\"-1\" aria-controls=\"elementor-tab-content-8619\" aria-expanded=\"false\">S\u00e1bado 1<\/div>\n\t\t\t\t\t\t\t\t\t<div id=\"elementor-tab-title-86110\" class=\"elementor-tab-title elementor-tab-desktop-title\" aria-selected=\"false\" data-tab=\"10\" role=\"tab\" tabindex=\"-1\" aria-controls=\"elementor-tab-content-86110\" aria-expanded=\"false\">Domingo 2<\/div>\n\t\t\t\t\t\t\t<\/div>\n\t\t\t<div class=\"elementor-tabs-content-wrapper\" role=\"tablist\" aria-orientation=\"vertical\">\n\t\t\t\t\t\t\t\t\t<div class=\"elementor-tab-title elementor-tab-mobile-title\" aria-selected=\"true\" data-tab=\"1\" role=\"tab\" tabindex=\"0\" aria-controls=\"elementor-tab-content-8611\" aria-expanded=\"false\">Viernes 24<\/div>\n\t\t\t\t\t<div id=\"elementor-tab-content-8611\" class=\"elementor-tab-content elementor-clearfix\" data-tab=\"1\" role=\"tabpanel\" aria-labelledby=\"elementor-tab-title-8611\" tabindex=\"0\" hidden=\"false\"><p>13:00 h <strong>APERTURA FOODTRUCKS. <\/strong><em>Paseos de la Mota.<\/em><\/p><p>\u00a0<\/p><p>16:30 h <strong>INAUGURACI\u00d3N ATRACCIONES INFANTILES.\u00a0<\/strong><em>Recinto ferial<\/em>. De 16:30 a 17:30 hora de inclusi\u00f3n social.<\/p><p>\u00a0<\/p><p>17:00 h <strong>S\u00daBETE AL TREN. <\/strong>Desde las 17:00 h el tren te llevar\u00e1 del <em>Recinto Ferial<\/em> a la <em>Plaza de Santa Mar\u00eda<\/em>. Precios populares: 1,5\u20ac.<\/p><p>\u00a0<\/p><p>20:00 h <strong>TALLER DEMOSTRATIVO \u2018APRENDE SOBRE EL MANEJO Y COLOCACI\u00d3N DE LA MAROMA\u2019<\/strong><strong>\u00a0<\/strong><\/p><p><strong>VISITA DE LA EXPOSICI\u00d3N \u2018EL TORO ENMAROMADO. NUESTRA FIESTA\u2019<\/strong><\/p><p><em>Instalaciones del Toril. <\/em>Exposici\u00f3n abierta de s\u00e1bado 25 y domingo 26 de 12:00 a 14:00 horas y de lunes 27 a s\u00e1bado 1 de 12:00 a 14:00 y de 17:00 a 19:00 horas.<\/p><p>\u00a0<\/p><p>20:30 h <strong>ACTUACI\u00d3N FLAMENCA \u2018CARRETERA Y MANTA\u2019 (1er pase). <\/strong><em>Paseos de la Mota.<\/em><\/p><p><em>\u00a0<\/em><\/p><p>22:00 h <strong>ACTUACI\u00d3N FLAMENCA \u2018CARRETERA Y MANTA\u2019 (2\u00ba pase).\u00a0<\/strong><em>Paseos de la Mota.<\/em><\/p><\/div>\n\t\t\t\t\t\t\t\t\t<div class=\"elementor-tab-title elementor-tab-mobile-title\" aria-selected=\"false\" data-tab=\"2\" role=\"tab\" tabindex=\"-1\" aria-controls=\"elementor-tab-content-8612\" aria-expanded=\"false\">S\u00e1bado 25<\/div>\n\t\t\t\t\t<div id=\"elementor-tab-content-8612\" class=\"elementor-tab-content elementor-clearfix\" data-tab=\"2\" role=\"tabpanel\" aria-labelledby=\"elementor-tab-title-8612\" tabindex=\"0\" hidden=\"hidden\"><p>12:30 h <strong>COMPARSA DE GIGANTES Y CABEZUDOS. <\/strong><em>Calles del centro de la ciudad<\/em>.<\/p><p>\u00a0<\/p><p>12:30 h <strong>INAUGURACI\u00d3N \u2018PHOTOCALL TORO ENMAROMADO\u2019. <\/strong><em>Plaza de Santa Mar\u00eda<\/em>. Colabora ABTE.<\/p><p>\u00a0<\/p><p>13:00 h <strong>APERTURA FOODTRUCKS. <\/strong><em>Paseos de la Mota.<\/em><\/p><p>\u00a0<\/p><p>16:30 h <strong>APERTURA ATRACCIONES INFANTILES. <\/strong><em>Recinto ferial<\/em>. De 16:30 a 17:30 hora de inclusi\u00f3n social.<\/p><p>\u00a0<\/p><p>18:00 h <strong>TARDEO EPOKA. <\/strong><em>Plaza Juan Carlos I. <\/em>M\u00fasica de los 80\u00b4s y 90\u00b4s. Organiza Pub Epoka.<\/p><p>\u00a0<\/p><p>19:00 h <strong>CONCURSO DE CORTES INFANTIL. <\/strong><em>Plaza de la Madera<\/em>. Organiza \u2018Asociaci\u00f3n Taurina Gente del Toro\u2019. Inscripciones antes del comienzo de la actividad.<\/p><p>\u00a0<\/p><p>19:00 h <strong>PASACALLES CON LA PE\u00d1A \u2018LA MAROMA\u2019 Y SU CHARANGA \u2018LOS DUENDES\u2019. <\/strong><em>Zona Centro<\/em>. Organiza Pe\u00f1a La Maroma.<\/p><p>\u00a0<\/p><p>19:30 h <strong>FESTIVAL DE DJ\u00b4S GARRAF\u00d3N. <\/strong><em>Paseo de la Avenida Maragatos. <\/em>DISCO FA, Hache DJ, Dani DJ y DJ Huertas. Organiza Pe\u00f1a Garraf\u00f3n.<\/p><p>\u00a0<\/p><p>20:00 h \u00a0<strong>PASACALLES FOLKL\u00d3RICO. <\/strong>Salida desde <em>Casa de la Cultura \u2018La Encomienda\u2019<\/em> hasta Plaza de la Madera.<\/p><p><strong>\u00a0<\/strong><\/p><p>20:30 h <strong>ACTUACI\u00d3N DE FOLKLORE. <\/strong><em>Plaza de la Madera. <\/em>Con la participaci\u00f3n de la \u2018Asociaci\u00f3n Etnogr\u00e1fica Bajo Duero\u2019. Colabora: Diputaci\u00f3n de Zamora.<\/p><p>\u00a0<\/p><p>23:00 h <strong>MACRODISCOTECA SONIDO. <\/strong><em>Plaza Juan Carlos I<\/em>. Organiza Pub Epoka.<\/p><p>\u00a0<\/p><p>00:00 h <strong>PASACALLES CON LA CHARANGA \u2018LOS CHUMACHOS\u2019. <\/strong><em>Calles de la ciudad<\/em>. Organiza \u2018Asociaci\u00f3n No Te Metas\u2019<\/p><\/div>\n\t\t\t\t\t\t\t\t\t<div class=\"elementor-tab-title elementor-tab-mobile-title\" aria-selected=\"false\" data-tab=\"3\" role=\"tab\" tabindex=\"-1\" aria-controls=\"elementor-tab-content-8613\" aria-expanded=\"false\">Domingo 26<\/div>\n\t\t\t\t\t<div id=\"elementor-tab-content-8613\" class=\"elementor-tab-content elementor-clearfix\" data-tab=\"3\" role=\"tabpanel\" aria-labelledby=\"elementor-tab-title-8613\" tabindex=\"0\" hidden=\"hidden\"><p>10:30 h <strong>CHOCOLATADA. <\/strong><em>Sede Gente del Toro (Calle Ronda Rancha)<\/em>. Colabora \u2018Asociaci\u00f3n Taurina Gente del Toro\u2019.<\/p><p>\u00a0<\/p><p>11:30 h <strong>ESCUELAS TAURINAS \u2018GENTE DEL TORO\u2019. <\/strong>Aprende a correr el toro enmaromado y los encierros. <em>Calle del Toril, Ronda Rancha y Plaza de la Madera. Organiza Asociaci\u00f3n Taurina Gente del Toro.<\/em><\/p><p>\u00a0<\/p><p>12:00 h. <strong>\u2018CAGADA DEL MANSO\u2019. <\/strong><em>Plaza de Toros de Benavente<\/em>. Organiza \u2018Asociaci\u00f3n La Reata\u2019. A continuaci\u00f3n, <strong>DESEMBARQUE DE NOVILLOS<\/strong>. Precios populares: 2\u20ac.<\/p><p>\u00a0<\/p><p>13:00 h <strong>APERTURA FOODTRUCKS. <\/strong><em>Paseos de la Mota.<\/em><\/p><p><em>\u00a0<\/em><\/p><p>16:30 h <strong>APERTURA ATRACCIONES INFANTILES. <\/strong><em>Recinto ferial<\/em>. De 16:30 a 17:30 hora de inclusi\u00f3n social.<\/p><p>\u00a0<\/p><p>18:30 h <strong>CONCURSO DE CORTES. <\/strong><em>Plaza de Toros de Benavente<\/em>. Organiza Toro Duero. Venta de entradas en la sede de la ABTE (Asociaci\u00f3n Benaventana del Toro Enmaromado).<\/p><p>\u00a0<\/p><p>19:00 h <strong>BENAVENTE BAILA (FESTIVAL DE BAILE AMATEUR). <\/strong><em>Paseos de la Mota. <\/em>Organiza Escuela de Baile Encarna Due\u00f1as.<\/p><p>\u00a0<\/p><p>21:15 h <strong>CHIQUI ENCIERROS. <\/strong>Recorrido: <em>Toril Viejo, Plaza de San Ant\u00f3n, Calle del Matadero, Calle Herreros, Plaza Santa Mar\u00eda, Plaza de la Madera, finalizando en Calle Ronda Rancha<\/em> (sede local \u2018Gente del Toro\u2019). Dos sueltas, que correr\u00e1n a cargo de la prestigiosa ganader\u00eda \u2018Gente del Toro\u2019. Organiza Asociaci\u00f3n Taurina Gente del Toro.<\/p><\/div>\n\t\t\t\t\t\t\t\t\t<div class=\"elementor-tab-title elementor-tab-mobile-title\" aria-selected=\"false\" data-tab=\"4\" role=\"tab\" tabindex=\"-1\" aria-controls=\"elementor-tab-content-8614\" aria-expanded=\"false\">Lunes 27<\/div>\n\t\t\t\t\t<div id=\"elementor-tab-content-8614\" class=\"elementor-tab-content elementor-clearfix\" data-tab=\"4\" role=\"tabpanel\" aria-labelledby=\"elementor-tab-title-8614\" tabindex=\"0\" hidden=\"hidden\"><p>13:00 h <strong>APERTURA DE FOODTRUCKS. <\/strong><em>Paseos de la Mota.<\/em><\/p><p><em>\u00a0<\/em><\/p><p>16:30 h <strong>APERTURA ATRACCIONES INFANTILES. <\/strong><em>Recinto ferial<\/em>. De 16:30 a 17:30 hora de inclusi\u00f3n social.<\/p><p>\u00a0<\/p><p>18:00 h\u00a0<span style=\"font-weight: bolder;\">VERBENA TAURINA.\u00a0<\/span><em>Plaza de Toros de Benavente<\/em>. Disco M\u00f3vil Horizon.<\/p><p>\u00a0<\/p><p>19:00 H <strong>IX CONCURSO DE BOTA. <\/strong><em>Pe\u00f1a NTE. <\/em>Organiza Pe\u00f1a No Te Embales.<\/p><p>\u00a0<\/p><p>20:00 h <strong>CHUPINAZO. <\/strong><em>Plaza Mayor de Benavente. <\/em>Inauguraci\u00f3n de las Fiestas del Toro Enmaromado 2024con disparo de un cohete anunciador.<\/p><p>\u00a0<\/p><p>20:30 h <strong>DESFILE INAUGURAL DE LAS FIESTAS<\/strong><\/p><p><em>Recorrido: Plaza de San Juan, Calle del Hospital, Calle Herreros, Plaza de Santa Mar\u00eda, Plaza de la Madera, Calle Candil, Calle Sancti Sp\u00edritus, Plaza Juan Carlos I, Calle Doctor Garc\u00eda Mu\u00f1oz, Plaza de Santa Mar\u00eda, Calle La R\u00faa. Finaliza en Corrillo de San Nicol\u00e1s.<\/em><\/p><p><em>\u00a0<\/em><\/p><p>00:00 h <strong>CONCIERTO DE \u00c1NGEL SEVILLA. <\/strong><em>Barrio del Toril. \u00a0<\/em>Durante el concierto se obsequiar\u00e1 con pastas y sangr\u00eda. Colabora ABTE \u2018Asociaci\u00f3n Benaventana del Toro Enmaromado\u2019.<\/p><p>\u00a0<\/p><p>00:00 h <strong>IX CONCURSO DE BIGOTES. <\/strong><em>Pe\u00f1a NTE. <\/em>Organiza Pe\u00f1a No Te Embales.<\/p><p>\u00a0<\/p><p>00:30 h <strong>PASACALLES. <\/strong><em>Calles de la ciudad. \u00a0<\/em>Las pe\u00f1as con sus charangas animar\u00e1n la primera noche de fiestas.<\/p><p>\u00a0<\/p><p>01:30 h <strong>DISCOTECA M\u00d3VIL. <\/strong><em>Pe\u00f1a NTE (Paseos de la Mota)<\/em>. DISCO FA \u2018La discoteca del amor\u2019. Organiza Pe\u00f1a No Te Embales.<\/p><\/div>\n\t\t\t\t\t\t\t\t\t<div class=\"elementor-tab-title elementor-tab-mobile-title\" aria-selected=\"false\" data-tab=\"5\" role=\"tab\" tabindex=\"-1\" aria-controls=\"elementor-tab-content-8615\" aria-expanded=\"false\">Martes 28<\/div>\n\t\t\t\t\t<div id=\"elementor-tab-content-8615\" class=\"elementor-tab-content elementor-clearfix\" data-tab=\"5\" role=\"tabpanel\" aria-labelledby=\"elementor-tab-title-8615\" tabindex=\"0\" hidden=\"hidden\"><p>12:00 h <strong>JUEGOS TRADICIONALES. <\/strong>D\u00eda Internacional del Juego. <em>Paseos de la Mota<\/em>. Se obsequiar\u00e1 con pastas y sangr\u00eda.<\/p><p>\u00a0<\/p><p>12:30 h <strong>PASACALLES. <\/strong><em>Zona centro<\/em>. Con la Pe\u00f1a San Isidro y su charanga \u2018La Nota\u2019.<\/p><p>\u00a0<\/p><p>13:00 h <strong>APERTURA DE FOODTRUCKS. <\/strong><em>Paseos de la Mota.<\/em><\/p><p>\u00a0<\/p><p>16:30 h <strong>APERTURA ATRACCIONES INFANTILES. <\/strong><em>Recinto ferial<\/em>. De 16:30 a 17:30 hora de inclusi\u00f3n social.<\/p><p>\u00a0<\/p><p>17:00 h <strong>GRAND PRIX. <\/strong><em>Plaza de Toros de Benavente.<\/em> Organiza Pe\u00f1a No Te Embales. Venta de entradas en Pub Epoka, Pub Garden, Embutidos Mu\u00f1oz, Zapater\u00eda IKE y Pe\u00f1a NTE. Precio 4 \u20ac.<\/p><p>\u00a0<\/p><p>19:30 h <strong>LLEGADA A LA CIUDAD DE \u2018COMEDIANTE\u2019 TORO ENMAROMADO 2024 Y TORITO DEL ALBA \u2018CUERVA\u2019. <\/strong>Las pe\u00f1as les recibir\u00e1n en la Avenida Maragatos. A continuaci\u00f3n, desfile de pe\u00f1as. Recorrido: <em>Avenida Maragatos, Calle Herreros, Plaza Santa Mar\u00eda, Calle Doctor Garc\u00eda Mu\u00f1oz, Plaza Juan Carlos I, Calle Santi Sp\u00edritus, finalizando en la Plaza de la Madera<\/em>. Las pe\u00f1as seguir\u00e1n amenizando la tarde por las calles de la ciudad.<\/p><p>\u00a0<\/p><p>20:30 h <strong>VISITA A \u2018COMEDIANTE\u2019. <\/strong><em>Instalaciones del Toril.<\/em> Horario de 20:30 a 22:30 h. Como novedad se podr\u00e1 ver a \u2018Comediante\u2019 y al torito del alba \u2018Cuerva\u2019.<\/p><p>\u00a0<\/p><p>21:15 h <strong>CHIQUI ENCIERROS. <\/strong>Recorrido: <em>Toril Viejo, Plaza de San Ant\u00f3n, Calle del Matadero, Calle Herreros, Plaza Santa Mar\u00eda, Plaza de la Madera, finalizando en Ronda Rancha<\/em> (sede local Gente del Toro). Dos sueltas, Organiza: Asociaci\u00f3n Taurina Gente del Toro.<\/p><p>\u00a0<\/p><p>23:00 h <strong>CONCIERTO \u2018GRUPO UNDERWALLACE\u2019. <\/strong><em>Escenario Plaza de la Madera.<\/em><\/p><p>\u00a0<\/p><p>00:30 h <strong>LAS PE\u00d1AS SALEN A LAS CALLES<\/strong><\/p><p>\u00a0<\/p><p>01:00 h. <strong>DESFILE OFICIAL DE PE\u00d1AS. <\/strong>Recorrido: <em>Plaza Mayor, Calle Encomienda, Plaza de San Juan, Calle Herreros, Plaza Santa Mar\u00eda, Calle Doctor Garc\u00eda Mu\u00f1oz, Plaza Juan Carlos I, Calle Sancti Sp\u00edritus, Calle Santa Rosa, Calle Sinoga, Calle Cuesta del R\u00edo finalizando en la Mota Vieja. <\/em>Nuestras Pe\u00f1as con su m\u00fasica abrir\u00e1n la noche m\u00e1s esperada de Benavente.<\/p><p>\u00a0<\/p><p>01:00 h <strong>CONCIERTO GRUPO \u2018INSOMNIO\u2019. <\/strong><em>Plaza de la Madera.<\/em><\/p><\/div>\n\t\t\t\t\t\t\t\t\t<div class=\"elementor-tab-title elementor-tab-mobile-title\" aria-selected=\"false\" data-tab=\"6\" role=\"tab\" tabindex=\"-1\" aria-controls=\"elementor-tab-content-8616\" aria-expanded=\"false\">Mi\u00e9rcoles 29<\/div>\n\t\t\t\t\t<div id=\"elementor-tab-content-8616\" class=\"elementor-tab-content elementor-clearfix\" data-tab=\"6\" role=\"tabpanel\" aria-labelledby=\"elementor-tab-title-8616\" tabindex=\"0\" hidden=\"hidden\"><p>09:30 h <strong>PRIMERA BOMBA<\/strong><\/p><p><strong>\u00a0<\/strong><\/p><p>09:45 h <strong>SEGUNDA BOMBA<\/strong><\/p><p><strong>\u00a0<\/strong><\/p><p>10:00 h <strong>TERCERA BOMBA. SALIDA DEL TORO DEL ALBA \u2018CUERVA\u2019. <\/strong>De la Ganader\u00eda Antonio L\u00f3pez Guibaja. N\u00ba 606. Ver recorrido. Suerte vista y respeta las normas de la carrera.<\/p><p><strong>\u00a0<\/strong><\/p><p>10:30 h <strong>VISITA A \u2018COMEDIANTE\u2019 TORO ENMAROMADO 2024. <\/strong><em>Instalaciones del Toril<\/em>. Horario de 10:30 a 13:30 h.<\/p><p>\u00a0<\/p><p>11:15 h <strong>GRAN CHOCOLATADA. <\/strong><em>Paseos de la Mota<\/em>. Colabora Parador Nacional de Turismo Fernando II.<\/p><p>\u00a0<\/p><p>12:00 h <strong>PARQUE INFANTIL ELIAS PARK. <\/strong><em>Paseos de la Mota.<\/em><\/p><p>\u00a0<\/p><p>12:30 h <strong>REVOLERAS DE COLORES A CARGO DE MER FIDALGO. <\/strong><em>Paseos de la Mota<\/em>. Taller infantil de dibujo (A partir de 6 a\u00f1os). Inscripci\u00f3n previa en la Oficina de Turismo hasta el d\u00eda 24 de mayo.<\/p><p>\u00a0<\/p><p>13:00 h <strong>VERMUT. <\/strong><em>Calles de la ciudad<\/em>. Acomp\u00e1\u00f1anos de vinos con la Charanga \u2018Los Chumachos\u2019.<\/p><p>\u00a0<\/p><p>13:00 h <strong>APERTURA DE FOODTRUCKS. <\/strong><em>Paseos de la Mota.<\/em><\/p><p>\u00a0<\/p><p>16:30 h <strong>APERTURA ATRACCIONES INFANTILES. <\/strong><em>Recinto ferial<\/em>. De 16:30 a 17:30 hora de inclusi\u00f3n social.<\/p><p>\u00a0<\/p><p>18:15 h <strong>DESFILE DE PE\u00d1AS. <\/strong><em>Recorrido: Paseos de la Mota, Plaza de Juan Carlos I, Calle Dr. Garc\u00eda Mu\u00f1oz, Plaza Sta. Mar\u00eda, Calle La R\u00faa, Pasaje de las Guindas, Plaza Mayor, Calle de las Cortes Leonesas, Calle de los Herreros, Calle del Matadero, Calle San Ant\u00f3n, finalizando en Plaza San Ant\u00f3n.<\/em><\/p><p><em>\u00a0<\/em><\/p><p>19:00 h <strong>PRIMERA BOMBA<\/strong><\/p><p>\u00a0<\/p><p>19:15 h <strong>SEGUNDA BOMBA<\/strong><\/p><p>\u00a0<\/p><p>19:30 h <strong>TERCERA BOMBA. SALIDA DEL TORO ENMAROMADO 2024 \u2018COMEDIANTE\u2019.<\/strong>N.87 de la Ganader\u00eda de Zalduendo. Suerte, vista y al Toro. Respete las normas de la carrera (Ver recorrido). Recuperaci\u00f3n del toque tradicional de campana del reloj de la villa.<\/p><p>* A la salida del Toro Enmaromado y recuperando la antiqu\u00edsima tradici\u00f3n, sonar\u00e1n como anta\u00f1o las campanas del reloj de la Iglesia de Santa Mar\u00eda al toque de la suelta, como modo de apercibir al personal de que el astado ya se encuentra en las calles benaventanas. Colabora: Asociaci\u00f3n Cultural \u201cCampaneros Zamoranos\u201d.<\/p><p>A la finalizaci\u00f3n de la carrera del Toro Enmaromado, <strong>ACTUACI\u00d3N FLAMENCA \u2018LA KEKA\u2019<\/strong>. <em>Paseos de Soledad Gonz\u00e1lez<\/em>. Organiza Pub Epoka.<\/p><p>\u00a0<\/p><p>21:30 h <strong>PASACALLES. <\/strong><em>Calles de la ciudad. <\/em>Las Pe\u00f1as y sus charangas animar\u00e1n las calles de la ciudad. *Las Pe\u00f1as Argolla y Garraf\u00f3n alargar\u00e1n y animar\u00e1n hasta la madrugada.<\/p><p>\u00a0<\/p><p>22:30 h <strong>NOCHE DE CONCIERTOS. <\/strong><em>Escenario Plaza Mayor de Benavente.<\/em> Concierto gratuito. Grupo revelaci\u00f3n pop del momento. <strong>ADRI\u00c1N LORENZO<\/strong>.<\/p><p>\u00a0<\/p><p>00:15 h <strong>OBK EN CONCIERTO. <\/strong><em>Escenario Plaza Mayor de Benavente<\/em>. Concierto gratuito.<\/p><p>\u00a0<\/p><p>00:30 h <strong>PASACALLES. <\/strong>Las pe\u00f1as y sus charangas animan la tercera noche de las fiestas.<\/p><\/div>\n\t\t\t\t\t\t\t\t\t<div class=\"elementor-tab-title elementor-tab-mobile-title\" aria-selected=\"false\" data-tab=\"7\" role=\"tab\" tabindex=\"-1\" aria-controls=\"elementor-tab-content-8617\" aria-expanded=\"false\">Jueves 30<\/div>\n\t\t\t\t\t<div id=\"elementor-tab-content-8617\" class=\"elementor-tab-content elementor-clearfix\" data-tab=\"7\" role=\"tabpanel\" aria-labelledby=\"elementor-tab-title-8617\" tabindex=\"0\" hidden=\"hidden\"><p>12:00 h <strong>VISITA A LA RESIDENCIA DE MAYORES \u2018EL CORRILLO\u2019 A CARGO DE LA PE\u00d1A GARRAF\u00d3N Y SU CHARANGA \u2018PASO DOBLE\u2019. <\/strong><em>Residencia Jard\u00edn El Corrillo (Pasaje San Nicol\u00e1s)<\/em>. Colabora Pe\u00f1a Garraf\u00f3n.<\/p><p>\u00a0<\/p><p>12:00 h <strong>VISITA AL HOGAR DEL JUBILADO A CARGO DE LA PE\u00d1A LA MAROMA Y SU CHARANGA \u2018MAN\u00cdA\u2019. <\/strong><em>Cuesta del Hospital.<\/em> Colabora Pe\u00f1a La Maroma.<\/p><p>\u00a0<\/p><p>12:00 h. <strong>VISITA A LA RESIDENCIA MIXTA LOS VALLES A CARGO DE LA PE\u00d1A POPEYE Y SU CHARANGA \u2018CUBALIBRE\u2019. <\/strong><em>Residencia Mixta de Benavente \u2018Los Valles\u2019<\/em>. Colabora Pe\u00f1a Popeye.<\/p><p>\u00a0<\/p><p>12:30 h <strong>JUEGOS TRADICIONALES TRANSMITIDOS POR NUESTROS MAYORES. <\/strong><em>Paseos de la Mota<\/em>.<\/p><p>\u00a0<\/p><p>13:00 h <strong>APERTURA DE FOODTRUCKS.<\/strong><em>Paseos de la Mota.<\/em><\/p><p>\u00a0<\/p><p>13:00 h <strong>BAILE VERMUT PARA NUESTROS MAYORES. <\/strong><em>Escenario Paseos de la Mota<\/em>. A cargo de las Pe\u00f1as Popeye, Toril, Maroma, Parid\u00f3n, Badenes y Garraf\u00f3n. Durante el baile reparto de sangr\u00eda y pastas. Despu\u00e9s las pe\u00f1as se ir\u00e1n de vinos.<\/p><p>\u00a0<\/p><p>13:30 h <strong>VII CAMPEONATO DE RANA. <\/strong><em>Pe\u00f1a NTE. <\/em>Organiza Pe\u00f1a No Te Embales.<\/p><p>\u00a0<\/p><p>16:30 h <strong>APERTURA ATRACCIONES INFANTILES. <\/strong><em>Recinto ferial<\/em>. De 16:30 a 17:30 hora de inclusi\u00f3n social.<\/p><p>\u00a0<\/p><p>18:30 h <strong>XVII VACA DE LA SANGR\u00cdA. <\/strong><em>Vallado Urbano<\/em>. Salida <em>Calle Sancti Sp\u00edritus<\/em>. Nombre: Lagartija. N\u00ba 174. Ganader\u00eda Ignacio L\u00f3pez Chaves. Organiza \u2018Pe\u00f1a No Te Embales\u2019.<\/p><p>\u00a0<\/p><p>19:00 h <strong>TRIBUTOS \u2018EN FEMENINO\u2019. <\/strong><em>Escenario Paseos de la Mota. <\/em>Tributo \u2018Noches de Roc\u00edo Jurado\u2019.<\/p><p>\u00a0<\/p><p>19:30 h <strong>TORO DEL CORPUS. <\/strong><em>Vallado urbano<\/em>. Suelta desde caj\u00f3n. Nombre: Barba Azul. N\u00ba.8. Ganader\u00eda: Rekagorri. Organiza \u2018Asociaci\u00f3n La Reata\u2019.<\/p><p>\u00a0<\/p><p>20:30 h <strong>ENCIERRO DE NOVILLOS. <\/strong><em>Vallado urbano<\/em>. Recorrido de ida y vuelta. Se correr\u00e1n los novillos de la ganader\u00eda \u2018Ave Mar\u00eda\u2019.<\/p><p>\u00a0<\/p><p>20:45 h <strong>CHIQUI BUEYES. <\/strong><em>Calle Sancti Sp\u00edritus. Vallado urbano. <\/em>Colabora \u2018Charamandanga\u2019.<\/p><p>\u00a0<\/p><p>23:00 h <strong>VERBENA. <\/strong><em>Escenario Plaza de la Madera.<\/em> <strong>LA REINA SHOW.<\/strong><\/p><p><strong>\u00a0<\/strong><\/p><p>00:30 h <strong>PASACALLES. <\/strong>Las pe\u00f1as y sus charangas acompa\u00f1ar\u00e1n por las calles de la ciudad.<\/p><\/div>\n\t\t\t\t\t\t\t\t\t<div class=\"elementor-tab-title elementor-tab-mobile-title\" aria-selected=\"false\" data-tab=\"8\" role=\"tab\" tabindex=\"-1\" aria-controls=\"elementor-tab-content-8618\" aria-expanded=\"false\">Viernes 31<\/div>\n\t\t\t\t\t<div id=\"elementor-tab-content-8618\" class=\"elementor-tab-content elementor-clearfix\" data-tab=\"8\" role=\"tabpanel\" aria-labelledby=\"elementor-tab-title-8618\" tabindex=\"0\" hidden=\"hidden\"><p>12:00 h <strong>VISITA A LA RESIDENCIA \u2018CIUDAD DE BENAVENTE\u2019 A CARGO DE LA PE\u00d1A EL TORIL Y SU CHARANGA \u2018QUELOQUESBAND\u2019. <\/strong><em>Residencia \u2018Ciudad de Benavente\u2019<\/em>. Colabora Pe\u00f1a El Toril.<\/p><p>\u00a0<\/p><p>13:00 h <strong>BAILE VERMUT. <\/strong><em>Escenario Paseos de la Mota<\/em>. Amenizado por las Pe\u00f1as Argolla, Garraf\u00f3n, Malgrat y Trevinca. Durante el baile se repartir\u00e1n pastas y refrescos. Despu\u00e9s las pe\u00f1as se ir\u00e1n de vinos.<\/p><p>\u00a0<\/p><p>13:00 h <strong>APERTURA DE FOODTRUCKS. <\/strong><em>Paseos de la Mota.<\/em><\/p><p><em>\u00a0<\/em><\/p><p>16:30 h <strong>APERTURA ATRACCIONES INFANTILES. <\/strong><em>Recinto ferial<\/em>. De 16:30 a 17:30 hora de inclusi\u00f3n social.<\/p><p>\u00a0<\/p><p>18:00 h <strong>TALLER PINTA CARAS. <\/strong><em>Paseos de la Mota. <\/em>Organiza: Foodtrucks<\/p><p>\u00a0<\/p><p>18:30 h <strong>TOROS DE CAJ\u00d3N DE LOS CONDES DUQUES. <\/strong><em>Vallado urbano<\/em>. 1er. Toro. Nombre: Bondadoso, N\u00ba6. \u00a0Ganader\u00eda: Taurovemar. 2\u00ba Toro.\u00a0 Nombre:\u00a0 Espa\u00f1ol. N\u00ba10. Ganader\u00eda: Pedro Caminero. Organiza \u2018Asociaci\u00f3n Charamandanga\u2019.<\/p><p>\u00a0<\/p><p>19:00 h <strong>TRIBUTOS \u2018EN FEMENINO\u2019. <\/strong><em>Escenario Paseos de la Mota. <\/em>Tributo \u2018Yo soy Isabel\u2019.<\/p><p>\u00a0<\/p><p>20:00 h <strong>CHARANGA TOUR MAHOU 5 ESTRELLAS. <\/strong><em>Zona Centro.<\/em><\/p><p><strong>\u00a0<\/strong><\/p><p>20:30 h <strong>ENCIERRO DE NOVILLOS. <\/strong><em>Vallado urbano<\/em>. Recorrido de ida y vuelta. Se correr\u00e1n los novillos de la ganader\u00eda \u2018Ave Mar\u00eda\u2019.<\/p><p>\u00a0<\/p><p>20:45 h <strong>CHIQUI BUEYES. <\/strong><em>Calle Sancti Sp\u00edritus. Vallado urbano. <\/em>Colabora \u2018ABTE\u2019.<\/p><p>\u00a0<\/p><p>22:00 h <strong>CONCIERTO \u2018GRUPO INDECENTES\u2019. <\/strong><em>Escenario Plaza de la Madera.<\/em><\/p><p><em>\u00a0<\/em><\/p><p>23:30 h <strong>V BEER-SANGR\u00cdA PONG. <\/strong><em>Pe\u00f1a NTE.<\/em> Organiza Pe\u00f1a No Te Embales.<\/p><p>\u00a0<\/p><p>00:00 h <strong>NOCHE DEL FUEGO CON EL ESPECT\u00c1CULO \u2018DAMONION\u2019. <\/strong>Recorrido: <em>Plaza de la Madera, Calle Candil, Calle Sancti Sp\u00edritus, Calle Santa Rosa, Calle Sinoga, Calle Cuesta del R\u00edo, Plaza Juan Carlos I, Calle de la Mota, finalizando en los Paseos de la Mota. <\/em><\/p><p>A cargo de la compa\u00f1\u00eda ANIMARTS PRODUCCIONES. Se recomienda a los participantes el uso de ropa vaquera y gorra. * Ni la organizaci\u00f3n ni ANIMARTS PRODUCCIONES se hacen responsables de cualquier percance que pudiera ocurrir.<\/p><p><em>\u00a0<\/em><\/p><p>00:30 h <strong>PASACALLES. <\/strong>Las pe\u00f1as y sus charangas acompa\u00f1ar\u00e1n por las calles de la ciudad.<\/p><p>\u00a0<\/p><p>01:00 h <strong>ACTUACI\u00d3N DEL GRUPO \u2018SALVAJEX\u2019. <\/strong><em>Escenario Plaza de la Madera.<\/em><\/p><\/div>\n\t\t\t\t\t\t\t\t\t<div class=\"elementor-tab-title elementor-tab-mobile-title\" aria-selected=\"false\" data-tab=\"9\" role=\"tab\" tabindex=\"-1\" aria-controls=\"elementor-tab-content-8619\" aria-expanded=\"false\">S\u00e1bado 1<\/div>\n\t\t\t\t\t<div id=\"elementor-tab-content-8619\" class=\"elementor-tab-content elementor-clearfix\" data-tab=\"9\" role=\"tabpanel\" aria-labelledby=\"elementor-tab-title-8619\" tabindex=\"0\" hidden=\"hidden\"><p>10:00h <strong>GRAN TIRADA AL PLATO<\/strong> &#8211; XXVIII GRAN PREMIO CIUDAD DE BENAVENTE \u2018TORO ENMAROMADO\u2019<br \/>Club de\u00a0Tiro\u00a0\u2018El\u00a0Jaral\u2019<\/p><p>11:00 h <strong>LLEGADA DEL TORITO DEL ALBA \u2018APACIBLE\u2019. <\/strong>Como novedad se podr\u00e1 visitar a en el <em>Toril<\/em>.<\/p><p>11:00 h <strong>VISITA GUIADA \u2018DEJATE LLEVAR\u2019. <\/strong><em>Salida<\/em> <em>Plaza Mayor<\/em>. Inscripci\u00f3n previa obligatoria en la Oficina de Turismo. Plazas limitadas. Colabora: Diputaci\u00f3n de Zamora.<\/p><p>11:30 h <strong>REVOLERAS DE COLORES A CARGO DE MER FIDALGO. <\/strong><em>Paseos de la Mota<\/em>. Taller infantil de dibujo (A partir de 6 a\u00f1os). Inscripci\u00f3n previa en la Oficina de Turismo hasta el d\u00eda 24 de mayo.<\/p><p>12:00 h <strong>PRESENTACI\u00d3N DE LA DISCIPLINA DE EQUITACI\u00d3N DE TRABAJO. <\/strong><em>Plaza de Toros de Benavente<\/em>. A cargo del Equipo de Castilla y Le\u00f3n.<\/p><p>13:00 h <strong>BAILE VERMUT. <\/strong><em>Paseos de la Mota<\/em>. Amenizado por las Pe\u00f1as San Isidro y Te Ayudo Yo Valiente. Durante el baile reparto se repartir\u00e1n pastas y sangr\u00eda. Despu\u00e9s las pe\u00f1as se ir\u00e1n de vinos.<\/p><p>13:00 h <strong>ENCIERRO URBANOS CON TOROS HINCHABLES. <\/strong>Recorrido:\u00a0 <em>Salida Toril Viejo, Calle San Ant\u00f3n, Calle Matadero, Calle Herreros, Calle de las Cortes Leonesas, Plaza Mayor, Pasaje de las Guindas, Calle La R\u00faa, Plaza Santa Mar\u00eda, Plaza la Madera, Calle Sancti Sp\u00edritus, Plaza Juan Carlos I, Calle de la Mota finalizando en los Paseos de la Mota.<\/em> \u00a0Colabora: ABTE \u2018Asociaci\u00f3n Benaventana del Toro Enmaromado\u2019.<\/p><p>13:00 h <strong>APERTURA DE FOODTRUCKS. <\/strong><em>Paseos de la Mota.<\/em><\/p><p><em>\u00a0<\/em><\/p><p>13:00 h <strong>CHARANGA TOUR MAHOU 5 ESTRELLAS. <\/strong><em>Zona centro.<\/em><\/p><p>16:30 h <strong>APERTURA ATRACCIONES INFANTILES. <\/strong><em>Recinto ferial<\/em>. De 16:30 a 17:30 hora de inclusi\u00f3n social.<\/p><p>16:30 h <strong>TARDEO DJ MAHOU 5 ESTRELLAS. <\/strong><em>Calle Sancti Sp\u00edritus (Zona centro)<\/em><\/p><p>18:15 h <strong>DESFILE DE PE\u00d1AS. <\/strong><em>Recorrido: Paseos de la Mota, Plaza de Juan Carlos I, Calle Dr. Garc\u00eda Mu\u00f1oz, Plaza Sta. Mar\u00eda, Calle La R\u00faa, Pasaje de las Guindas, Plaza Mayor, Calle de las Cortes Leonesas, Calle de los Herreros, Calle del Matadero, Calle San Ant\u00f3n, finalizando en Plaza San Ant\u00f3n.<\/em><\/p><p>19:00 h <strong>PRIMERA BOMBA<\/strong><\/p><p>19:15 h <strong>SEGUNDA BOMBA<\/strong><\/p><p>19:30 h <strong>TERCERA BOMBA. SALIDA DEL TORITO DEL ALBA \u2018APACIBLE\u2019. <\/strong>N.33 de la Ganader\u00eda Gerardo Ortega. Suerte, vista y al Toro. Respete las normas de la carrera (Ver recorrido). Recuperaci\u00f3n del toque tradicional de campana del reloj de la villa.<\/p><p>* A la salida del Toro Enmaromado y recuperando la antiqu\u00edsima tradici\u00f3n, sonar\u00e1n como anta\u00f1o las campanas del reloj de la Iglesia de Santa Mar\u00eda al toque de la suelta, como modo de apercibir al personal de que el astado ya se encuentra en las calles benaventanas. Colabora: Asociaci\u00f3n Cultural \u201cCampaneros Zamoranos\u201d.<\/p><p>20:30 h <strong>PASACALLES CON LA PE\u00d1A TAHITAN MANITU Y LA CHARANGA \u20184 GATOS\u2019. <\/strong><em>Zona Centro. <\/em>Organiza Pe\u00f1a Tahitan Manitu.<\/p><p><em>\u00a0<\/em><\/p><p>01:30 h <strong>GRAN ACTUACI\u00d3N DE LA ORQUESTA PANORAMA. <\/strong><em>Recinto Ferial. Mercado de Ganado.<\/em><\/p><p>A la finalizaci\u00f3n de la Orquesta Panorama comenzar\u00e1 la <strong>MACRODISCOTECA \u2018LEVEL 8\u2019<\/strong> en el <em>Mercado de Ganado.<\/em><\/p><p>01:00 h <strong>DESFILE DE RETRETA. <\/strong>Las pe\u00f1as se re\u00fanen en la Plaza Mayor y realizar\u00e1n el \u00faltimo desfile con el siguiente recorrido: <em>Plaza Mayor, Calle Encomienda, Plazuela de San Juan, Calle Herreros, Plaza Santa Mar\u00eda, Calle Doctor Garc\u00eda Mu\u00f1oz, Plaza Juan Carlos I, Calle Sancti Sp\u00edritus y llegada a la Plaza de la Madera<\/em> donde se despedir\u00e1n tocando conjuntamente el \u2018Amigo conmigo vente\u2019.<\/p><p>*Se recupera este a\u00f1o la Tradicional Retreta con la que se apuraban antiguamente las \u00faltimas horas de fiesta.<\/p><\/div>\n\t\t\t\t\t\t\t\t\t<div class=\"elementor-tab-title elementor-tab-mobile-title\" aria-selected=\"false\" data-tab=\"10\" role=\"tab\" tabindex=\"-1\" aria-controls=\"elementor-tab-content-86110\" aria-expanded=\"false\">Domingo 2<\/div>\n\t\t\t\t\t<div id=\"elementor-tab-content-86110\" class=\"elementor-tab-content elementor-clearfix\" data-tab=\"10\" role=\"tabpanel\" aria-labelledby=\"elementor-tab-title-86110\" tabindex=\"0\" hidden=\"hidden\"><p>16:30 h <strong>APERTURA ATRACCIONES INFANTILES. <\/strong><em>Recinto ferial<\/em>. De 16:30 a 17:30 hora de inclusi\u00f3n social.<\/p><p>\u00a0<\/p><p>18:00 h <strong>RACING CLUB BENAVENTE \u2013 NONAME F.C. <\/strong><em>Campo de f\u00fatbol \u2018Alonso Pimentel\u2019. <\/em><\/p><p>\u00a0<\/p><p>19:00 h <strong>SANTA MISA. <\/strong><em>Iglesia de Santa Mar\u00eda<\/em>. A continuaci\u00f3n, Solemne procesi\u00f3n del Corpus Cristi. Previo o al final de la procesi\u00f3n se ejecutar\u00e1n \u201cDanzas de Paloteo\u201d, que fueron en su origen propias de la procesi\u00f3n del Corpus. Colabora \u2018Grupo de Paloteos del I.E.S. Los Sauces\u2019.<\/p><p>\u00a0<\/p><p>23:00 h <strong>FIN DE FIESTAS. <\/strong>Bomba anunciadora dando por finalizadas las fiestas.<\/p><\/div>\n\t\t\t\t\t\t\t<\/div>\n\t\t<\/div>\n\t\t\t\t\t\t<\/div>\n\t\t\t\t<\/div>\n\t\t\t\t<div class=\"elementor-element elementor-element-b104d2a elementor-align-center elementor-widget elementor-widget-button\" data-id=\"b104d2a\" data-element_type=\"widget\" data-e-type=\"widget\" data-widget_type=\"button.default\">\n\t\t\t\t<div class=\"elementor-widget-container\">\n\t\t\t\t\t\t\t\t\t<div class=\"elementor-button-wrapper\">\n\t\t\t\t\t<a class=\"elementor-button elementor-button-link elementor-size-sm elementor-animation-float\" href=\"https:\/\/toroenmaromado.es\/wp-content\/uploads\/2024\/05\/WEB_BENAVENTE_TOROENMAROMADO_2024_09PUBLI.pdf\" target=\"_blank\">\n\t\t\t\t\t\t<span class=\"elementor-button-content-wrapper\">\n\t\t\t\t\t\t<span class=\"elementor-button-icon\">\n\t\t\t\t<i aria-hidden=\"true\" class=\"fas fa-angle-right\"><\/i>\t\t\t<\/span>\n\t\t\t\t\t\t\t\t\t<span class=\"elementor-button-text\">Programa completo en PDF<\/span>\n\t\t\t\t\t<\/span>\n\t\t\t\t\t<\/a>\n\t\t\t\t<\/div>\n\t\t\t\t\t\t\t\t<\/div>\n\t\t\t\t<\/div>\n\t\t\t\t\t<\/div>\n\t\t<\/div>\n\t\t\t\t\t<\/div>\n\t\t<\/section>\n\t\t\t\t<section class=\"elementor-section elementor-top-section elementor-element elementor-element-8a38596 elementor-section-boxed elementor-section-height-default elementor-section-height-default\" data-id=\"8a38596\" data-element_type=\"section\" data-e-type=\"section\" data-settings=\"{&quot;background_background&quot;:&quot;slideshow&quot;,&quot;background_slideshow_gallery&quot;:[],&quot;background_slideshow_loop&quot;:&quot;yes&quot;,&quot;background_slideshow_slide_duration&quot;:5000,&quot;background_slideshow_slide_transition&quot;:&quot;fade&quot;,&quot;background_slideshow_transition_duration&quot;:500}\">\n\t\t\t\t\t\t\t<div class=\"elementor-background-overlay\"><\/div>\n\t\t\t\t\t\t\t<div class=\"elementor-container elementor-column-gap-default\">\n\t\t\t\t\t<div class=\"elementor-column elementor-col-100 elementor-top-column elementor-element elementor-element-5709bde\" data-id=\"5709bde\" data-element_type=\"column\" data-e-type=\"column\">\n\t\t\t<div class=\"elementor-widget-wrap elementor-element-populated\">\n\t\t\t\t\t\t<div class=\"elementor-element elementor-element-f9472ce elementor-widget elementor-widget-text-editor\" data-id=\"f9472ce\" data-element_type=\"widget\" data-e-type=\"widget\" data-widget_type=\"text-editor.default\">\n\t\t\t\t<div class=\"elementor-widget-container\">\n\t\t\t\t\t\t\t\t\t<p>\u00a1Comparte el Programa de Fiestas para que nadie se lo pierda!<\/p>\t\t\t\t\t\t\t\t<\/div>\n\t\t\t\t<\/div>\n\t\t\t\t<div class=\"elementor-element elementor-element-43fad78 elementor-share-buttons--view-icon elementor-share-buttons--skin-boxed elementor-share-buttons--shape-rounded elementor-share-buttons--color-custom elementor-grid-0 elementor-widget elementor-widget-share-buttons\" data-id=\"43fad78\" data-element_type=\"widget\" data-e-type=\"widget\" data-widget_type=\"share-buttons.default\">\n\t\t\t\t<div class=\"elementor-widget-container\">\n\t\t\t\t\t\t\t<div class=\"elementor-grid\" role=\"list\">\n\t\t\t\t\t\t\t\t<div class=\"elementor-grid-item\" role=\"listitem\">\n\t\t\t\t\t\t<div class=\"elementor-share-btn elementor-share-btn_facebook\" role=\"button\" tabindex=\"0\" aria-label=\"Compartir en facebook\">\n\t\t\t\t\t\t\t\t\t\t\t\t\t\t\t<span class=\"elementor-share-btn__icon\">\n\t\t\t\t\t\t\t\t<i class=\"fab fa-facebook\" aria-hidden=\"true\"><\/i>\t\t\t\t\t\t\t<\/span>\n\t\t\t\t\t\t\t\t\t\t\t\t\t\t\t\t\t\t\t\t<\/div>\n\t\t\t\t\t<\/div>\n\t\t\t\t\t\t\t\t\t<div class=\"elementor-grid-item\" role=\"listitem\">\n\t\t\t\t\t\t<div class=\"elementor-share-btn elementor-share-btn_twitter\" role=\"button\" tabindex=\"0\" aria-label=\"Compartir en twitter\">\n\t\t\t\t\t\t\t\t\t\t\t\t\t\t\t<span class=\"elementor-share-btn__icon\">\n\t\t\t\t\t\t\t\t<i class=\"fab fa-twitter\" aria-hidden=\"true\"><\/i>\t\t\t\t\t\t\t<\/span>\n\t\t\t\t\t\t\t\t\t\t\t\t\t\t\t\t\t\t\t\t<\/div>\n\t\t\t\t\t<\/div>\n\t\t\t\t\t\t\t\t\t<div class=\"elementor-grid-item\" role=\"listitem\">\n\t\t\t\t\t\t<div class=\"elementor-share-btn elementor-share-btn_whatsapp\" role=\"button\" tabindex=\"0\" aria-label=\"Compartir en whatsapp\">\n\t\t\t\t\t\t\t\t\t\t\t\t\t\t\t<span class=\"elementor-share-btn__icon\">\n\t\t\t\t\t\t\t\t<i class=\"fab fa-whatsapp\" aria-hidden=\"true\"><\/i>\t\t\t\t\t\t\t<\/span>\n\t\t\t\t\t\t\t\t\t\t\t\t\t\t\t\t\t\t\t\t<\/div>\n\t\t\t\t\t<\/div>\n\t\t\t\t\t\t\t\t\t<div class=\"elementor-grid-item\" role=\"listitem\">\n\t\t\t\t\t\t<div class=\"elementor-share-btn elementor-share-btn_telegram\" role=\"button\" tabindex=\"0\" aria-label=\"Compartir en telegram\">\n\t\t\t\t\t\t\t\t\t\t\t\t\t\t\t<span class=\"elementor-share-btn__icon\">\n\t\t\t\t\t\t\t\t<i class=\"fab fa-telegram\" aria-hidden=\"true\"><\/i>\t\t\t\t\t\t\t<\/span>\n\t\t\t\t\t\t\t\t\t\t\t\t\t\t\t\t\t\t\t\t<\/div>\n\t\t\t\t\t<\/div>\n\t\t\t\t\t\t\t\t\t<div class=\"elementor-grid-item\" role=\"listitem\">\n\t\t\t\t\t\t<div class=\"elementor-share-btn elementor-share-btn_linkedin\" role=\"button\" tabindex=\"0\" aria-label=\"Compartir en linkedin\">\n\t\t\t\t\t\t\t\t\t\t\t\t\t\t\t<span class=\"elementor-share-btn__icon\">\n\t\t\t\t\t\t\t\t<i class=\"fab fa-linkedin\" aria-hidden=\"true\"><\/i>\t\t\t\t\t\t\t<\/span>\n\t\t\t\t\t\t\t\t\t\t\t\t\t\t\t\t\t\t\t\t<\/div>\n\t\t\t\t\t<\/div>\n\t\t\t\t\t\t\t\t\t<div class=\"elementor-grid-item\" role=\"listitem\">\n\t\t\t\t\t\t<div class=\"elementor-share-btn elementor-share-btn_email\" role=\"button\" tabindex=\"0\" aria-label=\"Compartir en email\">\n\t\t\t\t\t\t\t\t\t\t\t\t\t\t\t<span class=\"elementor-share-btn__icon\">\n\t\t\t\t\t\t\t\t<i class=\"fas fa-envelope\" aria-hidden=\"true\"><\/i>\t\t\t\t\t\t\t<\/span>\n\t\t\t\t\t\t\t\t\t\t\t\t\t\t\t\t\t\t\t\t<\/div>\n\t\t\t\t\t<\/div>\n\t\t\t\t\t\t<\/div>\n\t\t\t\t\t\t<\/div>\n\t\t\t\t<\/div>\n\t\t\t\t\t<\/div>\n\t\t<\/div>\n\t\t\t\t\t<\/div>\n\t\t<\/section>\n\t\t\t\t<\/div>","protected":false},"excerpt":{"rendered":"<p>Programa Ferias y Fiestas Toro Enmaromado de Benavente del a\u00f1o 2024 (del 24 de mayo al 2 de junio). Fiestas de inter\u00e9s tur\u00edstico regional.<\/p>","protected":false},"author":1,"featured_media":9184,"parent":0,"menu_order":0,"comment_status":"closed","ping_status":"closed","template":"","meta":{"om_disable_all_campaigns":false,"_monsterinsights_skip_tracking":false,"_monsterinsights_sitenote_active":false,"_monsterinsights_sitenote_note":"","_monsterinsights_sitenote_category":0,"footnotes":""},"class_list":["post-9284","page","type-page","status-publish","has-post-thumbnail","hentry"],"yoast_head":"<!-- This site is optimized with the Yoast SEO plugin v27.5 - https:\/\/yoast.com\/product\/yoast-seo-wordpress\/ -->\n<title>Programa Ferias y Fiestas del Toro Enmaromado 2024 - Toro enmaromado<\/title>\n<meta name=\"description\" content=\"Programa Ferias y Fiestas Toro Enmaromado de Benavente del a\u00f1o 2024 (del 24 de mayo al 2 de junio). Fiestas de inter\u00e9s tur\u00edstico regional.\" \/>\n<meta name=\"robots\" content=\"index, follow, max-snippet:-1, max-image-preview:large, max-video-preview:-1\" \/>\n<link rel=\"canonical\" href=\"https:\/\/toroenmaromado.es\/en\/programa-toro-enmaromado-2024\/\" \/>\n<meta property=\"og:locale\" content=\"en_GB\" \/>\n<meta property=\"og:type\" content=\"article\" \/>\n<meta property=\"og:title\" content=\"Programa Ferias y Fiestas del Toro Enmaromado 2024 - Toro enmaromado\" \/>\n<meta property=\"og:description\" content=\"Programa Ferias y Fiestas Toro Enmaromado de Benavente del a\u00f1o 2024 (del 24 de mayo al 2 de junio). Fiestas de inter\u00e9s tur\u00edstico regional.\" \/>\n<meta property=\"og:url\" content=\"https:\/\/toroenmaromado.es\/en\/programa-toro-enmaromado-2024\/\" \/>\n<meta property=\"og:site_name\" content=\"Toro enmaromado\" \/>\n<meta property=\"article:publisher\" content=\"https:\/\/www.facebook.com\/ayuntamientodebenavente\/\" \/>\n<meta property=\"article:modified_time\" content=\"2024-05-21T06:58:08+00:00\" \/>\n<meta property=\"og:image\" content=\"https:\/\/toroenmaromado.es\/wp-content\/uploads\/2024\/05\/30.-MI-TIERRA-scaled.jpg\" \/>\n\t<meta property=\"og:image:width\" content=\"1792\" \/>\n\t<meta property=\"og:image:height\" content=\"2560\" \/>\n\t<meta property=\"og:image:type\" content=\"image\/jpeg\" \/>\n<meta name=\"twitter:card\" content=\"summary_large_image\" \/>\n<meta name=\"twitter:site\" content=\"@aytobenavente\" \/>\n<meta name=\"twitter:label1\" content=\"Estimated reading time\" \/>\n\t<meta name=\"twitter:data1\" content=\"13 minutes\" \/>\n<script type=\"application\/ld+json\" class=\"yoast-schema-graph\">{\"@context\":\"https:\\\/\\\/schema.org\",\"@graph\":[{\"@type\":\"WebPage\",\"@id\":\"https:\\\/\\\/toroenmaromado.es\\\/programa-toro-enmaromado-2024\\\/\",\"url\":\"https:\\\/\\\/toroenmaromado.es\\\/programa-toro-enmaromado-2024\\\/\",\"name\":\"Programa Ferias y Fiestas del Toro Enmaromado 2024 - Toro enmaromado\",\"isPartOf\":{\"@id\":\"https:\\\/\\\/toroenmaromado.es\\\/#website\"},\"primaryImageOfPage\":{\"@id\":\"https:\\\/\\\/toroenmaromado.es\\\/programa-toro-enmaromado-2024\\\/#primaryimage\"},\"image\":{\"@id\":\"https:\\\/\\\/toroenmaromado.es\\\/programa-toro-enmaromado-2024\\\/#primaryimage\"},\"thumbnailUrl\":\"https:\\\/\\\/toroenmaromado.es\\\/wp-content\\\/uploads\\\/2024\\\/05\\\/30.-MI-TIERRA-scaled.jpg\",\"datePublished\":\"2024-05-16T07:46:19+00:00\",\"dateModified\":\"2024-05-21T06:58:08+00:00\",\"description\":\"Programa Ferias y Fiestas Toro Enmaromado de Benavente del a\u00f1o 2024 (del 24 de mayo al 2 de junio). Fiestas de inter\u00e9s tur\u00edstico regional.\",\"breadcrumb\":{\"@id\":\"https:\\\/\\\/toroenmaromado.es\\\/programa-toro-enmaromado-2024\\\/#breadcrumb\"},\"inLanguage\":\"en-GB\",\"potentialAction\":[{\"@type\":\"ReadAction\",\"target\":[\"https:\\\/\\\/toroenmaromado.es\\\/programa-toro-enmaromado-2024\\\/\"]}]},{\"@type\":\"ImageObject\",\"inLanguage\":\"en-GB\",\"@id\":\"https:\\\/\\\/toroenmaromado.es\\\/programa-toro-enmaromado-2024\\\/#primaryimage\",\"url\":\"https:\\\/\\\/toroenmaromado.es\\\/wp-content\\\/uploads\\\/2024\\\/05\\\/30.-MI-TIERRA-scaled.jpg\",\"contentUrl\":\"https:\\\/\\\/toroenmaromado.es\\\/wp-content\\\/uploads\\\/2024\\\/05\\\/30.-MI-TIERRA-scaled.jpg\",\"width\":1792,\"height\":2560,\"caption\":\"Cartel 2024\"},{\"@type\":\"BreadcrumbList\",\"@id\":\"https:\\\/\\\/toroenmaromado.es\\\/programa-toro-enmaromado-2024\\\/#breadcrumb\",\"itemListElement\":[{\"@type\":\"ListItem\",\"position\":1,\"name\":\"Portada\",\"item\":\"https:\\\/\\\/toroenmaromado.es\\\/\"},{\"@type\":\"ListItem\",\"position\":2,\"name\":\"Programa Ferias y Fiestas del Toro Enmaromado 2024\"}]},{\"@type\":\"WebSite\",\"@id\":\"https:\\\/\\\/toroenmaromado.es\\\/#website\",\"url\":\"https:\\\/\\\/toroenmaromado.es\\\/\",\"name\":\"Toro enmaromado\",\"description\":\"Web Oficial del Toro Enmaromado de Benavente\",\"publisher\":{\"@id\":\"https:\\\/\\\/toroenmaromado.es\\\/#organization\"},\"alternateName\":\"Toro enmaromado de Benavente\",\"potentialAction\":[{\"@type\":\"SearchAction\",\"target\":{\"@type\":\"EntryPoint\",\"urlTemplate\":\"https:\\\/\\\/toroenmaromado.es\\\/?s={search_term_string}\"},\"query-input\":{\"@type\":\"PropertyValueSpecification\",\"valueRequired\":true,\"valueName\":\"search_term_string\"}}],\"inLanguage\":\"en-GB\"},{\"@type\":\"Organization\",\"@id\":\"https:\\\/\\\/toroenmaromado.es\\\/#organization\",\"name\":\"Toro enmaromado\",\"alternateName\":\"Toro enmaromado de Benavente\",\"url\":\"https:\\\/\\\/toroenmaromado.es\\\/\",\"logo\":{\"@type\":\"ImageObject\",\"inLanguage\":\"en-GB\",\"@id\":\"https:\\\/\\\/toroenmaromado.es\\\/#\\\/schema\\\/logo\\\/image\\\/\",\"url\":\"https:\\\/\\\/toroenmaromado.es\\\/wp-content\\\/uploads\\\/2022\\\/12\\\/logoTEB-e1670580660196.png\",\"contentUrl\":\"https:\\\/\\\/toroenmaromado.es\\\/wp-content\\\/uploads\\\/2022\\\/12\\\/logoTEB-e1670580660196.png\",\"width\":197,\"height\":61,\"caption\":\"Toro enmaromado\"},\"image\":{\"@id\":\"https:\\\/\\\/toroenmaromado.es\\\/#\\\/schema\\\/logo\\\/image\\\/\"},\"sameAs\":[\"https:\\\/\\\/www.facebook.com\\\/ayuntamientodebenavente\\\/\",\"https:\\\/\\\/x.com\\\/aytobenavente\",\"https:\\\/\\\/www.instagram.com\\\/ayuntamientodebenavente\\\/\",\"https:\\\/\\\/www.linkedin.com\\\/company\\\/7076620\\\/admin\\\/\",\"https:\\\/\\\/www.youtube.com\\\/@ayuntamientobenavente2316\"]}]}<\/script>\n<!-- \/ Yoast SEO plugin. -->","yoast_head_json":{"title":"Programa Ferias y Fiestas del Toro Enmaromado 2024 - Toro enmaromado","description":"Programa Ferias y Fiestas Toro Enmaromado de Benavente del a\u00f1o 2024 (del 24 de mayo al 2 de junio). Fiestas de inter\u00e9s tur\u00edstico regional.","robots":{"index":"index","follow":"follow","max-snippet":"max-snippet:-1","max-image-preview":"max-image-preview:large","max-video-preview":"max-video-preview:-1"},"canonical":"https:\/\/toroenmaromado.es\/en\/programa-toro-enmaromado-2024\/","og_locale":"en_GB","og_type":"article","og_title":"Programa Ferias y Fiestas del Toro Enmaromado 2024 - Toro enmaromado","og_description":"Programa Ferias y Fiestas Toro Enmaromado de Benavente del a\u00f1o 2024 (del 24 de mayo al 2 de junio). Fiestas de inter\u00e9s tur\u00edstico regional.","og_url":"https:\/\/toroenmaromado.es\/en\/programa-toro-enmaromado-2024\/","og_site_name":"Toro enmaromado","article_publisher":"https:\/\/www.facebook.com\/ayuntamientodebenavente\/","article_modified_time":"2024-05-21T06:58:08+00:00","og_image":[{"width":1792,"height":2560,"url":"https:\/\/toroenmaromado.es\/wp-content\/uploads\/2024\/05\/30.-MI-TIERRA-scaled.jpg","type":"image\/jpeg"}],"twitter_card":"summary_large_image","twitter_site":"@aytobenavente","twitter_misc":{"Estimated reading time":"13 minutes"},"schema":{"@context":"https:\/\/schema.org","@graph":[{"@type":"WebPage","@id":"https:\/\/toroenmaromado.es\/programa-toro-enmaromado-2024\/","url":"https:\/\/toroenmaromado.es\/programa-toro-enmaromado-2024\/","name":"Programa Ferias y Fiestas del Toro Enmaromado 2024 - Toro enmaromado","isPartOf":{"@id":"https:\/\/toroenmaromado.es\/#website"},"primaryImageOfPage":{"@id":"https:\/\/toroenmaromado.es\/programa-toro-enmaromado-2024\/#primaryimage"},"image":{"@id":"https:\/\/toroenmaromado.es\/programa-toro-enmaromado-2024\/#primaryimage"},"thumbnailUrl":"https:\/\/toroenmaromado.es\/wp-content\/uploads\/2024\/05\/30.-MI-TIERRA-scaled.jpg","datePublished":"2024-05-16T07:46:19+00:00","dateModified":"2024-05-21T06:58:08+00:00","description":"Programa Ferias y Fiestas Toro Enmaromado de Benavente del a\u00f1o 2024 (del 24 de mayo al 2 de junio). Fiestas de inter\u00e9s tur\u00edstico regional.","breadcrumb":{"@id":"https:\/\/toroenmaromado.es\/programa-toro-enmaromado-2024\/#breadcrumb"},"inLanguage":"en-GB","potentialAction":[{"@type":"ReadAction","target":["https:\/\/toroenmaromado.es\/programa-toro-enmaromado-2024\/"]}]},{"@type":"ImageObject","inLanguage":"en-GB","@id":"https:\/\/toroenmaromado.es\/programa-toro-enmaromado-2024\/#primaryimage","url":"https:\/\/toroenmaromado.es\/wp-content\/uploads\/2024\/05\/30.-MI-TIERRA-scaled.jpg","contentUrl":"https:\/\/toroenmaromado.es\/wp-content\/uploads\/2024\/05\/30.-MI-TIERRA-scaled.jpg","width":1792,"height":2560,"caption":"Cartel 2024"},{"@type":"BreadcrumbList","@id":"https:\/\/toroenmaromado.es\/programa-toro-enmaromado-2024\/#breadcrumb","itemListElement":[{"@type":"ListItem","position":1,"name":"Portada","item":"https:\/\/toroenmaromado.es\/"},{"@type":"ListItem","position":2,"name":"Programa Ferias y Fiestas del Toro Enmaromado 2024"}]},{"@type":"WebSite","@id":"https:\/\/toroenmaromado.es\/#website","url":"https:\/\/toroenmaromado.es\/","name":"Toro enmaromado","description":"Web Oficial del Toro Enmaromado de Benavente","publisher":{"@id":"https:\/\/toroenmaromado.es\/#organization"},"alternateName":"Toro enmaromado de Benavente","potentialAction":[{"@type":"SearchAction","target":{"@type":"EntryPoint","urlTemplate":"https:\/\/toroenmaromado.es\/?s={search_term_string}"},"query-input":{"@type":"PropertyValueSpecification","valueRequired":true,"valueName":"search_term_string"}}],"inLanguage":"en-GB"},{"@type":"Organization","@id":"https:\/\/toroenmaromado.es\/#organization","name":"Toro enmaromado","alternateName":"Toro enmaromado de Benavente","url":"https:\/\/toroenmaromado.es\/","logo":{"@type":"ImageObject","inLanguage":"en-GB","@id":"https:\/\/toroenmaromado.es\/#\/schema\/logo\/image\/","url":"https:\/\/toroenmaromado.es\/wp-content\/uploads\/2022\/12\/logoTEB-e1670580660196.png","contentUrl":"https:\/\/toroenmaromado.es\/wp-content\/uploads\/2022\/12\/logoTEB-e1670580660196.png","width":197,"height":61,"caption":"Toro enmaromado"},"image":{"@id":"https:\/\/toroenmaromado.es\/#\/schema\/logo\/image\/"},"sameAs":["https:\/\/www.facebook.com\/ayuntamientodebenavente\/","https:\/\/x.com\/aytobenavente","https:\/\/www.instagram.com\/ayuntamientodebenavente\/","https:\/\/www.linkedin.com\/company\/7076620\/admin\/","https:\/\/www.youtube.com\/@ayuntamientobenavente2316"]}]}},"_links":{"self":[{"href":"https:\/\/toroenmaromado.es\/en\/wp-json\/wp\/v2\/pages\/9284","targetHints":{"allow":["GET"]}}],"collection":[{"href":"https:\/\/toroenmaromado.es\/en\/wp-json\/wp\/v2\/pages"}],"about":[{"href":"https:\/\/toroenmaromado.es\/en\/wp-json\/wp\/v2\/types\/page"}],"author":[{"embeddable":true,"href":"https:\/\/toroenmaromado.es\/en\/wp-json\/wp\/v2\/users\/1"}],"replies":[{"embeddable":true,"href":"https:\/\/toroenmaromado.es\/en\/wp-json\/wp\/v2\/comments?post=9284"}],"version-history":[{"count":39,"href":"https:\/\/toroenmaromado.es\/en\/wp-json\/wp\/v2\/pages\/9284\/revisions"}],"predecessor-version":[{"id":9342,"href":"https:\/\/toroenmaromado.es\/en\/wp-json\/wp\/v2\/pages\/9284\/revisions\/9342"}],"wp:featuredmedia":[{"embeddable":true,"href":"https:\/\/toroenmaromado.es\/en\/wp-json\/wp\/v2\/media\/9184"}],"wp:attachment":[{"href":"https:\/\/toroenmaromado.es\/en\/wp-json\/wp\/v2\/media?parent=9284"}],"curies":[{"name":"wp","href":"https:\/\/api.w.org\/{rel}","templated":true}]}}