{"id":3797,"date":"2022-12-27T10:37:39","date_gmt":"2022-12-27T10:37:39","guid":{"rendered":"https:\/\/toroenmaromado.es\/?page_id=3797"},"modified":"2023-02-03T13:46:22","modified_gmt":"2023-02-03T13:46:22","slug":"fotos-historicas","status":"publish","type":"page","link":"https:\/\/toroenmaromado.es\/en\/galeria\/fotos-historicas\/","title":{"rendered":"Historical Photos"},"content":{"rendered":"<div data-elementor-type=\"wp-page\" data-elementor-id=\"3797\" class=\"elementor elementor-3797\" data-elementor-post-type=\"page\">\n\t\t\t\t\t\t<section class=\"elementor-section elementor-top-section elementor-element elementor-element-5cc3013 elementor-section-boxed elementor-section-height-default elementor-section-height-default\" data-id=\"5cc3013\" data-element_type=\"section\" data-e-type=\"section\" id=\"cabecera\" data-settings=\"{&quot;background_background&quot;:&quot;classic&quot;}\">\n\t\t\t\t\t\t<div class=\"elementor-container elementor-column-gap-default\">\n\t\t\t\t\t<div class=\"elementor-column elementor-col-100 elementor-top-column elementor-element elementor-element-5fb1d76\" data-id=\"5fb1d76\" data-element_type=\"column\" data-e-type=\"column\">\n\t\t\t<div class=\"elementor-widget-wrap elementor-element-populated\">\n\t\t\t\t\t\t<div class=\"elementor-element elementor-element-066cd42 elementor-widget elementor-widget-heading\" data-id=\"066cd42\" data-element_type=\"widget\" data-e-type=\"widget\" data-widget_type=\"heading.default\">\n\t\t\t\t<div class=\"elementor-widget-container\">\n\t\t\t\t\t<h2 class=\"elementor-heading-title elementor-size-default\">Photograph of the Bull Enmaromado during the Story<\/h2>\t\t\t\t<\/div>\n\t\t\t\t<\/div>\n\t\t\t\t\t<\/div>\n\t\t<\/div>\n\t\t\t\t\t<\/div>\n\t\t<\/section>\n\t\t\t\t<section class=\"elementor-section elementor-top-section elementor-element elementor-element-c5bdfdd elementor-section-boxed elementor-section-height-default elementor-section-height-default\" data-id=\"c5bdfdd\" data-element_type=\"section\" data-e-type=\"section\">\n\t\t\t\t\t\t<div class=\"elementor-container elementor-column-gap-default\">\n\t\t\t\t\t<div class=\"elementor-column elementor-col-100 elementor-top-column elementor-element elementor-element-dc311bd\" data-id=\"dc311bd\" data-element_type=\"column\" data-e-type=\"column\">\n\t\t\t<div class=\"elementor-widget-wrap elementor-element-populated\">\n\t\t\t\t\t\t<div class=\"elementor-element elementor-element-da50438 elementor-widget elementor-widget-text-editor\" data-id=\"da50438\" data-element_type=\"widget\" data-e-type=\"widget\" data-widget_type=\"text-editor.default\">\n\t\t\t\t<div class=\"elementor-widget-container\">\n\t\t\t\t\t\t\t\t\t<p>Las fotograf\u00edas mostradas a continuaci\u00f3n, son fotos Hist\u00f3ricas de Benavente y de su Ferias y Fiestas, tanto del Toro Enmaromado como de la Veguilla.<\/p><p>Las fotograf\u00edas de esta secci\u00f3n, han sido recopiladas y cedidas por el <a href=\"https:\/\/ledodelpozo.es\/\" target=\"_blank\" rel=\"noopener\">Centro de Estudios Benaventanos Ledo del Pozo<\/a> y pueden verse en algunas de sus publicaciones, principalmente en el libro \u201cEl Toro Enmaromado de Benavente. Memoria gr\u00e1fica de la Fiesta. Siglo XX\u201d, dedicado a nuestra fiesta:<\/p>\t\t\t\t\t\t\t\t<\/div>\n\t\t\t\t<\/div>\n\t\t\t\t\t<\/div>\n\t\t<\/div>\n\t\t\t\t\t<\/div>\n\t\t<\/section>\n\t\t\t\t<section class=\"elementor-section elementor-top-section elementor-element elementor-element-3e96060 elementor-section-boxed elementor-section-height-default elementor-section-height-default\" data-id=\"3e96060\" data-element_type=\"section\" data-e-type=\"section\">\n\t\t\t\t\t\t<div class=\"elementor-container elementor-column-gap-default\">\n\t\t\t\t\t<div class=\"elementor-column elementor-col-100 elementor-top-column elementor-element elementor-element-ce140dd\" data-id=\"ce140dd\" data-element_type=\"column\" data-e-type=\"column\">\n\t\t\t<div class=\"elementor-widget-wrap elementor-element-populated\">\n\t\t\t\t\t\t<section class=\"elementor-section elementor-inner-section elementor-element elementor-element-7384690 elementor-section-boxed elementor-section-height-default elementor-section-height-default\" data-id=\"7384690\" data-element_type=\"section\" data-e-type=\"section\">\n\t\t\t\t\t\t<div class=\"elementor-container elementor-column-gap-default\">\n\t\t\t\t\t<div class=\"elementor-column elementor-col-100 elementor-inner-column elementor-element elementor-element-4f8cd3e\" data-id=\"4f8cd3e\" data-element_type=\"column\" data-e-type=\"column\">\n\t\t\t<div class=\"elementor-widget-wrap elementor-element-populated\">\n\t\t\t\t\t\t<div class=\"elementor-element elementor-element-691bb0a elementor-widget elementor-widget-heading\" data-id=\"691bb0a\" data-element_type=\"widget\" data-e-type=\"widget\" data-widget_type=\"heading.default\">\n\t\t\t\t<div class=\"elementor-widget-container\">\n\t\t\t\t\t<h3 class=\"elementor-heading-title elementor-size-default\">El Torito del Alba<\/h3>\t\t\t\t<\/div>\n\t\t\t\t<\/div>\n\t\t\t\t\t<\/div>\n\t\t<\/div>\n\t\t\t\t\t<\/div>\n\t\t<\/section>\n\t\t\t\t<section class=\"elementor-section elementor-inner-section elementor-element elementor-element-01963c4 elementor-section-boxed elementor-section-height-default elementor-section-height-default\" data-id=\"01963c4\" data-element_type=\"section\" data-e-type=\"section\">\n\t\t\t\t\t\t<div class=\"elementor-container elementor-column-gap-default\">\n\t\t\t\t\t<div class=\"elementor-column elementor-col-100 elementor-inner-column elementor-element elementor-element-a9ae4f8\" data-id=\"a9ae4f8\" data-element_type=\"column\" data-e-type=\"column\">\n\t\t\t<div class=\"elementor-widget-wrap elementor-element-populated\">\n\t\t\t\t\t\t<div class=\"elementor-element elementor-element-523d6bf elementor-widget elementor-widget-gallery\" data-id=\"523d6bf\" data-element_type=\"widget\" data-e-type=\"widget\" data-settings=\"{&quot;gallery_layout&quot;:&quot;justified&quot;,&quot;lazyload&quot;:&quot;yes&quot;,&quot;ideal_row_height&quot;:{&quot;unit&quot;:&quot;px&quot;,&quot;size&quot;:200,&quot;sizes&quot;:[]},&quot;ideal_row_height_tablet&quot;:{&quot;unit&quot;:&quot;px&quot;,&quot;size&quot;:150,&quot;sizes&quot;:[]},&quot;ideal_row_height_mobile&quot;:{&quot;unit&quot;:&quot;px&quot;,&quot;size&quot;:150,&quot;sizes&quot;:[]},&quot;gap&quot;:{&quot;unit&quot;:&quot;px&quot;,&quot;size&quot;:10,&quot;sizes&quot;:[]},&quot;gap_tablet&quot;:{&quot;unit&quot;:&quot;px&quot;,&quot;size&quot;:10,&quot;sizes&quot;:[]},&quot;gap_mobile&quot;:{&quot;unit&quot;:&quot;px&quot;,&quot;size&quot;:10,&quot;sizes&quot;:[]},&quot;link_to&quot;:&quot;file&quot;,&quot;overlay_background&quot;:&quot;yes&quot;,&quot;content_hover_animation&quot;:&quot;fade-in&quot;}\" data-widget_type=\"gallery.default\">\n\t\t\t\t<div class=\"elementor-widget-container\">\n\t\t\t\t\t\t\t<div class=\"elementor-gallery__container\">\n\t\t\t\t\t\t\t<a class=\"e-gallery-item elementor-gallery-item elementor-animated-content\" href=\"https:\/\/toroenmaromado.es\/wp-content\/uploads\/2023\/02\/Carnero-enmaromado-reccorriendo-las-calles-de-Benavente-anos-60.jpg\" data-elementor-open-lightbox=\"yes\" data-elementor-lightbox-slideshow=\"523d6bf\" data-elementor-lightbox-title=\"Carnero enmaromado reccorriendo las calles de Benavente, a\u00f1os 60\" data-e-action-hash=\"#elementor-action%3Aaction%3Dlightbox%26settings%3DeyJpZCI6Nzg2MywidXJsIjoiaHR0cHM6XC9cL3Rvcm9lbm1hcm9tYWRvLmVzXC93cC1jb250ZW50XC91cGxvYWRzXC8yMDIzXC8wMlwvQ2FybmVyby1lbm1hcm9tYWRvLXJlY2NvcnJpZW5kby1sYXMtY2FsbGVzLWRlLUJlbmF2ZW50ZS1hbm9zLTYwLmpwZyIsInNsaWRlc2hvdyI6IjUyM2Q2YmYifQ%3D%3D\">\n\t\t\t\t\t<div class=\"e-gallery-image elementor-gallery-item__image\" data-thumbnail=\"https:\/\/toroenmaromado.es\/wp-content\/uploads\/2023\/02\/Carnero-enmaromado-reccorriendo-las-calles-de-Benavente-anos-60-300x192.jpg\" data-width=\"300\" data-height=\"192\" aria-label=\"Carnero enmaromado reccorriendo las calles de Benavente, a\u00f1os 60\" role=\"img\" ><\/div>\n\t\t\t\t\t\t\t\t\t\t\t<div class=\"elementor-gallery-item__overlay\"><\/div>\n\t\t\t\t\t\t\t\t\t\t\t\t\t\t<\/a>\n\t\t\t\t\t\t\t<a class=\"e-gallery-item elementor-gallery-item elementor-animated-content\" href=\"https:\/\/toroenmaromado.es\/wp-content\/uploads\/2023\/02\/El-Torito-en-la-Calle-Matadero-anos-60-scaled.jpg\" data-elementor-open-lightbox=\"yes\" data-elementor-lightbox-slideshow=\"523d6bf\" data-elementor-lightbox-title=\"El Torito en la Calle Matadero, a\u00f1os 60\" data-e-action-hash=\"#elementor-action%3Aaction%3Dlightbox%26settings%3DeyJpZCI6Nzg2NCwidXJsIjoiaHR0cHM6XC9cL3Rvcm9lbm1hcm9tYWRvLmVzXC93cC1jb250ZW50XC91cGxvYWRzXC8yMDIzXC8wMlwvRWwtVG9yaXRvLWVuLWxhLUNhbGxlLU1hdGFkZXJvLWFub3MtNjAtc2NhbGVkLmpwZyIsInNsaWRlc2hvdyI6IjUyM2Q2YmYifQ%3D%3D\">\n\t\t\t\t\t<div class=\"e-gallery-image elementor-gallery-item__image\" data-thumbnail=\"https:\/\/toroenmaromado.es\/wp-content\/uploads\/2023\/02\/El-Torito-en-la-Calle-Matadero-anos-60-300x192.jpg\" data-width=\"300\" data-height=\"192\" aria-label=\"El Torito en la Calle Matadero, a\u00f1os 60\" role=\"img\" ><\/div>\n\t\t\t\t\t\t\t\t\t\t\t<div class=\"elementor-gallery-item__overlay\"><\/div>\n\t\t\t\t\t\t\t\t\t\t\t\t\t\t<\/a>\n\t\t\t\t\t\t\t<a class=\"e-gallery-item elementor-gallery-item elementor-animated-content\" href=\"https:\/\/toroenmaromado.es\/wp-content\/uploads\/2023\/02\/El-Torito-en-la-Cuesta-del-Rio-anos-70.jpg\" data-elementor-open-lightbox=\"yes\" data-elementor-lightbox-slideshow=\"523d6bf\" data-elementor-lightbox-title=\"El Torito en la Cuesta del R\u00edo, a\u00f1os 70\" data-e-action-hash=\"#elementor-action%3Aaction%3Dlightbox%26settings%3DeyJpZCI6Nzg2NSwidXJsIjoiaHR0cHM6XC9cL3Rvcm9lbm1hcm9tYWRvLmVzXC93cC1jb250ZW50XC91cGxvYWRzXC8yMDIzXC8wMlwvRWwtVG9yaXRvLWVuLWxhLUN1ZXN0YS1kZWwtUmlvLWFub3MtNzAuanBnIiwic2xpZGVzaG93IjoiNTIzZDZiZiJ9\">\n\t\t\t\t\t<div class=\"e-gallery-image elementor-gallery-item__image\" data-thumbnail=\"https:\/\/toroenmaromado.es\/wp-content\/uploads\/2023\/02\/El-Torito-en-la-Cuesta-del-Rio-anos-70-300x192.jpg\" data-width=\"300\" data-height=\"192\" aria-label=\"El Torito en la Cuesta del R\u00edo, a\u00f1os 70\" role=\"img\" ><\/div>\n\t\t\t\t\t\t\t\t\t\t\t<div class=\"elementor-gallery-item__overlay\"><\/div>\n\t\t\t\t\t\t\t\t\t\t\t\t\t\t<\/a>\n\t\t\t\t\t\t\t<a class=\"e-gallery-item elementor-gallery-item elementor-animated-content\" href=\"https:\/\/toroenmaromado.es\/wp-content\/uploads\/2023\/02\/El-Torito-llegando-al-Matadero-1979-scaled.jpg\" data-elementor-open-lightbox=\"yes\" data-elementor-lightbox-slideshow=\"523d6bf\" data-elementor-lightbox-title=\"El Torito llegando al Matadero, 1979\" data-e-action-hash=\"#elementor-action%3Aaction%3Dlightbox%26settings%3DeyJpZCI6Nzg2NiwidXJsIjoiaHR0cHM6XC9cL3Rvcm9lbm1hcm9tYWRvLmVzXC93cC1jb250ZW50XC91cGxvYWRzXC8yMDIzXC8wMlwvRWwtVG9yaXRvLWxsZWdhbmRvLWFsLU1hdGFkZXJvLTE5Nzktc2NhbGVkLmpwZyIsInNsaWRlc2hvdyI6IjUyM2Q2YmYifQ%3D%3D\">\n\t\t\t\t\t<div class=\"e-gallery-image elementor-gallery-item__image\" data-thumbnail=\"https:\/\/toroenmaromado.es\/wp-content\/uploads\/2023\/02\/El-Torito-llegando-al-Matadero-1979-300x203.jpg\" data-width=\"300\" data-height=\"203\" aria-label=\"El Torito llegando al Matadero, 1979\" role=\"img\" ><\/div>\n\t\t\t\t\t\t\t\t\t\t\t<div class=\"elementor-gallery-item__overlay\"><\/div>\n\t\t\t\t\t\t\t\t\t\t\t\t\t\t<\/a>\n\t\t\t\t\t\t\t<a class=\"e-gallery-item elementor-gallery-item elementor-animated-content\" href=\"https:\/\/toroenmaromado.es\/wp-content\/uploads\/2023\/02\/Primer-Torito-del-Alba-corrido-en-Benavente-1966.jpg\" data-elementor-open-lightbox=\"yes\" data-elementor-lightbox-slideshow=\"523d6bf\" data-elementor-lightbox-title=\"Primer Torito del Alba corrido en Benavente, 1966\" data-e-action-hash=\"#elementor-action%3Aaction%3Dlightbox%26settings%3DeyJpZCI6Nzg2NywidXJsIjoiaHR0cHM6XC9cL3Rvcm9lbm1hcm9tYWRvLmVzXC93cC1jb250ZW50XC91cGxvYWRzXC8yMDIzXC8wMlwvUHJpbWVyLVRvcml0by1kZWwtQWxiYS1jb3JyaWRvLWVuLUJlbmF2ZW50ZS0xOTY2LmpwZyIsInNsaWRlc2hvdyI6IjUyM2Q2YmYifQ%3D%3D\">\n\t\t\t\t\t<div class=\"e-gallery-image elementor-gallery-item__image\" data-thumbnail=\"https:\/\/toroenmaromado.es\/wp-content\/uploads\/2023\/02\/Primer-Torito-del-Alba-corrido-en-Benavente-1966-300x192.jpg\" data-width=\"300\" data-height=\"192\" aria-label=\"Primer Torito del Alba corrido en Benavente, 1966\" role=\"img\" ><\/div>\n\t\t\t\t\t\t\t\t\t\t\t<div class=\"elementor-gallery-item__overlay\"><\/div>\n\t\t\t\t\t\t\t\t\t\t\t\t\t\t<\/a>\n\t\t\t\t\t\t\t<a class=\"e-gallery-item elementor-gallery-item elementor-animated-content\" href=\"https:\/\/toroenmaromado.es\/wp-content\/uploads\/2023\/02\/Torito-bajando-hacia-el-matadero-anos-60.jpg\" data-elementor-open-lightbox=\"yes\" data-elementor-lightbox-slideshow=\"523d6bf\" data-elementor-lightbox-title=\"Torito bajando hacia el matadero, a\u00f1os 60\" data-e-action-hash=\"#elementor-action%3Aaction%3Dlightbox%26settings%3DeyJpZCI6Nzg2OCwidXJsIjoiaHR0cHM6XC9cL3Rvcm9lbm1hcm9tYWRvLmVzXC93cC1jb250ZW50XC91cGxvYWRzXC8yMDIzXC8wMlwvVG9yaXRvLWJhamFuZG8taGFjaWEtZWwtbWF0YWRlcm8tYW5vcy02MC5qcGciLCJzbGlkZXNob3ciOiI1MjNkNmJmIn0%3D\">\n\t\t\t\t\t<div class=\"e-gallery-image elementor-gallery-item__image\" data-thumbnail=\"https:\/\/toroenmaromado.es\/wp-content\/uploads\/2023\/02\/Torito-bajando-hacia-el-matadero-anos-60-300x192.jpg\" data-width=\"300\" data-height=\"192\" aria-label=\"Torito bajando hacia el matadero, a\u00f1os 60\" role=\"img\" ><\/div>\n\t\t\t\t\t\t\t\t\t\t\t<div class=\"elementor-gallery-item__overlay\"><\/div>\n\t\t\t\t\t\t\t\t\t\t\t\t\t\t<\/a>\n\t\t\t\t\t\t\t<a class=\"e-gallery-item elementor-gallery-item elementor-animated-content\" href=\"https:\/\/toroenmaromado.es\/wp-content\/uploads\/2023\/02\/Torito-del-Alba-1969.jpg\" data-elementor-open-lightbox=\"yes\" data-elementor-lightbox-slideshow=\"523d6bf\" data-elementor-lightbox-title=\"Torito del Alba, 1969\" data-e-action-hash=\"#elementor-action%3Aaction%3Dlightbox%26settings%3DeyJpZCI6Nzg2OSwidXJsIjoiaHR0cHM6XC9cL3Rvcm9lbm1hcm9tYWRvLmVzXC93cC1jb250ZW50XC91cGxvYWRzXC8yMDIzXC8wMlwvVG9yaXRvLWRlbC1BbGJhLTE5NjkuanBnIiwic2xpZGVzaG93IjoiNTIzZDZiZiJ9\">\n\t\t\t\t\t<div class=\"e-gallery-image elementor-gallery-item__image\" data-thumbnail=\"https:\/\/toroenmaromado.es\/wp-content\/uploads\/2023\/02\/Torito-del-Alba-1969-300x192.jpg\" data-width=\"300\" data-height=\"192\" aria-label=\"Torito del Alba, 1969\" role=\"img\" ><\/div>\n\t\t\t\t\t\t\t\t\t\t\t<div class=\"elementor-gallery-item__overlay\"><\/div>\n\t\t\t\t\t\t\t\t\t\t\t\t\t\t<\/a>\n\t\t\t\t\t\t\t<a class=\"e-gallery-item elementor-gallery-item elementor-animated-content\" href=\"https:\/\/toroenmaromado.es\/wp-content\/uploads\/2023\/02\/Torito-en-Calle-Santa-Clara-anos-80-scaled.jpg\" data-elementor-open-lightbox=\"yes\" data-elementor-lightbox-slideshow=\"523d6bf\" data-elementor-lightbox-title=\"Torito en Calle Santa Clara, a\u00f1os 80\" data-e-action-hash=\"#elementor-action%3Aaction%3Dlightbox%26settings%3DeyJpZCI6Nzg3MCwidXJsIjoiaHR0cHM6XC9cL3Rvcm9lbm1hcm9tYWRvLmVzXC93cC1jb250ZW50XC91cGxvYWRzXC8yMDIzXC8wMlwvVG9yaXRvLWVuLUNhbGxlLVNhbnRhLUNsYXJhLWFub3MtODAtc2NhbGVkLmpwZyIsInNsaWRlc2hvdyI6IjUyM2Q2YmYifQ%3D%3D\">\n\t\t\t\t\t<div class=\"e-gallery-image elementor-gallery-item__image\" data-thumbnail=\"https:\/\/toroenmaromado.es\/wp-content\/uploads\/2023\/02\/Torito-en-Calle-Santa-Clara-anos-80-300x192.jpg\" data-width=\"300\" data-height=\"192\" aria-label=\"Torito en Calle Santa Clara, a\u00f1os 80\" role=\"img\" ><\/div>\n\t\t\t\t\t\t\t\t\t\t\t<div class=\"elementor-gallery-item__overlay\"><\/div>\n\t\t\t\t\t\t\t\t\t\t\t\t\t\t<\/a>\n\t\t\t\t\t\t\t<a class=\"e-gallery-item elementor-gallery-item elementor-animated-content\" href=\"https:\/\/toroenmaromado.es\/wp-content\/uploads\/2023\/02\/Torito-en-la-La-Rua-anos-70-scaled.jpg\" data-elementor-open-lightbox=\"yes\" data-elementor-lightbox-slideshow=\"523d6bf\" data-elementor-lightbox-title=\"Torito en la La R\u00faa, a\u00f1os 70\" data-e-action-hash=\"#elementor-action%3Aaction%3Dlightbox%26settings%3DeyJpZCI6Nzg3MSwidXJsIjoiaHR0cHM6XC9cL3Rvcm9lbm1hcm9tYWRvLmVzXC93cC1jb250ZW50XC91cGxvYWRzXC8yMDIzXC8wMlwvVG9yaXRvLWVuLWxhLUxhLVJ1YS1hbm9zLTcwLXNjYWxlZC5qcGciLCJzbGlkZXNob3ciOiI1MjNkNmJmIn0%3D\">\n\t\t\t\t\t<div class=\"e-gallery-image elementor-gallery-item__image\" data-thumbnail=\"https:\/\/toroenmaromado.es\/wp-content\/uploads\/2023\/02\/Torito-en-la-La-Rua-anos-70-300x192.jpg\" data-width=\"300\" data-height=\"192\" aria-label=\"Torito en la La R\u00faa, a\u00f1os 70\" role=\"img\" ><\/div>\n\t\t\t\t\t\t\t\t\t\t\t<div class=\"elementor-gallery-item__overlay\"><\/div>\n\t\t\t\t\t\t\t\t\t\t\t\t\t\t<\/a>\n\t\t\t\t\t\t\t<a class=\"e-gallery-item elementor-gallery-item elementor-animated-content\" href=\"https:\/\/toroenmaromado.es\/wp-content\/uploads\/2023\/02\/Torito-Raposa-1987.jpg\" data-elementor-open-lightbox=\"yes\" data-elementor-lightbox-slideshow=\"523d6bf\" data-elementor-lightbox-title=\"Torito Raposa, 1987\" data-e-action-hash=\"#elementor-action%3Aaction%3Dlightbox%26settings%3DeyJpZCI6Nzg3MiwidXJsIjoiaHR0cHM6XC9cL3Rvcm9lbm1hcm9tYWRvLmVzXC93cC1jb250ZW50XC91cGxvYWRzXC8yMDIzXC8wMlwvVG9yaXRvLVJhcG9zYS0xOTg3LmpwZyIsInNsaWRlc2hvdyI6IjUyM2Q2YmYifQ%3D%3D\">\n\t\t\t\t\t<div class=\"e-gallery-image elementor-gallery-item__image\" data-thumbnail=\"https:\/\/toroenmaromado.es\/wp-content\/uploads\/2023\/02\/Torito-Raposa-1987-300x194.jpg\" data-width=\"300\" data-height=\"194\" aria-label=\"Torito Raposa, 1987\" role=\"img\" ><\/div>\n\t\t\t\t\t\t\t\t\t\t\t<div class=\"elementor-gallery-item__overlay\"><\/div>\n\t\t\t\t\t\t\t\t\t\t\t\t\t\t<\/a>\n\t\t\t\t\t\t\t<a class=\"e-gallery-item elementor-gallery-item elementor-animated-content\" href=\"https:\/\/toroenmaromado.es\/wp-content\/uploads\/2023\/02\/Carnero-enmaromado-en-el-corral-de-Jose-Conde-en-la-Calle-San-Martin-anos-60-2.jpg\" data-elementor-open-lightbox=\"yes\" data-elementor-lightbox-slideshow=\"523d6bf\" data-elementor-lightbox-title=\"Carnero enmaromado en el corral de Jos\u00e9 Conde en la Calle San Mart\u00edn, a\u00f1os 60 -2\" data-e-action-hash=\"#elementor-action%3Aaction%3Dlightbox%26settings%3DeyJpZCI6Nzg3MywidXJsIjoiaHR0cHM6XC9cL3Rvcm9lbm1hcm9tYWRvLmVzXC93cC1jb250ZW50XC91cGxvYWRzXC8yMDIzXC8wMlwvQ2FybmVyby1lbm1hcm9tYWRvLWVuLWVsLWNvcnJhbC1kZS1Kb3NlLUNvbmRlLWVuLWxhLUNhbGxlLVNhbi1NYXJ0aW4tYW5vcy02MC0yLmpwZyIsInNsaWRlc2hvdyI6IjUyM2Q2YmYifQ%3D%3D\">\n\t\t\t\t\t<div class=\"e-gallery-image elementor-gallery-item__image\" data-thumbnail=\"https:\/\/toroenmaromado.es\/wp-content\/uploads\/2023\/02\/Carnero-enmaromado-en-el-corral-de-Jose-Conde-en-la-Calle-San-Martin-anos-60-2-223x300.jpg\" data-width=\"223\" data-height=\"300\" aria-label=\"Carnero enmaromado en el corral de Jos\u00e9 Conde en la Calle San Mart\u00edn, a\u00f1os 60 -2\" role=\"img\" ><\/div>\n\t\t\t\t\t\t\t\t\t\t\t<div class=\"elementor-gallery-item__overlay\"><\/div>\n\t\t\t\t\t\t\t\t\t\t\t\t\t\t<\/a>\n\t\t\t\t\t\t\t<a class=\"e-gallery-item elementor-gallery-item elementor-animated-content\" href=\"https:\/\/toroenmaromado.es\/wp-content\/uploads\/2023\/02\/Carnero-enmaromado-en-el-corral-de-Jose-Conde-en-la-Calle-San-Martin-anos-60.jpg\" data-elementor-open-lightbox=\"yes\" data-elementor-lightbox-slideshow=\"523d6bf\" data-elementor-lightbox-title=\"Carnero enmaromado en el corral de Jos\u00e9 Conde en la Calle San Mart\u00edn, a\u00f1os 60\" data-e-action-hash=\"#elementor-action%3Aaction%3Dlightbox%26settings%3DeyJpZCI6Nzg3NCwidXJsIjoiaHR0cHM6XC9cL3Rvcm9lbm1hcm9tYWRvLmVzXC93cC1jb250ZW50XC91cGxvYWRzXC8yMDIzXC8wMlwvQ2FybmVyby1lbm1hcm9tYWRvLWVuLWVsLWNvcnJhbC1kZS1Kb3NlLUNvbmRlLWVuLWxhLUNhbGxlLVNhbi1NYXJ0aW4tYW5vcy02MC5qcGciLCJzbGlkZXNob3ciOiI1MjNkNmJmIn0%3D\">\n\t\t\t\t\t<div class=\"e-gallery-image elementor-gallery-item__image\" data-thumbnail=\"https:\/\/toroenmaromado.es\/wp-content\/uploads\/2023\/02\/Carnero-enmaromado-en-el-corral-de-Jose-Conde-en-la-Calle-San-Martin-anos-60-300x226.jpg\" data-width=\"300\" data-height=\"226\" aria-label=\"Carnero enmaromado en el corral de Jos\u00e9 Conde en la Calle San Mart\u00edn, a\u00f1os 60\" role=\"img\" ><\/div>\n\t\t\t\t\t\t\t\t\t\t\t<div class=\"elementor-gallery-item__overlay\"><\/div>\n\t\t\t\t\t\t\t\t\t\t\t\t\t\t<\/a>\n\t\t\t\t\t<\/div>\n\t\t\t\t\t<\/div>\n\t\t\t\t<\/div>\n\t\t\t\t\t<\/div>\n\t\t<\/div>\n\t\t\t\t\t<\/div>\n\t\t<\/section>\n\t\t\t\t\t<\/div>\n\t\t<\/div>\n\t\t\t\t\t<\/div>\n\t\t<\/section>\n\t\t\t\t<section class=\"elementor-section elementor-top-section elementor-element elementor-element-b433d8c elementor-section-boxed elementor-section-height-default elementor-section-height-default\" data-id=\"b433d8c\" data-element_type=\"section\" data-e-type=\"section\">\n\t\t\t\t\t\t<div class=\"elementor-container elementor-column-gap-default\">\n\t\t\t\t\t<div class=\"elementor-column elementor-col-100 elementor-top-column elementor-element elementor-element-e589099\" data-id=\"e589099\" data-element_type=\"column\" data-e-type=\"column\">\n\t\t\t<div class=\"elementor-widget-wrap elementor-element-populated\">\n\t\t\t\t\t\t<section class=\"elementor-section elementor-inner-section elementor-element elementor-element-359bacc elementor-section-boxed elementor-section-height-default elementor-section-height-default\" data-id=\"359bacc\" data-element_type=\"section\" data-e-type=\"section\">\n\t\t\t\t\t\t<div class=\"elementor-container elementor-column-gap-default\">\n\t\t\t\t\t<div class=\"elementor-column elementor-col-100 elementor-inner-column elementor-element elementor-element-65eb096\" data-id=\"65eb096\" data-element_type=\"column\" data-e-type=\"column\">\n\t\t\t<div class=\"elementor-widget-wrap elementor-element-populated\">\n\t\t\t\t\t\t<div class=\"elementor-element elementor-element-f4e3dd4 elementor-widget elementor-widget-heading\" data-id=\"f4e3dd4\" data-element_type=\"widget\" data-e-type=\"widget\" data-widget_type=\"heading.default\">\n\t\t\t\t<div class=\"elementor-widget-container\">\n\t\t\t\t\t<h3 class=\"elementor-heading-title elementor-size-default\">El Toro Enmaromado<\/h3>\t\t\t\t<\/div>\n\t\t\t\t<\/div>\n\t\t\t\t\t<\/div>\n\t\t<\/div>\n\t\t\t\t\t<\/div>\n\t\t<\/section>\n\t\t\t\t<section class=\"elementor-section elementor-inner-section elementor-element elementor-element-0621552 elementor-section-boxed elementor-section-height-default elementor-section-height-default\" data-id=\"0621552\" data-element_type=\"section\" data-e-type=\"section\">\n\t\t\t\t\t\t<div class=\"elementor-container elementor-column-gap-default\">\n\t\t\t\t\t<div class=\"elementor-column elementor-col-100 elementor-inner-column elementor-element elementor-element-6c74433\" data-id=\"6c74433\" data-element_type=\"column\" data-e-type=\"column\">\n\t\t\t<div class=\"elementor-widget-wrap elementor-element-populated\">\n\t\t\t\t\t\t<div class=\"elementor-element elementor-element-5918586 elementor-widget elementor-widget-gallery\" data-id=\"5918586\" data-element_type=\"widget\" data-e-type=\"widget\" data-settings=\"{&quot;gallery_layout&quot;:&quot;justified&quot;,&quot;lazyload&quot;:&quot;yes&quot;,&quot;ideal_row_height&quot;:{&quot;unit&quot;:&quot;px&quot;,&quot;size&quot;:200,&quot;sizes&quot;:[]},&quot;ideal_row_height_tablet&quot;:{&quot;unit&quot;:&quot;px&quot;,&quot;size&quot;:150,&quot;sizes&quot;:[]},&quot;ideal_row_height_mobile&quot;:{&quot;unit&quot;:&quot;px&quot;,&quot;size&quot;:150,&quot;sizes&quot;:[]},&quot;gap&quot;:{&quot;unit&quot;:&quot;px&quot;,&quot;size&quot;:10,&quot;sizes&quot;:[]},&quot;gap_tablet&quot;:{&quot;unit&quot;:&quot;px&quot;,&quot;size&quot;:10,&quot;sizes&quot;:[]},&quot;gap_mobile&quot;:{&quot;unit&quot;:&quot;px&quot;,&quot;size&quot;:10,&quot;sizes&quot;:[]},&quot;link_to&quot;:&quot;file&quot;,&quot;overlay_background&quot;:&quot;yes&quot;,&quot;content_hover_animation&quot;:&quot;fade-in&quot;}\" data-widget_type=\"gallery.default\">\n\t\t\t\t<div class=\"elementor-widget-container\">\n\t\t\t\t\t\t\t<div class=\"elementor-gallery__container\">\n\t\t\t\t\t\t\t<a class=\"e-gallery-item elementor-gallery-item elementor-animated-content\" href=\"https:\/\/toroenmaromado.es\/wp-content\/uploads\/2023\/02\/Carrera-a-la-altura-del-Gran-Teatro-Anos-50.jpg\" data-elementor-open-lightbox=\"yes\" data-elementor-lightbox-slideshow=\"5918586\" data-elementor-lightbox-title=\"Carrera a la altura del Gran Teatro, A\u00f1os 50\" data-e-action-hash=\"#elementor-action%3Aaction%3Dlightbox%26settings%3DeyJpZCI6NzkwMCwidXJsIjoiaHR0cHM6XC9cL3Rvcm9lbm1hcm9tYWRvLmVzXC93cC1jb250ZW50XC91cGxvYWRzXC8yMDIzXC8wMlwvQ2FycmVyYS1hLWxhLWFsdHVyYS1kZWwtR3Jhbi1UZWF0cm8tQW5vcy01MC5qcGciLCJzbGlkZXNob3ciOiI1OTE4NTg2In0%3D\">\n\t\t\t\t\t<div class=\"e-gallery-image elementor-gallery-item__image\" data-thumbnail=\"https:\/\/toroenmaromado.es\/wp-content\/uploads\/2023\/02\/Carrera-a-la-altura-del-Gran-Teatro-Anos-50-212x300.jpg\" data-width=\"212\" data-height=\"300\" aria-label=\"Carrera a la altura del Gran Teatro, A\u00f1os 50\" role=\"img\" ><\/div>\n\t\t\t\t\t\t\t\t\t\t\t<div class=\"elementor-gallery-item__overlay\"><\/div>\n\t\t\t\t\t\t\t\t\t\t\t\t\t\t<\/a>\n\t\t\t\t\t\t\t<a class=\"e-gallery-item elementor-gallery-item elementor-animated-content\" href=\"https:\/\/toroenmaromado.es\/wp-content\/uploads\/2023\/02\/Carrera-en-la-Calle-Ancha-Anos-50.jpg\" data-elementor-open-lightbox=\"yes\" data-elementor-lightbox-slideshow=\"5918586\" data-elementor-lightbox-title=\"Carrera en la Calle Ancha, A\u00f1os 50\" data-e-action-hash=\"#elementor-action%3Aaction%3Dlightbox%26settings%3DeyJpZCI6NzkwMSwidXJsIjoiaHR0cHM6XC9cL3Rvcm9lbm1hcm9tYWRvLmVzXC93cC1jb250ZW50XC91cGxvYWRzXC8yMDIzXC8wMlwvQ2FycmVyYS1lbi1sYS1DYWxsZS1BbmNoYS1Bbm9zLTUwLmpwZyIsInNsaWRlc2hvdyI6IjU5MTg1ODYifQ%3D%3D\">\n\t\t\t\t\t<div class=\"e-gallery-image elementor-gallery-item__image\" data-thumbnail=\"https:\/\/toroenmaromado.es\/wp-content\/uploads\/2023\/02\/Carrera-en-la-Calle-Ancha-Anos-50-217x300.jpg\" data-width=\"217\" data-height=\"300\" aria-label=\"Carrera en la Calle Ancha, A\u00f1os 50\" role=\"img\" ><\/div>\n\t\t\t\t\t\t\t\t\t\t\t<div class=\"elementor-gallery-item__overlay\"><\/div>\n\t\t\t\t\t\t\t\t\t\t\t\t\t\t<\/a>\n\t\t\t\t\t\t\t<a class=\"e-gallery-item elementor-gallery-item elementor-animated-content\" href=\"https:\/\/toroenmaromado.es\/wp-content\/uploads\/2023\/02\/Carrera-en-la-Calle-de-los-Carros-anos-50.jpg\" data-elementor-open-lightbox=\"yes\" data-elementor-lightbox-slideshow=\"5918586\" data-elementor-lightbox-title=\"Carrera en la Calle de los Carros, a\u00f1os 50\" data-e-action-hash=\"#elementor-action%3Aaction%3Dlightbox%26settings%3DeyJpZCI6NzkwMiwidXJsIjoiaHR0cHM6XC9cL3Rvcm9lbm1hcm9tYWRvLmVzXC93cC1jb250ZW50XC91cGxvYWRzXC8yMDIzXC8wMlwvQ2FycmVyYS1lbi1sYS1DYWxsZS1kZS1sb3MtQ2Fycm9zLWFub3MtNTAuanBnIiwic2xpZGVzaG93IjoiNTkxODU4NiJ9\">\n\t\t\t\t\t<div class=\"e-gallery-image elementor-gallery-item__image\" data-thumbnail=\"https:\/\/toroenmaromado.es\/wp-content\/uploads\/2023\/02\/Carrera-en-la-Calle-de-los-Carros-anos-50-218x300.jpg\" data-width=\"218\" data-height=\"300\" aria-label=\"Carrera en la Calle de los Carros, a\u00f1os 50\" role=\"img\" ><\/div>\n\t\t\t\t\t\t\t\t\t\t\t<div class=\"elementor-gallery-item__overlay\"><\/div>\n\t\t\t\t\t\t\t\t\t\t\t\t\t\t<\/a>\n\t\t\t\t\t\t\t<a class=\"e-gallery-item elementor-gallery-item elementor-animated-content\" href=\"https:\/\/toroenmaromado.es\/wp-content\/uploads\/2023\/02\/Carrera-en-la-Plaza-de-Juan-Carlos-I-anos-60.jpg\" data-elementor-open-lightbox=\"yes\" data-elementor-lightbox-slideshow=\"5918586\" data-elementor-lightbox-title=\"Carrera en la Plaza de Juan Carlos I, a\u00f1os 60\" data-e-action-hash=\"#elementor-action%3Aaction%3Dlightbox%26settings%3DeyJpZCI6NzkwMywidXJsIjoiaHR0cHM6XC9cL3Rvcm9lbm1hcm9tYWRvLmVzXC93cC1jb250ZW50XC91cGxvYWRzXC8yMDIzXC8wMlwvQ2FycmVyYS1lbi1sYS1QbGF6YS1kZS1KdWFuLUNhcmxvcy1JLWFub3MtNjAuanBnIiwic2xpZGVzaG93IjoiNTkxODU4NiJ9\">\n\t\t\t\t\t<div class=\"e-gallery-image elementor-gallery-item__image\" data-thumbnail=\"https:\/\/toroenmaromado.es\/wp-content\/uploads\/2023\/02\/Carrera-en-la-Plaza-de-Juan-Carlos-I-anos-60-300x192.jpg\" data-width=\"300\" data-height=\"192\" aria-label=\"Carrera en la Plaza de Juan Carlos I, a\u00f1os 60\" role=\"img\" ><\/div>\n\t\t\t\t\t\t\t\t\t\t\t<div class=\"elementor-gallery-item__overlay\"><\/div>\n\t\t\t\t\t\t\t\t\t\t\t\t\t\t<\/a>\n\t\t\t\t\t\t\t<a class=\"e-gallery-item elementor-gallery-item elementor-animated-content\" href=\"https:\/\/toroenmaromado.es\/wp-content\/uploads\/2023\/02\/Carrera-en-La-Rua-anos-60.jpg\" data-elementor-open-lightbox=\"yes\" data-elementor-lightbox-slideshow=\"5918586\" data-elementor-lightbox-title=\"Carrera en La R\u00faa, a\u00f1os 60\" data-e-action-hash=\"#elementor-action%3Aaction%3Dlightbox%26settings%3DeyJpZCI6NzkwNCwidXJsIjoiaHR0cHM6XC9cL3Rvcm9lbm1hcm9tYWRvLmVzXC93cC1jb250ZW50XC91cGxvYWRzXC8yMDIzXC8wMlwvQ2FycmVyYS1lbi1MYS1SdWEtYW5vcy02MC5qcGciLCJzbGlkZXNob3ciOiI1OTE4NTg2In0%3D\">\n\t\t\t\t\t<div class=\"e-gallery-image elementor-gallery-item__image\" data-thumbnail=\"https:\/\/toroenmaromado.es\/wp-content\/uploads\/2023\/02\/Carrera-en-La-Rua-anos-60-204x300.jpg\" data-width=\"204\" data-height=\"300\" aria-label=\"Carrera en La R\u00faa, a\u00f1os 60\" role=\"img\" ><\/div>\n\t\t\t\t\t\t\t\t\t\t\t<div class=\"elementor-gallery-item__overlay\"><\/div>\n\t\t\t\t\t\t\t\t\t\t\t\t\t\t<\/a>\n\t\t\t\t\t\t\t<a class=\"e-gallery-item elementor-gallery-item elementor-animated-content\" href=\"https:\/\/toroenmaromado.es\/wp-content\/uploads\/2023\/02\/Comienzo-de-la-Calle-Ancha-anos-50.jpg\" data-elementor-open-lightbox=\"yes\" data-elementor-lightbox-slideshow=\"5918586\" data-elementor-lightbox-title=\"Comienzo de la Calle Ancha, a\u00f1os 50\" data-e-action-hash=\"#elementor-action%3Aaction%3Dlightbox%26settings%3DeyJpZCI6NzkwNSwidXJsIjoiaHR0cHM6XC9cL3Rvcm9lbm1hcm9tYWRvLmVzXC93cC1jb250ZW50XC91cGxvYWRzXC8yMDIzXC8wMlwvQ29taWVuem8tZGUtbGEtQ2FsbGUtQW5jaGEtYW5vcy01MC5qcGciLCJzbGlkZXNob3ciOiI1OTE4NTg2In0%3D\">\n\t\t\t\t\t<div class=\"e-gallery-image elementor-gallery-item__image\" data-thumbnail=\"https:\/\/toroenmaromado.es\/wp-content\/uploads\/2023\/02\/Comienzo-de-la-Calle-Ancha-anos-50-300x192.jpg\" data-width=\"300\" data-height=\"192\" aria-label=\"Comienzo de la Calle Ancha, a\u00f1os 50\" role=\"img\" ><\/div>\n\t\t\t\t\t\t\t\t\t\t\t<div class=\"elementor-gallery-item__overlay\"><\/div>\n\t\t\t\t\t\t\t\t\t\t\t\t\t\t<\/a>\n\t\t\t\t\t\t\t<a class=\"e-gallery-item elementor-gallery-item elementor-animated-content\" href=\"https:\/\/toroenmaromado.es\/wp-content\/uploads\/2023\/02\/Comienzo-de-la-Calle-de-los-Carros-anos-50.jpg\" data-elementor-open-lightbox=\"yes\" data-elementor-lightbox-slideshow=\"5918586\" data-elementor-lightbox-title=\"Comienzo de la Calle de los Carros, a\u00f1os 50\" data-e-action-hash=\"#elementor-action%3Aaction%3Dlightbox%26settings%3DeyJpZCI6NzkwNiwidXJsIjoiaHR0cHM6XC9cL3Rvcm9lbm1hcm9tYWRvLmVzXC93cC1jb250ZW50XC91cGxvYWRzXC8yMDIzXC8wMlwvQ29taWVuem8tZGUtbGEtQ2FsbGUtZGUtbG9zLUNhcnJvcy1hbm9zLTUwLmpwZyIsInNsaWRlc2hvdyI6IjU5MTg1ODYifQ%3D%3D\">\n\t\t\t\t\t<div class=\"e-gallery-image elementor-gallery-item__image\" data-thumbnail=\"https:\/\/toroenmaromado.es\/wp-content\/uploads\/2023\/02\/Comienzo-de-la-Calle-de-los-Carros-anos-50-300x217.jpg\" data-width=\"300\" data-height=\"217\" aria-label=\"Comienzo de la Calle de los Carros, a\u00f1os 50\" role=\"img\" ><\/div>\n\t\t\t\t\t\t\t\t\t\t\t<div class=\"elementor-gallery-item__overlay\"><\/div>\n\t\t\t\t\t\t\t\t\t\t\t\t\t\t<\/a>\n\t\t\t\t\t\t\t<a class=\"e-gallery-item elementor-gallery-item elementor-animated-content\" href=\"https:\/\/toroenmaromado.es\/wp-content\/uploads\/2023\/02\/Comienzo-de-La-Rua-a-la-altura-del-comercio-El-Capricho-ano-1950.jpg\" data-elementor-open-lightbox=\"yes\" data-elementor-lightbox-slideshow=\"5918586\" data-elementor-lightbox-title=\"Comienzo de La R\u00faa a la altura del comercio El Capricho, a\u00f1o 1950\" data-e-action-hash=\"#elementor-action%3Aaction%3Dlightbox%26settings%3DeyJpZCI6NzkwNywidXJsIjoiaHR0cHM6XC9cL3Rvcm9lbm1hcm9tYWRvLmVzXC93cC1jb250ZW50XC91cGxvYWRzXC8yMDIzXC8wMlwvQ29taWVuem8tZGUtTGEtUnVhLWEtbGEtYWx0dXJhLWRlbC1jb21lcmNpby1FbC1DYXByaWNoby1hbm8tMTk1MC5qcGciLCJzbGlkZXNob3ciOiI1OTE4NTg2In0%3D\">\n\t\t\t\t\t<div class=\"e-gallery-image elementor-gallery-item__image\" data-thumbnail=\"https:\/\/toroenmaromado.es\/wp-content\/uploads\/2023\/02\/Comienzo-de-La-Rua-a-la-altura-del-comercio-El-Capricho-ano-1950-300x214.jpg\" data-width=\"300\" data-height=\"214\" aria-label=\"Comienzo de La R\u00faa a la altura del comercio El Capricho, a\u00f1o 1950\" role=\"img\" ><\/div>\n\t\t\t\t\t\t\t\t\t\t\t<div class=\"elementor-gallery-item__overlay\"><\/div>\n\t\t\t\t\t\t\t\t\t\t\t\t\t\t<\/a>\n\t\t\t\t\t\t\t<a class=\"e-gallery-item elementor-gallery-item elementor-animated-content\" href=\"https:\/\/toroenmaromado.es\/wp-content\/uploads\/2023\/02\/Derribo-de-la-fuente-publica-en-la-Plaza-de-San-Martin-ano-1967.jpg\" data-elementor-open-lightbox=\"yes\" data-elementor-lightbox-slideshow=\"5918586\" data-elementor-lightbox-title=\"Derribo de la fuente p\u00fablica en la Plaza de San Mart\u00edn, a\u00f1o 1967\" data-e-action-hash=\"#elementor-action%3Aaction%3Dlightbox%26settings%3DeyJpZCI6NzkwOCwidXJsIjoiaHR0cHM6XC9cL3Rvcm9lbm1hcm9tYWRvLmVzXC93cC1jb250ZW50XC91cGxvYWRzXC8yMDIzXC8wMlwvRGVycmliby1kZS1sYS1mdWVudGUtcHVibGljYS1lbi1sYS1QbGF6YS1kZS1TYW4tTWFydGluLWFuby0xOTY3LmpwZyIsInNsaWRlc2hvdyI6IjU5MTg1ODYifQ%3D%3D\">\n\t\t\t\t\t<div class=\"e-gallery-image elementor-gallery-item__image\" data-thumbnail=\"https:\/\/toroenmaromado.es\/wp-content\/uploads\/2023\/02\/Derribo-de-la-fuente-publica-en-la-Plaza-de-San-Martin-ano-1967-300x192.jpg\" data-width=\"300\" data-height=\"192\" aria-label=\"Derribo de la fuente p\u00fablica en la Plaza de San Mart\u00edn, a\u00f1o 1967\" role=\"img\" ><\/div>\n\t\t\t\t\t\t\t\t\t\t\t<div class=\"elementor-gallery-item__overlay\"><\/div>\n\t\t\t\t\t\t\t\t\t\t\t\t\t\t<\/a>\n\t\t\t\t\t\t\t<a class=\"e-gallery-item elementor-gallery-item elementor-animated-content\" href=\"https:\/\/toroenmaromado.es\/wp-content\/uploads\/2023\/02\/Descansando-en-la-Ria-de-Don-Felipe-ano-1953.jpg\" data-elementor-open-lightbox=\"yes\" data-elementor-lightbox-slideshow=\"5918586\" data-elementor-lightbox-title=\"Descansando en la R\u00eda de Don Felipe, a\u00f1o 1953\" data-e-action-hash=\"#elementor-action%3Aaction%3Dlightbox%26settings%3DeyJpZCI6NzkwOSwidXJsIjoiaHR0cHM6XC9cL3Rvcm9lbm1hcm9tYWRvLmVzXC93cC1jb250ZW50XC91cGxvYWRzXC8yMDIzXC8wMlwvRGVzY2Fuc2FuZG8tZW4tbGEtUmlhLWRlLURvbi1GZWxpcGUtYW5vLTE5NTMuanBnIiwic2xpZGVzaG93IjoiNTkxODU4NiJ9\">\n\t\t\t\t\t<div class=\"e-gallery-image elementor-gallery-item__image\" data-thumbnail=\"https:\/\/toroenmaromado.es\/wp-content\/uploads\/2023\/02\/Descansando-en-la-Ria-de-Don-Felipe-ano-1953-211x300.jpg\" data-width=\"211\" data-height=\"300\" aria-label=\"Descansando en la R\u00eda de Don Felipe, a\u00f1o 1953\" role=\"img\" ><\/div>\n\t\t\t\t\t\t\t\t\t\t\t<div class=\"elementor-gallery-item__overlay\"><\/div>\n\t\t\t\t\t\t\t\t\t\t\t\t\t\t<\/a>\n\t\t\t\t\t\t\t<a class=\"e-gallery-item elementor-gallery-item elementor-animated-content\" href=\"https:\/\/toroenmaromado.es\/wp-content\/uploads\/2023\/02\/Desenjaule-en-el-Toril-Viejo-Anos-50-1.jpg\" data-elementor-open-lightbox=\"yes\" data-elementor-lightbox-slideshow=\"5918586\" data-elementor-lightbox-title=\"Desenjaule en el Toril Viejo, A\u00f1os 50\" data-e-action-hash=\"#elementor-action%3Aaction%3Dlightbox%26settings%3DeyJpZCI6NzkxMCwidXJsIjoiaHR0cHM6XC9cL3Rvcm9lbm1hcm9tYWRvLmVzXC93cC1jb250ZW50XC91cGxvYWRzXC8yMDIzXC8wMlwvRGVzZW5qYXVsZS1lbi1lbC1Ub3JpbC1WaWVqby1Bbm9zLTUwLTEuanBnIiwic2xpZGVzaG93IjoiNTkxODU4NiJ9\">\n\t\t\t\t\t<div class=\"e-gallery-image elementor-gallery-item__image\" data-thumbnail=\"https:\/\/toroenmaromado.es\/wp-content\/uploads\/2023\/02\/Desenjaule-en-el-Toril-Viejo-Anos-50-1-300x178.jpg\" data-width=\"300\" data-height=\"178\" aria-label=\"Desenjaule en el Toril Viejo, A\u00f1os 50\" role=\"img\" ><\/div>\n\t\t\t\t\t\t\t\t\t\t\t<div class=\"elementor-gallery-item__overlay\"><\/div>\n\t\t\t\t\t\t\t\t\t\t\t\t\t\t<\/a>\n\t\t\t\t\t\t\t<a class=\"e-gallery-item elementor-gallery-item elementor-animated-content\" href=\"https:\/\/toroenmaromado.es\/wp-content\/uploads\/2023\/02\/Desfile-del-camion-en-la-Calle-Garcia-Munoz-1962-1.jpg\" data-elementor-open-lightbox=\"yes\" data-elementor-lightbox-slideshow=\"5918586\" data-elementor-lightbox-title=\"Desfile del cami\u00f3n en la Calle Garc\u00eda Mu\u00f1oz, 1962\" data-e-action-hash=\"#elementor-action%3Aaction%3Dlightbox%26settings%3DeyJpZCI6NzkxMSwidXJsIjoiaHR0cHM6XC9cL3Rvcm9lbm1hcm9tYWRvLmVzXC93cC1jb250ZW50XC91cGxvYWRzXC8yMDIzXC8wMlwvRGVzZmlsZS1kZWwtY2FtaW9uLWVuLWxhLUNhbGxlLUdhcmNpYS1NdW5vei0xOTYyLTEuanBnIiwic2xpZGVzaG93IjoiNTkxODU4NiJ9\">\n\t\t\t\t\t<div class=\"e-gallery-image elementor-gallery-item__image\" data-thumbnail=\"https:\/\/toroenmaromado.es\/wp-content\/uploads\/2023\/02\/Desfile-del-camion-en-la-Calle-Garcia-Munoz-1962-1-205x300.jpg\" data-width=\"205\" data-height=\"300\" aria-label=\"Desfile del cami\u00f3n en la Calle Garc\u00eda Mu\u00f1oz, 1962\" role=\"img\" ><\/div>\n\t\t\t\t\t\t\t\t\t\t\t<div class=\"elementor-gallery-item__overlay\"><\/div>\n\t\t\t\t\t\t\t\t\t\t\t\t\t\t<\/a>\n\t\t\t\t\t\t\t<a class=\"e-gallery-item elementor-gallery-item elementor-animated-content\" href=\"https:\/\/toroenmaromado.es\/wp-content\/uploads\/2023\/02\/Detalle-del-mueco-en-el-Toril-Nuevo-Anos-70-1.jpg\" data-elementor-open-lightbox=\"yes\" data-elementor-lightbox-slideshow=\"5918586\" data-elementor-lightbox-title=\"Detalle del mueco en el Toril Nuevo, A\u00f1os 70\" data-e-action-hash=\"#elementor-action%3Aaction%3Dlightbox%26settings%3DeyJpZCI6NzkxMiwidXJsIjoiaHR0cHM6XC9cL3Rvcm9lbm1hcm9tYWRvLmVzXC93cC1jb250ZW50XC91cGxvYWRzXC8yMDIzXC8wMlwvRGV0YWxsZS1kZWwtbXVlY28tZW4tZWwtVG9yaWwtTnVldm8tQW5vcy03MC0xLmpwZyIsInNsaWRlc2hvdyI6IjU5MTg1ODYifQ%3D%3D\">\n\t\t\t\t\t<div class=\"e-gallery-image elementor-gallery-item__image\" data-thumbnail=\"https:\/\/toroenmaromado.es\/wp-content\/uploads\/2023\/02\/Detalle-del-mueco-en-el-Toril-Nuevo-Anos-70-1-208x300.jpg\" data-width=\"208\" data-height=\"300\" aria-label=\"Detalle del mueco en el Toril Nuevo, A\u00f1os 70\" role=\"img\" ><\/div>\n\t\t\t\t\t\t\t\t\t\t\t<div class=\"elementor-gallery-item__overlay\"><\/div>\n\t\t\t\t\t\t\t\t\t\t\t\t\t\t<\/a>\n\t\t\t\t\t\t\t<a class=\"e-gallery-item elementor-gallery-item elementor-animated-content\" href=\"https:\/\/toroenmaromado.es\/wp-content\/uploads\/2023\/02\/El-camion-con-el-Toro-en-las-inmediaciones-del-Toril-Viejo-1962-1.jpg\" data-elementor-open-lightbox=\"yes\" data-elementor-lightbox-slideshow=\"5918586\" data-elementor-lightbox-title=\"El cami\u00f3n con el Toro en las inmediaciones del Toril Viejo, 1962\" data-e-action-hash=\"#elementor-action%3Aaction%3Dlightbox%26settings%3DeyJpZCI6NzkxMywidXJsIjoiaHR0cHM6XC9cL3Rvcm9lbm1hcm9tYWRvLmVzXC93cC1jb250ZW50XC91cGxvYWRzXC8yMDIzXC8wMlwvRWwtY2FtaW9uLWNvbi1lbC1Ub3JvLWVuLWxhcy1pbm1lZGlhY2lvbmVzLWRlbC1Ub3JpbC1WaWVqby0xOTYyLTEuanBnIiwic2xpZGVzaG93IjoiNTkxODU4NiJ9\">\n\t\t\t\t\t<div class=\"e-gallery-image elementor-gallery-item__image\" data-thumbnail=\"https:\/\/toroenmaromado.es\/wp-content\/uploads\/2023\/02\/El-camion-con-el-Toro-en-las-inmediaciones-del-Toril-Viejo-1962-1-300x197.jpg\" data-width=\"300\" data-height=\"197\" aria-label=\"El cami\u00f3n con el Toro en las inm\" role=\"img\" ><\/div>\n\t\t\t\t\t\t\t\t\t\t\t<div class=\"elementor-gallery-item__overlay\"><\/div>\n\t\t\t\t\t\t\t\t\t\t\t\t\t\t<\/a>\n\t\t\t\t\t\t\t<a class=\"e-gallery-item elementor-gallery-item elementor-animated-content\" href=\"https:\/\/toroenmaromado.es\/wp-content\/uploads\/2023\/02\/El-final-en-la-Plaza-de-Santa-Maria.jpg\" data-elementor-open-lightbox=\"yes\" data-elementor-lightbox-slideshow=\"5918586\" data-elementor-lightbox-title=\"El final en la Plaza de Santa Mar\u00eda\" data-e-action-hash=\"#elementor-action%3Aaction%3Dlightbox%26settings%3DeyJpZCI6NzkxNCwidXJsIjoiaHR0cHM6XC9cL3Rvcm9lbm1hcm9tYWRvLmVzXC93cC1jb250ZW50XC91cGxvYWRzXC8yMDIzXC8wMlwvRWwtZmluYWwtZW4tbGEtUGxhemEtZGUtU2FudGEtTWFyaWEuanBnIiwic2xpZGVzaG93IjoiNTkxODU4NiJ9\">\n\t\t\t\t\t<div class=\"e-gallery-image elementor-gallery-item__image\" data-thumbnail=\"https:\/\/toroenmaromado.es\/wp-content\/uploads\/2023\/02\/El-final-en-la-Plaza-de-Santa-Maria-300x178.jpg\" data-width=\"300\" data-height=\"178\" aria-label=\"El final en la Plaza de Santa Mar\u00eda\" role=\"img\" ><\/div>\n\t\t\t\t\t\t\t\t\t\t\t<div class=\"elementor-gallery-item__overlay\"><\/div>\n\t\t\t\t\t\t\t\t\t\t\t\t\t\t<\/a>\n\t\t\t\t\t\t\t<a class=\"e-gallery-item elementor-gallery-item elementor-animated-content\" href=\"https:\/\/toroenmaromado.es\/wp-content\/uploads\/2023\/02\/El-Toro-a-la-altura-del-Bar-Alhambra-anos-50.jpg\" data-elementor-open-lightbox=\"yes\" data-elementor-lightbox-slideshow=\"5918586\" data-elementor-lightbox-title=\"El Toro a la altura del Bar Alhambra, a\u00f1os 50\" data-e-action-hash=\"#elementor-action%3Aaction%3Dlightbox%26settings%3DeyJpZCI6NzkxNSwidXJsIjoiaHR0cHM6XC9cL3Rvcm9lbm1hcm9tYWRvLmVzXC93cC1jb250ZW50XC91cGxvYWRzXC8yMDIzXC8wMlwvRWwtVG9yby1hLWxhLWFsdHVyYS1kZWwtQmFyLUFsaGFtYnJhLWFub3MtNTAuanBnIiwic2xpZGVzaG93IjoiNTkxODU4NiJ9\">\n\t\t\t\t\t<div class=\"e-gallery-image elementor-gallery-item__image\" data-thumbnail=\"https:\/\/toroenmaromado.es\/wp-content\/uploads\/2023\/02\/El-Toro-a-la-altura-del-Bar-Alhambra-anos-50-277x300.jpg\" data-width=\"277\" data-height=\"300\" aria-label=\"El Toro a la altura del Bar Alhambra, a\u00f1os 50\" role=\"img\" ><\/div>\n\t\t\t\t\t\t\t\t\t\t\t<div class=\"elementor-gallery-item__overlay\"><\/div>\n\t\t\t\t\t\t\t\t\t\t\t\t\t\t<\/a>\n\t\t\t\t\t\t\t<a class=\"e-gallery-item elementor-gallery-item elementor-animated-content\" href=\"https:\/\/toroenmaromado.es\/wp-content\/uploads\/2023\/02\/El-Toro-abrevando-en-la-Ria-de-Don-Felipe-ano-1943-scaled.jpg\" data-elementor-open-lightbox=\"yes\" data-elementor-lightbox-slideshow=\"5918586\" data-elementor-lightbox-title=\"El Toro abrevando en la R\u00eda de Don Felipe, a\u00f1o 1943\" data-e-action-hash=\"#elementor-action%3Aaction%3Dlightbox%26settings%3DeyJpZCI6NzkxNiwidXJsIjoiaHR0cHM6XC9cL3Rvcm9lbm1hcm9tYWRvLmVzXC93cC1jb250ZW50XC91cGxvYWRzXC8yMDIzXC8wMlwvRWwtVG9yby1hYnJldmFuZG8tZW4tbGEtUmlhLWRlLURvbi1GZWxpcGUtYW5vLTE5NDMtc2NhbGVkLmpwZyIsInNsaWRlc2hvdyI6IjU5MTg1ODYifQ%3D%3D\">\n\t\t\t\t\t<div class=\"e-gallery-image elementor-gallery-item__image\" data-thumbnail=\"https:\/\/toroenmaromado.es\/wp-content\/uploads\/2023\/02\/El-Toro-abrevando-en-la-Ria-de-Don-Felipe-ano-1943-300x187.jpg\" data-width=\"300\" data-height=\"187\" aria-label=\"El Toro abrevando en la R\u00eda de Don Felipe, a\u00f1o 1943\" role=\"img\" ><\/div>\n\t\t\t\t\t\t\t\t\t\t\t<div class=\"elementor-gallery-item__overlay\"><\/div>\n\t\t\t\t\t\t\t\t\t\t\t\t\t\t<\/a>\n\t\t\t\t\t\t\t<a class=\"e-gallery-item elementor-gallery-item elementor-animated-content\" href=\"https:\/\/toroenmaromado.es\/wp-content\/uploads\/2023\/02\/El-Toro-descansando-antes-de-la-salida-en-el-Toril-Nuevo-1991-1-scaled.jpg\" data-elementor-open-lightbox=\"yes\" data-elementor-lightbox-slideshow=\"5918586\" data-elementor-lightbox-title=\"El Toro descansando antes de la salida en el Toril Nuevo, 1991\" data-e-action-hash=\"#elementor-action%3Aaction%3Dlightbox%26settings%3DeyJpZCI6NzkxNywidXJsIjoiaHR0cHM6XC9cL3Rvcm9lbm1hcm9tYWRvLmVzXC93cC1jb250ZW50XC91cGxvYWRzXC8yMDIzXC8wMlwvRWwtVG9yby1kZXNjYW5zYW5kby1hbnRlcy1kZS1sYS1zYWxpZGEtZW4tZWwtVG9yaWwtTnVldm8tMTk5MS0xLXNjYWxlZC5qcGciLCJzbGlkZXNob3ciOiI1OTE4NTg2In0%3D\">\n\t\t\t\t\t<div class=\"e-gallery-image elementor-gallery-item__image\" data-thumbnail=\"https:\/\/toroenmaromado.es\/wp-content\/uploads\/2023\/02\/El-Toro-descansando-antes-de-la-salida-en-el-Toril-Nuevo-1991-1-211x300.jpg\" data-width=\"211\" data-height=\"300\" aria-label=\"El Toro descansando antes de la salida en el Toril Nuevo, 1991\" role=\"img\" ><\/div>\n\t\t\t\t\t\t\t\t\t\t\t<div class=\"elementor-gallery-item__overlay\"><\/div>\n\t\t\t\t\t\t\t\t\t\t\t\t\t\t<\/a>\n\t\t\t\t\t\t\t<a class=\"e-gallery-item elementor-gallery-item elementor-animated-content\" href=\"https:\/\/toroenmaromado.es\/wp-content\/uploads\/2023\/02\/El-Toro-descansando-en-la-argolla-de-la-Plaza-de-San-Martin-ano-1959.jpg\" data-elementor-open-lightbox=\"yes\" data-elementor-lightbox-slideshow=\"5918586\" data-elementor-lightbox-title=\"El Toro descansando en la argolla de la Plaza de San Mart\u00edn, a\u00f1o 1959\" data-e-action-hash=\"#elementor-action%3Aaction%3Dlightbox%26settings%3DeyJpZCI6NzkxOCwidXJsIjoiaHR0cHM6XC9cL3Rvcm9lbm1hcm9tYWRvLmVzXC93cC1jb250ZW50XC91cGxvYWRzXC8yMDIzXC8wMlwvRWwtVG9yby1kZXNjYW5zYW5kby1lbi1sYS1hcmdvbGxhLWRlLWxhLVBsYXphLWRlLVNhbi1NYXJ0aW4tYW5vLTE5NTkuanBnIiwic2xpZGVzaG93IjoiNTkxODU4NiJ9\">\n\t\t\t\t\t<div class=\"e-gallery-image elementor-gallery-item__image\" data-thumbnail=\"https:\/\/toroenmaromado.es\/wp-content\/uploads\/2023\/02\/El-Toro-descansando-en-la-argolla-de-la-Plaza-de-San-Martin-ano-1959-300x191.jpg\" data-width=\"300\" data-height=\"191\" aria-label=\"El Toro descansando en la argolla de la Plaza de San Mart\u00edn, a\u00f1o 1959\" role=\"img\" ><\/div>\n\t\t\t\t\t\t\t\t\t\t\t<div class=\"elementor-gallery-item__overlay\"><\/div>\n\t\t\t\t\t\t\t\t\t\t\t\t\t\t<\/a>\n\t\t\t\t\t\t\t<a class=\"e-gallery-item elementor-gallery-item elementor-animated-content\" href=\"https:\/\/toroenmaromado.es\/wp-content\/uploads\/2023\/02\/El-Toro-detenido-a-la-entrada-de-la-Calle-Canape-anos-80-scaled.jpg\" data-elementor-open-lightbox=\"yes\" data-elementor-lightbox-slideshow=\"5918586\" data-elementor-lightbox-title=\"El Toro detenido a la entrada de la Calle Canap\u00e9, a\u00f1os 80\" data-e-action-hash=\"#elementor-action%3Aaction%3Dlightbox%26settings%3DeyJpZCI6NzkxOSwidXJsIjoiaHR0cHM6XC9cL3Rvcm9lbm1hcm9tYWRvLmVzXC93cC1jb250ZW50XC91cGxvYWRzXC8yMDIzXC8wMlwvRWwtVG9yby1kZXRlbmlkby1hLWxhLWVudHJhZGEtZGUtbGEtQ2FsbGUtQ2FuYXBlLWFub3MtODAtc2NhbGVkLmpwZyIsInNsaWRlc2hvdyI6IjU5MTg1ODYifQ%3D%3D\">\n\t\t\t\t\t<div class=\"e-gallery-image elementor-gallery-item__image\" data-thumbnail=\"https:\/\/toroenmaromado.es\/wp-content\/uploads\/2023\/02\/El-Toro-detenido-a-la-entrada-de-la-Calle-Canape-anos-80-300x215.jpg\" data-width=\"300\" data-height=\"215\" aria-label=\"El Toro detenido a la entrada de la Calle Canap\u00e9, a\u00f1os 80\" role=\"img\" ><\/div>\n\t\t\t\t\t\t\t\t\t\t\t<div class=\"elementor-gallery-item__overlay\"><\/div>\n\t\t\t\t\t\t\t\t\t\t\t\t\t\t<\/a>\n\t\t\t\t\t\t\t<a class=\"e-gallery-item elementor-gallery-item elementor-animated-content\" href=\"https:\/\/toroenmaromado.es\/wp-content\/uploads\/2023\/02\/El-Toro-detenido-en-la-argolla-de-la-Plaza-del-Grano-anos-50.jpg\" data-elementor-open-lightbox=\"yes\" data-elementor-lightbox-slideshow=\"5918586\" data-elementor-lightbox-title=\"El Toro detenido en la argolla de la Plaza del Grano, a\u00f1os 50\" data-e-action-hash=\"#elementor-action%3Aaction%3Dlightbox%26settings%3DeyJpZCI6NzkyMCwidXJsIjoiaHR0cHM6XC9cL3Rvcm9lbm1hcm9tYWRvLmVzXC93cC1jb250ZW50XC91cGxvYWRzXC8yMDIzXC8wMlwvRWwtVG9yby1kZXRlbmlkby1lbi1sYS1hcmdvbGxhLWRlLWxhLVBsYXphLWRlbC1HcmFuby1hbm9zLTUwLmpwZyIsInNsaWRlc2hvdyI6IjU5MTg1ODYifQ%3D%3D\">\n\t\t\t\t\t<div class=\"e-gallery-image elementor-gallery-item__image\" data-thumbnail=\"https:\/\/toroenmaromado.es\/wp-content\/uploads\/2023\/02\/El-Toro-detenido-en-la-argolla-de-la-Plaza-del-Grano-anos-50-300x191.jpg\" data-width=\"300\" data-height=\"191\" aria-label=\"El Toro detenido en la argolla de la Plaza del Grano, a\u00f1os 50\" role=\"img\" ><\/div>\n\t\t\t\t\t\t\t\t\t\t\t<div class=\"elementor-gallery-item__overlay\"><\/div>\n\t\t\t\t\t\t\t\t\t\t\t\t\t\t<\/a>\n\t\t\t\t\t\t\t<a class=\"e-gallery-item elementor-gallery-item elementor-animated-content\" href=\"https:\/\/toroenmaromado.es\/wp-content\/uploads\/2023\/02\/El-Toro-detenido-en-la-Cuesta-del-Rio-ano-1952.jpg\" data-elementor-open-lightbox=\"yes\" data-elementor-lightbox-slideshow=\"5918586\" data-elementor-lightbox-title=\"El Toro detenido en la Cuesta del R\u00edo, a\u00f1o 1952\" data-e-action-hash=\"#elementor-action%3Aaction%3Dlightbox%26settings%3DeyJpZCI6NzkyMSwidXJsIjoiaHR0cHM6XC9cL3Rvcm9lbm1hcm9tYWRvLmVzXC93cC1jb250ZW50XC91cGxvYWRzXC8yMDIzXC8wMlwvRWwtVG9yby1kZXRlbmlkby1lbi1sYS1DdWVzdGEtZGVsLVJpby1hbm8tMTk1Mi5qcGciLCJzbGlkZXNob3ciOiI1OTE4NTg2In0%3D\">\n\t\t\t\t\t<div class=\"e-gallery-image elementor-gallery-item__image\" data-thumbnail=\"https:\/\/toroenmaromado.es\/wp-content\/uploads\/2023\/02\/El-Toro-detenido-en-la-Cuesta-del-Rio-ano-1952-211x300.jpg\" data-width=\"211\" data-height=\"300\" aria-label=\"El Toro detenido en la Cuesta del R\u00edo, a\u00f1o 1952\" role=\"img\" ><\/div>\n\t\t\t\t\t\t\t\t\t\t\t<div class=\"elementor-gallery-item__overlay\"><\/div>\n\t\t\t\t\t\t\t\t\t\t\t\t\t\t<\/a>\n\t\t\t\t\t\t\t<a class=\"e-gallery-item elementor-gallery-item elementor-animated-content\" href=\"https:\/\/toroenmaromado.es\/wp-content\/uploads\/2023\/02\/El-Toro-detenido-en-la-Plaza-de-la-Farola-anos-50.jpg\" data-elementor-open-lightbox=\"yes\" data-elementor-lightbox-slideshow=\"5918586\" data-elementor-lightbox-title=\"El Toro detenido en la Plaza de la Farola, a\u00f1os 50\" data-e-action-hash=\"#elementor-action%3Aaction%3Dlightbox%26settings%3DeyJpZCI6NzkyMiwidXJsIjoiaHR0cHM6XC9cL3Rvcm9lbm1hcm9tYWRvLmVzXC93cC1jb250ZW50XC91cGxvYWRzXC8yMDIzXC8wMlwvRWwtVG9yby1kZXRlbmlkby1lbi1sYS1QbGF6YS1kZS1sYS1GYXJvbGEtYW5vcy01MC5qcGciLCJzbGlkZXNob3ciOiI1OTE4NTg2In0%3D\">\n\t\t\t\t\t<div class=\"e-gallery-image elementor-gallery-item__image\" data-thumbnail=\"https:\/\/toroenmaromado.es\/wp-content\/uploads\/2023\/02\/El-Toro-detenido-en-la-Plaza-de-la-Farola-anos-50-300x192.jpg\" data-width=\"300\" data-height=\"192\" aria-label=\"El Toro detenido en la Plaza de la Farola, a\u00f1os 50\" role=\"img\" ><\/div>\n\t\t\t\t\t\t\t\t\t\t\t<div class=\"elementor-gallery-item__overlay\"><\/div>\n\t\t\t\t\t\t\t\t\t\t\t\t\t\t<\/a>\n\t\t\t\t\t\t\t<a class=\"e-gallery-item elementor-gallery-item elementor-animated-content\" href=\"https:\/\/toroenmaromado.es\/wp-content\/uploads\/2023\/02\/El-Toro-detenido-junto-al-edificio-de-la-Cruz-Roja-anos-60.jpg\" data-elementor-open-lightbox=\"yes\" data-elementor-lightbox-slideshow=\"5918586\" data-elementor-lightbox-title=\"El Toro detenido junto al edificio de la Cruz Roja, a\u00f1os 60\" data-e-action-hash=\"#elementor-action%3Aaction%3Dlightbox%26settings%3DeyJpZCI6NzkyNiwidXJsIjoiaHR0cHM6XC9cL3Rvcm9lbm1hcm9tYWRvLmVzXC93cC1jb250ZW50XC91cGxvYWRzXC8yMDIzXC8wMlwvRWwtVG9yby1kZXRlbmlkby1qdW50by1hbC1lZGlmaWNpby1kZS1sYS1DcnV6LVJvamEtYW5vcy02MC5qcGciLCJzbGlkZXNob3ciOiI1OTE4NTg2In0%3D\">\n\t\t\t\t\t<div class=\"e-gallery-image elementor-gallery-item__image\" data-thumbnail=\"https:\/\/toroenmaromado.es\/wp-content\/uploads\/2023\/02\/El-Toro-detenido-junto-al-edificio-de-la-Cruz-Roja-anos-60-300x192.jpg\" data-width=\"300\" data-height=\"192\" aria-label=\"El Toro detenido junto al edificio de la Cruz Roja, a\u00f1os 60\" role=\"img\" ><\/div>\n\t\t\t\t\t\t\t\t\t\t\t<div class=\"elementor-gallery-item__overlay\"><\/div>\n\t\t\t\t\t\t\t\t\t\t\t\t\t\t<\/a>\n\t\t\t\t\t\t\t<a class=\"e-gallery-item elementor-gallery-item elementor-animated-content\" href=\"https:\/\/toroenmaromado.es\/wp-content\/uploads\/2023\/02\/El-Toro-echado-junto-a-la-Ria-de-Don-Felipe-ano-1949-scaled.jpg\" data-elementor-open-lightbox=\"yes\" data-elementor-lightbox-slideshow=\"5918586\" data-elementor-lightbox-title=\"El Toro echado junto a la R\u00eda de Don Felipe, a\u00f1o 1949\" data-e-action-hash=\"#elementor-action%3Aaction%3Dlightbox%26settings%3DeyJpZCI6NzkyNywidXJsIjoiaHR0cHM6XC9cL3Rvcm9lbm1hcm9tYWRvLmVzXC93cC1jb250ZW50XC91cGxvYWRzXC8yMDIzXC8wMlwvRWwtVG9yby1lY2hhZG8tanVudG8tYS1sYS1SaWEtZGUtRG9uLUZlbGlwZS1hbm8tMTk0OS1zY2FsZWQuanBnIiwic2xpZGVzaG93IjoiNTkxODU4NiJ9\">\n\t\t\t\t\t<div class=\"e-gallery-image elementor-gallery-item__image\" data-thumbnail=\"https:\/\/toroenmaromado.es\/wp-content\/uploads\/2023\/02\/El-Toro-echado-junto-a-la-Ria-de-Don-Felipe-ano-1949-300x187.jpg\" data-width=\"300\" data-height=\"187\" aria-label=\"El Toro echado junto a la R\u00eda de Don Felipe, a\u00f1o 1949\" role=\"img\" ><\/div>\n\t\t\t\t\t\t\t\t\t\t\t<div class=\"elementor-gallery-item__overlay\"><\/div>\n\t\t\t\t\t\t\t\t\t\t\t\t\t\t<\/a>\n\t\t\t\t\t\t\t<a class=\"e-gallery-item elementor-gallery-item elementor-animated-content\" href=\"https:\/\/toroenmaromado.es\/wp-content\/uploads\/2023\/02\/El-Toro-en-Calle-Santa-Clara-ano-70-scaled.bmp\" data-elementor-open-lightbox=\"yes\" data-elementor-lightbox-slideshow=\"5918586\" data-elementor-lightbox-title=\"El Toro en Calle Santa Clara, a\u00f1o 70\" data-e-action-hash=\"#elementor-action%3Aaction%3Dlightbox%26settings%3DeyJpZCI6NzkzMSwidXJsIjoiaHR0cHM6XC9cL3Rvcm9lbm1hcm9tYWRvLmVzXC93cC1jb250ZW50XC91cGxvYWRzXC8yMDIzXC8wMlwvRWwtVG9yby1lbi1DYWxsZS1TYW50YS1DbGFyYS1hbm8tNzAtc2NhbGVkLmJtcCIsInNsaWRlc2hvdyI6IjU5MTg1ODYifQ%3D%3D\">\n\t\t\t\t\t<div class=\"e-gallery-image elementor-gallery-item__image\" data-thumbnail=\"https:\/\/toroenmaromado.es\/wp-content\/uploads\/2023\/02\/El-Toro-en-Calle-Santa-Clara-ano-70-300x192.jpg\" data-width=\"300\" data-height=\"192\" aria-label=\"El Toro en Calle Santa Clara, a\u00f1o 70\" role=\"img\" ><\/div>\n\t\t\t\t\t\t\t\t\t\t\t<div class=\"elementor-gallery-item__overlay\"><\/div>\n\t\t\t\t\t\t\t\t\t\t\t\t\t\t<\/a>\n\t\t\t\t\t\t\t<a class=\"e-gallery-item elementor-gallery-item elementor-animated-content\" href=\"https:\/\/toroenmaromado.es\/wp-content\/uploads\/2023\/02\/El-Toro-en-direccion-a-la-Plaza-Santa-Maria-anos-50-scaled.jpg\" data-elementor-open-lightbox=\"yes\" data-elementor-lightbox-slideshow=\"5918586\" data-elementor-lightbox-title=\"El Toro en direcci\u00f3n a la Plaza Santa Mar\u00eda, a\u00f1os 50\" data-e-action-hash=\"#elementor-action%3Aaction%3Dlightbox%26settings%3DeyJpZCI6NzkzMiwidXJsIjoiaHR0cHM6XC9cL3Rvcm9lbm1hcm9tYWRvLmVzXC93cC1jb250ZW50XC91cGxvYWRzXC8yMDIzXC8wMlwvRWwtVG9yby1lbi1kaXJlY2Npb24tYS1sYS1QbGF6YS1TYW50YS1NYXJpYS1hbm9zLTUwLXNjYWxlZC5qcGciLCJzbGlkZXNob3ciOiI1OTE4NTg2In0%3D\">\n\t\t\t\t\t<div class=\"e-gallery-image elementor-gallery-item__image\" data-thumbnail=\"https:\/\/toroenmaromado.es\/wp-content\/uploads\/2023\/02\/El-Toro-en-direccion-a-la-Plaza-Santa-Maria-anos-50-300x188.jpg\" data-width=\"300\" data-height=\"188\" aria-label=\"El Toro en direcci\u00f3n a la Plaza Santa Mar\u00eda, a\u00f1os 50\" role=\"img\" ><\/div>\n\t\t\t\t\t\t\t\t\t\t\t<div class=\"elementor-gallery-item__overlay\"><\/div>\n\t\t\t\t\t\t\t\t\t\t\t\t\t\t<\/a>\n\t\t\t\t\t\t\t<a class=\"e-gallery-item elementor-gallery-item elementor-animated-content\" href=\"https:\/\/toroenmaromado.es\/wp-content\/uploads\/2023\/02\/El-Toro-en-la-argolla-de-la-Plaza-de-la-Madera-ano-1948.jpg\" data-elementor-open-lightbox=\"yes\" data-elementor-lightbox-slideshow=\"5918586\" data-elementor-lightbox-title=\"El Toro en la argolla de la Plaza de la Madera, a\u00f1o 1948\" data-e-action-hash=\"#elementor-action%3Aaction%3Dlightbox%26settings%3DeyJpZCI6NzkzMywidXJsIjoiaHR0cHM6XC9cL3Rvcm9lbm1hcm9tYWRvLmVzXC93cC1jb250ZW50XC91cGxvYWRzXC8yMDIzXC8wMlwvRWwtVG9yby1lbi1sYS1hcmdvbGxhLWRlLWxhLVBsYXphLWRlLWxhLU1hZGVyYS1hbm8tMTk0OC5qcGciLCJzbGlkZXNob3ciOiI1OTE4NTg2In0%3D\">\n\t\t\t\t\t<div class=\"e-gallery-image elementor-gallery-item__image\" data-thumbnail=\"https:\/\/toroenmaromado.es\/wp-content\/uploads\/2023\/02\/El-Toro-en-la-argolla-de-la-Plaza-de-la-Madera-ano-1948-300x182.jpg\" data-width=\"300\" data-height=\"182\" aria-label=\"El Toro en la argolla de la Plaza de la Madera, a\u00f1o 1948\" role=\"img\" ><\/div>\n\t\t\t\t\t\t\t\t\t\t\t<div class=\"elementor-gallery-item__overlay\"><\/div>\n\t\t\t\t\t\t\t\t\t\t\t\t\t\t<\/a>\n\t\t\t\t\t\t\t<a class=\"e-gallery-item elementor-gallery-item elementor-animated-content\" href=\"https:\/\/toroenmaromado.es\/wp-content\/uploads\/2023\/02\/El-Toro-en-la-argolla-de-la-Plaza-del-Grano-anos-50.jpg\" data-elementor-open-lightbox=\"yes\" data-elementor-lightbox-slideshow=\"5918586\" data-elementor-lightbox-title=\"El Toro en la argolla de la Plaza del Grano, a\u00f1os 50\" data-e-action-hash=\"#elementor-action%3Aaction%3Dlightbox%26settings%3DeyJpZCI6NzkzNCwidXJsIjoiaHR0cHM6XC9cL3Rvcm9lbm1hcm9tYWRvLmVzXC93cC1jb250ZW50XC91cGxvYWRzXC8yMDIzXC8wMlwvRWwtVG9yby1lbi1sYS1hcmdvbGxhLWRlLWxhLVBsYXphLWRlbC1HcmFuby1hbm9zLTUwLmpwZyIsInNsaWRlc2hvdyI6IjU5MTg1ODYifQ%3D%3D\">\n\t\t\t\t\t<div class=\"e-gallery-image elementor-gallery-item__image\" data-thumbnail=\"https:\/\/toroenmaromado.es\/wp-content\/uploads\/2023\/02\/El-Toro-en-la-argolla-de-la-Plaza-del-Grano-anos-50-300x192.jpg\" data-width=\"300\" data-height=\"192\" aria-label=\"El Toro en la argolla de la Plaza del Grano, a\u00f1os 50\" role=\"img\" ><\/div>\n\t\t\t\t\t\t\t\t\t\t\t<div class=\"elementor-gallery-item__overlay\"><\/div>\n\t\t\t\t\t\t\t\t\t\t\t\t\t\t<\/a>\n\t\t\t\t\t\t\t<a class=\"e-gallery-item elementor-gallery-item elementor-animated-content\" href=\"https:\/\/toroenmaromado.es\/wp-content\/uploads\/2023\/02\/El-Toro-en-la-Calle-San-Anton-Ano-1984-1.jpg\" data-elementor-open-lightbox=\"yes\" data-elementor-lightbox-slideshow=\"5918586\" data-elementor-lightbox-title=\"El Toro en la Calle San Ant\u00f3n, A\u00f1o 1984\" data-e-action-hash=\"#elementor-action%3Aaction%3Dlightbox%26settings%3DeyJpZCI6NzkzNSwidXJsIjoiaHR0cHM6XC9cL3Rvcm9lbm1hcm9tYWRvLmVzXC93cC1jb250ZW50XC91cGxvYWRzXC8yMDIzXC8wMlwvRWwtVG9yby1lbi1sYS1DYWxsZS1TYW4tQW50b24tQW5vLTE5ODQtMS5qcGciLCJzbGlkZXNob3ciOiI1OTE4NTg2In0%3D\">\n\t\t\t\t\t<div class=\"e-gallery-image elementor-gallery-item__image\" data-thumbnail=\"https:\/\/toroenmaromado.es\/wp-content\/uploads\/2023\/02\/El-Toro-en-la-Calle-San-Anton-Ano-1984-1-300x178.jpg\" data-width=\"300\" data-height=\"178\" aria-label=\"El Toro en la Calle San Ant\u00f3n, A\u00f1o 1984\" role=\"img\" ><\/div>\n\t\t\t\t\t\t\t\t\t\t\t<div class=\"elementor-gallery-item__overlay\"><\/div>\n\t\t\t\t\t\t\t\t\t\t\t\t\t\t<\/a>\n\t\t\t\t\t\t\t<a class=\"e-gallery-item elementor-gallery-item elementor-animated-content\" href=\"https:\/\/toroenmaromado.es\/wp-content\/uploads\/2023\/02\/El-Toro-en-la-Ria-de-Don-Felipe.-Al-fondo-el-Puente-de-Hierro-ano-1953.jpg\" data-elementor-open-lightbox=\"yes\" data-elementor-lightbox-slideshow=\"5918586\" data-elementor-lightbox-title=\"El Toro en la R\u00eda de Don Felipe. Al fondo el Puente de Hierro, a\u00f1o 1953\" data-e-action-hash=\"#elementor-action%3Aaction%3Dlightbox%26settings%3DeyJpZCI6NzkzNiwidXJsIjoiaHR0cHM6XC9cL3Rvcm9lbm1hcm9tYWRvLmVzXC93cC1jb250ZW50XC91cGxvYWRzXC8yMDIzXC8wMlwvRWwtVG9yby1lbi1sYS1SaWEtZGUtRG9uLUZlbGlwZS4tQWwtZm9uZG8tZWwtUHVlbnRlLWRlLUhpZXJyby1hbm8tMTk1My5qcGciLCJzbGlkZXNob3ciOiI1OTE4NTg2In0%3D\">\n\t\t\t\t\t<div class=\"e-gallery-image elementor-gallery-item__image\" data-thumbnail=\"https:\/\/toroenmaromado.es\/wp-content\/uploads\/2023\/02\/El-Toro-en-la-Ria-de-Don-Felipe.-Al-fondo-el-Puente-de-Hierro-ano-1953-212x300.jpg\" data-width=\"212\" data-height=\"300\" aria-label=\"El Toro en la R\u00eda de Don Felipe. Al fondo el Puente de Hierro, a\u00f1o 1953\" role=\"img\" ><\/div>\n\t\t\t\t\t\t\t\t\t\t\t<div class=\"elementor-gallery-item__overlay\"><\/div>\n\t\t\t\t\t\t\t\t\t\t\t\t\t\t<\/a>\n\t\t\t\t\t\t\t<a class=\"e-gallery-item elementor-gallery-item elementor-animated-content\" href=\"https:\/\/toroenmaromado.es\/wp-content\/uploads\/2023\/02\/El-Toro-en-los-corrales-del-Toril-Viejo-Ano-1946-1.jpg\" data-elementor-open-lightbox=\"yes\" data-elementor-lightbox-slideshow=\"5918586\" data-elementor-lightbox-title=\"El Toro en los corrales del Toril Viejo, A\u00f1o 1946\" data-e-action-hash=\"#elementor-action%3Aaction%3Dlightbox%26settings%3DeyJpZCI6NzkzNywidXJsIjoiaHR0cHM6XC9cL3Rvcm9lbm1hcm9tYWRvLmVzXC93cC1jb250ZW50XC91cGxvYWRzXC8yMDIzXC8wMlwvRWwtVG9yby1lbi1sb3MtY29ycmFsZXMtZGVsLVRvcmlsLVZpZWpvLUFuby0xOTQ2LTEuanBnIiwic2xpZGVzaG93IjoiNTkxODU4NiJ9\">\n\t\t\t\t\t<div class=\"e-gallery-image elementor-gallery-item__image\" data-thumbnail=\"https:\/\/toroenmaromado.es\/wp-content\/uploads\/2023\/02\/El-Toro-en-los-corrales-del-Toril-Viejo-Ano-1946-1-300x300.jpg\" data-width=\"300\" data-height=\"300\" aria-label=\"El Toro en los corrales del Toril Viejo, A\u00f1o 1946\" role=\"img\" ><\/div>\n\t\t\t\t\t\t\t\t\t\t\t<div class=\"elementor-gallery-item__overlay\"><\/div>\n\t\t\t\t\t\t\t\t\t\t\t\t\t\t<\/a>\n\t\t\t\t\t\t\t<a class=\"e-gallery-item elementor-gallery-item elementor-animated-content\" href=\"https:\/\/toroenmaromado.es\/wp-content\/uploads\/2023\/02\/El-Toro-en-los-soportales-de-la-Casa-de-los-Bobillos-anos-50.jpg\" data-elementor-open-lightbox=\"yes\" data-elementor-lightbox-slideshow=\"5918586\" data-elementor-lightbox-title=\"El Toro en los soportales de la Casa de los Bobillos, a\u00f1os 50\" data-e-action-hash=\"#elementor-action%3Aaction%3Dlightbox%26settings%3DeyJpZCI6NzkzOCwidXJsIjoiaHR0cHM6XC9cL3Rvcm9lbm1hcm9tYWRvLmVzXC93cC1jb250ZW50XC91cGxvYWRzXC8yMDIzXC8wMlwvRWwtVG9yby1lbi1sb3Mtc29wb3J0YWxlcy1kZS1sYS1DYXNhLWRlLWxvcy1Cb2JpbGxvcy1hbm9zLTUwLmpwZyIsInNsaWRlc2hvdyI6IjU5MTg1ODYifQ%3D%3D\">\n\t\t\t\t\t<div class=\"e-gallery-image elementor-gallery-item__image\" data-thumbnail=\"https:\/\/toroenmaromado.es\/wp-content\/uploads\/2023\/02\/El-Toro-en-los-soportales-de-la-Casa-de-los-Bobillos-anos-50-300x226.jpg\" data-width=\"300\" data-height=\"226\" aria-label=\"El Toro en los soportales de la Casa de los Bobillos, a\u00f1os 50\" role=\"img\" ><\/div>\n\t\t\t\t\t\t\t\t\t\t\t<div class=\"elementor-gallery-item__overlay\"><\/div>\n\t\t\t\t\t\t\t\t\t\t\t\t\t\t<\/a>\n\t\t\t\t\t\t\t<a class=\"e-gallery-item elementor-gallery-item elementor-animated-content\" href=\"https:\/\/toroenmaromado.es\/wp-content\/uploads\/2023\/02\/El-Toro-entrando-en-el-Matadero-anos-60.jpg\" data-elementor-open-lightbox=\"yes\" data-elementor-lightbox-slideshow=\"5918586\" data-elementor-lightbox-title=\"El Toro entrando en el Matadero, a\u00f1os 60\" data-e-action-hash=\"#elementor-action%3Aaction%3Dlightbox%26settings%3DeyJpZCI6NzkzOSwidXJsIjoiaHR0cHM6XC9cL3Rvcm9lbm1hcm9tYWRvLmVzXC93cC1jb250ZW50XC91cGxvYWRzXC8yMDIzXC8wMlwvRWwtVG9yby1lbnRyYW5kby1lbi1lbC1NYXRhZGVyby1hbm9zLTYwLmpwZyIsInNsaWRlc2hvdyI6IjU5MTg1ODYifQ%3D%3D\">\n\t\t\t\t\t<div class=\"e-gallery-image elementor-gallery-item__image\" data-thumbnail=\"https:\/\/toroenmaromado.es\/wp-content\/uploads\/2023\/02\/El-Toro-entrando-en-el-Matadero-anos-60-300x192.jpg\" data-width=\"300\" data-height=\"192\" aria-label=\"El Toro entrando en el Matadero, a\u00f1os 60\" role=\"img\" ><\/div>\n\t\t\t\t\t\t\t\t\t\t\t<div class=\"elementor-gallery-item__overlay\"><\/div>\n\t\t\t\t\t\t\t\t\t\t\t\t\t\t<\/a>\n\t\t\t\t\t\t\t<a class=\"e-gallery-item elementor-gallery-item elementor-animated-content\" href=\"https:\/\/toroenmaromado.es\/wp-content\/uploads\/2023\/02\/El-Toro-entrando-en-la-Calle-Ancha-anos-50.jpg\" data-elementor-open-lightbox=\"yes\" data-elementor-lightbox-slideshow=\"5918586\" data-elementor-lightbox-title=\"El Toro entrando en la Calle Ancha, a\u00f1os 50\" data-e-action-hash=\"#elementor-action%3Aaction%3Dlightbox%26settings%3DeyJpZCI6Nzk0MCwidXJsIjoiaHR0cHM6XC9cL3Rvcm9lbm1hcm9tYWRvLmVzXC93cC1jb250ZW50XC91cGxvYWRzXC8yMDIzXC8wMlwvRWwtVG9yby1lbnRyYW5kby1lbi1sYS1DYWxsZS1BbmNoYS1hbm9zLTUwLmpwZyIsInNsaWRlc2hvdyI6IjU5MTg1ODYifQ%3D%3D\">\n\t\t\t\t\t<div class=\"e-gallery-image elementor-gallery-item__image\" data-thumbnail=\"https:\/\/toroenmaromado.es\/wp-content\/uploads\/2023\/02\/El-Toro-entrando-en-la-Calle-Ancha-anos-50-190x300.jpg\" data-width=\"190\" data-height=\"300\" aria-label=\"El Toro entrando en la Calle Ancha, a\u00f1os 50\" role=\"img\" ><\/div>\n\t\t\t\t\t\t\t\t\t\t\t<div class=\"elementor-gallery-item__overlay\"><\/div>\n\t\t\t\t\t\t\t\t\t\t\t\t\t\t<\/a>\n\t\t\t\t\t\t\t<a class=\"e-gallery-item elementor-gallery-item elementor-animated-content\" href=\"https:\/\/toroenmaromado.es\/wp-content\/uploads\/2023\/02\/El-Toro-junto-a-los-Cuestos-del-antiguo-Centro-Secundario-de-Higiene-anos-70.bmp\" data-elementor-open-lightbox=\"yes\" data-elementor-lightbox-slideshow=\"5918586\" data-elementor-lightbox-title=\"El Toro junto a los Cuestos del antiguo Centro Secundario de Higiene, a\u00f1os 70\" data-e-action-hash=\"#elementor-action%3Aaction%3Dlightbox%26settings%3DeyJpZCI6Nzk0MSwidXJsIjoiaHR0cHM6XC9cL3Rvcm9lbm1hcm9tYWRvLmVzXC93cC1jb250ZW50XC91cGxvYWRzXC8yMDIzXC8wMlwvRWwtVG9yby1qdW50by1hLWxvcy1DdWVzdG9zLWRlbC1hbnRpZ3VvLUNlbnRyby1TZWN1bmRhcmlvLWRlLUhpZ2llbmUtYW5vcy03MC5ibXAiLCJzbGlkZXNob3ciOiI1OTE4NTg2In0%3D\">\n\t\t\t\t\t<div class=\"e-gallery-image elementor-gallery-item__image\" data-thumbnail=\"https:\/\/toroenmaromado.es\/wp-content\/uploads\/2023\/02\/El-Toro-junto-a-los-Cuestos-del-antiguo-Centro-Secundario-de-Higiene-anos-70-300x192.jpg\" data-width=\"300\" data-height=\"192\" aria-label=\"El Toro junto a los Cuestos del antiguo Centro Secundario de Higiene, a\u00f1os 70\" role=\"img\" ><\/div>\n\t\t\t\t\t\t\t\t\t\t\t<div class=\"elementor-gallery-item__overlay\"><\/div>\n\t\t\t\t\t\t\t\t\t\t\t\t\t\t<\/a>\n\t\t\t\t\t\t\t<a class=\"e-gallery-item elementor-gallery-item elementor-animated-content\" href=\"https:\/\/toroenmaromado.es\/wp-content\/uploads\/2023\/02\/El-toro-reposando-junto-a-los-Cuestos-de-la-Mota-Vieja-Anos-60.jpg\" data-elementor-open-lightbox=\"yes\" data-elementor-lightbox-slideshow=\"5918586\" data-elementor-lightbox-title=\"El toro reposando junto a los Cuestos de la Mota Vieja, A\u00f1os 60\" data-e-action-hash=\"#elementor-action%3Aaction%3Dlightbox%26settings%3DeyJpZCI6Nzk0MiwidXJsIjoiaHR0cHM6XC9cL3Rvcm9lbm1hcm9tYWRvLmVzXC93cC1jb250ZW50XC91cGxvYWRzXC8yMDIzXC8wMlwvRWwtdG9yby1yZXBvc2FuZG8tanVudG8tYS1sb3MtQ3Vlc3Rvcy1kZS1sYS1Nb3RhLVZpZWphLUFub3MtNjAuanBnIiwic2xpZGVzaG93IjoiNTkxODU4NiJ9\">\n\t\t\t\t\t<div class=\"e-gallery-image elementor-gallery-item__image\" data-thumbnail=\"https:\/\/toroenmaromado.es\/wp-content\/uploads\/2023\/02\/El-toro-reposando-junto-a-los-Cuestos-de-la-Mota-Vieja-Anos-60-300x193.jpg\" data-width=\"300\" data-height=\"193\" aria-label=\"El toro reposando junto a los Cuestos de la Mota Vieja, A\u00f1os 60\" role=\"img\" ><\/div>\n\t\t\t\t\t\t\t\t\t\t\t<div class=\"elementor-gallery-item__overlay\"><\/div>\n\t\t\t\t\t\t\t\t\t\t\t\t\t\t<\/a>\n\t\t\t\t\t\t\t<a class=\"e-gallery-item elementor-gallery-item elementor-animated-content\" href=\"https:\/\/toroenmaromado.es\/wp-content\/uploads\/2023\/02\/El-Toro-saliendo-de-la-Calle-El-Toril-a-la-Calle-San-Anton-Anos-60-1.jpg\" data-elementor-open-lightbox=\"yes\" data-elementor-lightbox-slideshow=\"5918586\" data-elementor-lightbox-title=\"El Toro saliendo de la Calle El Toril a la Calle San Ant\u00f3n, A\u00f1os 60\" data-e-action-hash=\"#elementor-action%3Aaction%3Dlightbox%26settings%3DeyJpZCI6Nzk0MywidXJsIjoiaHR0cHM6XC9cL3Rvcm9lbm1hcm9tYWRvLmVzXC93cC1jb250ZW50XC91cGxvYWRzXC8yMDIzXC8wMlwvRWwtVG9yby1zYWxpZW5kby1kZS1sYS1DYWxsZS1FbC1Ub3JpbC1hLWxhLUNhbGxlLVNhbi1BbnRvbi1Bbm9zLTYwLTEuanBnIiwic2xpZGVzaG93IjoiNTkxODU4NiJ9\">\n\t\t\t\t\t<div class=\"e-gallery-image elementor-gallery-item__image\" data-thumbnail=\"https:\/\/toroenmaromado.es\/wp-content\/uploads\/2023\/02\/El-Toro-saliendo-de-la-Calle-El-Toril-a-la-Calle-San-Anton-Anos-60-1-300x178.jpg\" data-width=\"300\" data-height=\"178\" aria-label=\"El Toro saliendo de la Calle El Toril a la Calle San Ant\u00f3n, A\u00f1os 60\" role=\"img\" ><\/div>\n\t\t\t\t\t\t\t\t\t\t\t<div class=\"elementor-gallery-item__overlay\"><\/div>\n\t\t\t\t\t\t\t\t\t\t\t\t\t\t<\/a>\n\t\t\t\t\t\t\t<a class=\"e-gallery-item elementor-gallery-item elementor-animated-content\" href=\"https:\/\/toroenmaromado.es\/wp-content\/uploads\/2023\/02\/Embistiendo-a-los-mozos-junto-al-Banco-Central-anos-60.jpg\" data-elementor-open-lightbox=\"yes\" data-elementor-lightbox-slideshow=\"5918586\" data-elementor-lightbox-title=\"Embistiendo a los mozos junto al Banco Central, a\u00f1os 60\" data-e-action-hash=\"#elementor-action%3Aaction%3Dlightbox%26settings%3DeyJpZCI6Nzk0NCwidXJsIjoiaHR0cHM6XC9cL3Rvcm9lbm1hcm9tYWRvLmVzXC93cC1jb250ZW50XC91cGxvYWRzXC8yMDIzXC8wMlwvRW1iaXN0aWVuZG8tYS1sb3MtbW96b3MtanVudG8tYWwtQmFuY28tQ2VudHJhbC1hbm9zLTYwLmpwZyIsInNsaWRlc2hvdyI6IjU5MTg1ODYifQ%3D%3D\">\n\t\t\t\t\t<div class=\"e-gallery-image elementor-gallery-item__image\" data-thumbnail=\"https:\/\/toroenmaromado.es\/wp-content\/uploads\/2023\/02\/Embistiendo-a-los-mozos-junto-al-Banco-Central-anos-60-300x204.jpg\" data-width=\"300\" data-height=\"204\" aria-label=\"Embistiendo a los mozos junto al Banco Central, a\u00f1os 60\" role=\"img\" ><\/div>\n\t\t\t\t\t\t\t\t\t\t\t<div class=\"elementor-gallery-item__overlay\"><\/div>\n\t\t\t\t\t\t\t\t\t\t\t\t\t\t<\/a>\n\t\t\t\t\t\t\t<a class=\"e-gallery-item elementor-gallery-item elementor-animated-content\" href=\"https:\/\/toroenmaromado.es\/wp-content\/uploads\/2023\/02\/Embistiendo-a-un-mozo-junto-a-la-Calle-Aguadores-anos-50.jpg\" data-elementor-open-lightbox=\"yes\" data-elementor-lightbox-slideshow=\"5918586\" data-elementor-lightbox-title=\"Embistiendo a un mozo junto a la Calle Aguadores, a\u00f1os 50\" data-e-action-hash=\"#elementor-action%3Aaction%3Dlightbox%26settings%3DeyJpZCI6Nzk0NSwidXJsIjoiaHR0cHM6XC9cL3Rvcm9lbm1hcm9tYWRvLmVzXC93cC1jb250ZW50XC91cGxvYWRzXC8yMDIzXC8wMlwvRW1iaXN0aWVuZG8tYS11bi1tb3pvLWp1bnRvLWEtbGEtQ2FsbGUtQWd1YWRvcmVzLWFub3MtNTAuanBnIiwic2xpZGVzaG93IjoiNTkxODU4NiJ9\">\n\t\t\t\t\t<div class=\"e-gallery-image elementor-gallery-item__image\" data-thumbnail=\"https:\/\/toroenmaromado.es\/wp-content\/uploads\/2023\/02\/Embistiendo-a-un-mozo-junto-a-la-Calle-Aguadores-anos-50-300x182.jpg\" data-width=\"300\" data-height=\"182\" aria-label=\"Embistiendo a un mozo junto a la Calle Aguadores, a\u00f1os 50\" role=\"img\" ><\/div>\n\t\t\t\t\t\t\t\t\t\t\t<div class=\"elementor-gallery-item__overlay\"><\/div>\n\t\t\t\t\t\t\t\t\t\t\t\t\t\t<\/a>\n\t\t\t\t\t\t\t<a class=\"e-gallery-item elementor-gallery-item elementor-animated-content\" href=\"https:\/\/toroenmaromado.es\/wp-content\/uploads\/2023\/02\/En-direccion-a-la-Calle-de-los-Carros-anos-50-scaled.jpg\" data-elementor-open-lightbox=\"yes\" data-elementor-lightbox-slideshow=\"5918586\" data-elementor-lightbox-title=\"En direcci\u00f3n a la Calle de los Carros, a\u00f1os 50\" data-e-action-hash=\"#elementor-action%3Aaction%3Dlightbox%26settings%3DeyJpZCI6Nzk0NiwidXJsIjoiaHR0cHM6XC9cL3Rvcm9lbm1hcm9tYWRvLmVzXC93cC1jb250ZW50XC91cGxvYWRzXC8yMDIzXC8wMlwvRW4tZGlyZWNjaW9uLWEtbGEtQ2FsbGUtZGUtbG9zLUNhcnJvcy1hbm9zLTUwLXNjYWxlZC5qcGciLCJzbGlkZXNob3ciOiI1OTE4NTg2In0%3D\">\n\t\t\t\t\t<div class=\"e-gallery-image elementor-gallery-item__image\" data-thumbnail=\"https:\/\/toroenmaromado.es\/wp-content\/uploads\/2023\/02\/En-direccion-a-la-Calle-de-los-Carros-anos-50-300x192.jpg\" data-width=\"300\" data-height=\"192\" aria-label=\"En direcci\u00f3n a la Calle de los Carros, a\u00f1os 50\" role=\"img\" ><\/div>\n\t\t\t\t\t\t\t\t\t\t\t<div class=\"elementor-gallery-item__overlay\"><\/div>\n\t\t\t\t\t\t\t\t\t\t\t\t\t\t<\/a>\n\t\t\t\t\t\t\t<a class=\"e-gallery-item elementor-gallery-item elementor-animated-content\" href=\"https:\/\/toroenmaromado.es\/wp-content\/uploads\/2023\/02\/En-la-argolla-de-la-Plaza-la-Madera-anos-70-scaled.jpg\" data-elementor-open-lightbox=\"yes\" data-elementor-lightbox-slideshow=\"5918586\" data-elementor-lightbox-title=\"En la argolla de la Plaza la Madera, a\u00f1os 70\" data-e-action-hash=\"#elementor-action%3Aaction%3Dlightbox%26settings%3DeyJpZCI6Nzk0NywidXJsIjoiaHR0cHM6XC9cL3Rvcm9lbm1hcm9tYWRvLmVzXC93cC1jb250ZW50XC91cGxvYWRzXC8yMDIzXC8wMlwvRW4tbGEtYXJnb2xsYS1kZS1sYS1QbGF6YS1sYS1NYWRlcmEtYW5vcy03MC1zY2FsZWQuanBnIiwic2xpZGVzaG93IjoiNTkxODU4NiJ9\">\n\t\t\t\t\t<div class=\"e-gallery-image elementor-gallery-item__image\" data-thumbnail=\"https:\/\/toroenmaromado.es\/wp-content\/uploads\/2023\/02\/En-la-argolla-de-la-Plaza-la-Madera-anos-70-300x194.jpg\" data-width=\"300\" data-height=\"194\" aria-label=\"En la argolla de la Plaza la Madera, a\u00f1os 70\" role=\"img\" ><\/div>\n\t\t\t\t\t\t\t\t\t\t\t<div class=\"elementor-gallery-item__overlay\"><\/div>\n\t\t\t\t\t\t\t\t\t\t\t\t\t\t<\/a>\n\t\t\t\t\t\t\t<a class=\"e-gallery-item elementor-gallery-item elementor-animated-content\" href=\"https:\/\/toroenmaromado.es\/wp-content\/uploads\/2023\/02\/En-la-Plaza-de-San-Martin-anos-50.jpg\" data-elementor-open-lightbox=\"yes\" data-elementor-lightbox-slideshow=\"5918586\" data-elementor-lightbox-title=\"En la Plaza de San Mart\u00edn, a\u00f1os 50\" data-e-action-hash=\"#elementor-action%3Aaction%3Dlightbox%26settings%3DeyJpZCI6Nzk0OCwidXJsIjoiaHR0cHM6XC9cL3Rvcm9lbm1hcm9tYWRvLmVzXC93cC1jb250ZW50XC91cGxvYWRzXC8yMDIzXC8wMlwvRW4tbGEtUGxhemEtZGUtU2FuLU1hcnRpbi1hbm9zLTUwLmpwZyIsInNsaWRlc2hvdyI6IjU5MTg1ODYifQ%3D%3D\">\n\t\t\t\t\t<div class=\"e-gallery-image elementor-gallery-item__image\" data-thumbnail=\"https:\/\/toroenmaromado.es\/wp-content\/uploads\/2023\/02\/En-la-Plaza-de-San-Martin-anos-50-300x192.jpg\" data-width=\"300\" data-height=\"192\" aria-label=\"En la Plaza de San Mart\u00edn, a\u00f1os 50\" role=\"img\" ><\/div>\n\t\t\t\t\t\t\t\t\t\t\t<div class=\"elementor-gallery-item__overlay\"><\/div>\n\t\t\t\t\t\t\t\t\t\t\t\t\t\t<\/a>\n\t\t\t\t\t\t\t<a class=\"e-gallery-item elementor-gallery-item elementor-animated-content\" href=\"https:\/\/toroenmaromado.es\/wp-content\/uploads\/2023\/02\/En-la-Plaza-de-San-Martin.-Al-fondo-antiguas-construcciones-desaparecias-anos-40.jpg\" data-elementor-open-lightbox=\"yes\" data-elementor-lightbox-slideshow=\"5918586\" data-elementor-lightbox-title=\"En la Plaza de San Mart\u00edn. Al fondo antiguas construcciones desaparecias, a\u00f1os 40\" data-e-action-hash=\"#elementor-action%3Aaction%3Dlightbox%26settings%3DeyJpZCI6Nzk0OSwidXJsIjoiaHR0cHM6XC9cL3Rvcm9lbm1hcm9tYWRvLmVzXC93cC1jb250ZW50XC91cGxvYWRzXC8yMDIzXC8wMlwvRW4tbGEtUGxhemEtZGUtU2FuLU1hcnRpbi4tQWwtZm9uZG8tYW50aWd1YXMtY29uc3RydWNjaW9uZXMtZGVzYXBhcmVjaWFzLWFub3MtNDAuanBnIiwic2xpZGVzaG93IjoiNTkxODU4NiJ9\">\n\t\t\t\t\t<div class=\"e-gallery-image elementor-gallery-item__image\" data-thumbnail=\"https:\/\/toroenmaromado.es\/wp-content\/uploads\/2023\/02\/En-la-Plaza-de-San-Martin.-Al-fondo-antiguas-construcciones-desaparecias-anos-40-300x205.jpg\" data-width=\"300\" data-height=\"205\" aria-label=\"En la Plaza de San Mart\u00edn. Al fondo antiguas construcciones desaparecias, a\u00f1os 40\" role=\"img\" ><\/div>\n\t\t\t\t\t\t\t\t\t\t\t<div class=\"elementor-gallery-item__overlay\"><\/div>\n\t\t\t\t\t\t\t\t\t\t\t\t\t\t<\/a>\n\t\t\t\t\t\t\t<a class=\"e-gallery-item elementor-gallery-item elementor-animated-content\" href=\"https:\/\/toroenmaromado.es\/wp-content\/uploads\/2023\/02\/En-la-Plaza-del-Grano-junto-a-la-Casa-de-Comidas-y-Vinos-El-Tera-ano-1958.jpg\" data-elementor-open-lightbox=\"yes\" data-elementor-lightbox-slideshow=\"5918586\" data-elementor-lightbox-title=\"En la Plaza del Grano junto a la Casa de Comidas y Vinos El Tera, a\u00f1o 1958\" data-e-action-hash=\"#elementor-action%3Aaction%3Dlightbox%26settings%3DeyJpZCI6Nzk1MCwidXJsIjoiaHR0cHM6XC9cL3Rvcm9lbm1hcm9tYWRvLmVzXC93cC1jb250ZW50XC91cGxvYWRzXC8yMDIzXC8wMlwvRW4tbGEtUGxhemEtZGVsLUdyYW5vLWp1bnRvLWEtbGEtQ2FzYS1kZS1Db21pZGFzLXktVmlub3MtRWwtVGVyYS1hbm8tMTk1OC5qcGciLCJzbGlkZXNob3ciOiI1OTE4NTg2In0%3D\">\n\t\t\t\t\t<div class=\"e-gallery-image elementor-gallery-item__image\" data-thumbnail=\"https:\/\/toroenmaromado.es\/wp-content\/uploads\/2023\/02\/En-la-Plaza-del-Grano-junto-a-la-Casa-de-Comidas-y-Vinos-El-Tera-ano-1958-300x225.jpg\" data-width=\"300\" data-height=\"225\" aria-label=\"En la Plaza del Grano junto a la Casa de Comidas y Vinos El Tera, a\u00f1o 1958\" role=\"img\" ><\/div>\n\t\t\t\t\t\t\t\t\t\t\t<div class=\"elementor-gallery-item__overlay\"><\/div>\n\t\t\t\t\t\t\t\t\t\t\t\t\t\t<\/a>\n\t\t\t\t\t\t\t<a class=\"e-gallery-item elementor-gallery-item elementor-animated-content\" href=\"https:\/\/toroenmaromado.es\/wp-content\/uploads\/2023\/02\/Entrada-en-la-Plaza-Santa-Maria-Ano-1962-scaled.jpg\" data-elementor-open-lightbox=\"yes\" data-elementor-lightbox-slideshow=\"5918586\" data-elementor-lightbox-title=\"Entrada en la Plaza Santa Mar\u00eda, A\u00f1o 1962\" data-e-action-hash=\"#elementor-action%3Aaction%3Dlightbox%26settings%3DeyJpZCI6Nzk1MSwidXJsIjoiaHR0cHM6XC9cL3Rvcm9lbm1hcm9tYWRvLmVzXC93cC1jb250ZW50XC91cGxvYWRzXC8yMDIzXC8wMlwvRW50cmFkYS1lbi1sYS1QbGF6YS1TYW50YS1NYXJpYS1Bbm8tMTk2Mi1zY2FsZWQuanBnIiwic2xpZGVzaG93IjoiNTkxODU4NiJ9\">\n\t\t\t\t\t<div class=\"e-gallery-image elementor-gallery-item__image\" data-thumbnail=\"https:\/\/toroenmaromado.es\/wp-content\/uploads\/2023\/02\/Entrada-en-la-Plaza-Santa-Maria-Ano-1962-300x209.jpg\" data-width=\"300\" data-height=\"209\" aria-label=\"Entrada en la Plaza Santa Mar\u00eda, A\u00f1o 1962\" role=\"img\" ><\/div>\n\t\t\t\t\t\t\t\t\t\t\t<div class=\"elementor-gallery-item__overlay\"><\/div>\n\t\t\t\t\t\t\t\t\t\t\t\t\t\t<\/a>\n\t\t\t\t\t\t\t<a class=\"e-gallery-item elementor-gallery-item elementor-animated-content\" href=\"https:\/\/toroenmaromado.es\/wp-content\/uploads\/2023\/02\/Entrada-en-La-Rua-a-la-altura-del-comercio-La-Candidina-anos-50.jpg\" data-elementor-open-lightbox=\"yes\" data-elementor-lightbox-slideshow=\"5918586\" data-elementor-lightbox-title=\"Entrada en La R\u00faa a la altura del comercio La Candidina, a\u00f1os 50\" data-e-action-hash=\"#elementor-action%3Aaction%3Dlightbox%26settings%3DeyJpZCI6Nzk1MiwidXJsIjoiaHR0cHM6XC9cL3Rvcm9lbm1hcm9tYWRvLmVzXC93cC1jb250ZW50XC91cGxvYWRzXC8yMDIzXC8wMlwvRW50cmFkYS1lbi1MYS1SdWEtYS1sYS1hbHR1cmEtZGVsLWNvbWVyY2lvLUxhLUNhbmRpZGluYS1hbm9zLTUwLmpwZyIsInNsaWRlc2hvdyI6IjU5MTg1ODYifQ%3D%3D\">\n\t\t\t\t\t<div class=\"e-gallery-image elementor-gallery-item__image\" data-thumbnail=\"https:\/\/toroenmaromado.es\/wp-content\/uploads\/2023\/02\/Entrada-en-La-Rua-a-la-altura-del-comercio-La-Candidina-anos-50-211x300.jpg\" data-width=\"211\" data-height=\"300\" aria-label=\"Entrada en La R\u00faa a la altura del comercio La Candidina, a\u00f1os 50\" role=\"img\" ><\/div>\n\t\t\t\t\t\t\t\t\t\t\t<div class=\"elementor-gallery-item__overlay\"><\/div>\n\t\t\t\t\t\t\t\t\t\t\t\t\t\t<\/a>\n\t\t\t\t\t\t\t<a class=\"e-gallery-item elementor-gallery-item elementor-animated-content\" href=\"https:\/\/toroenmaromado.es\/wp-content\/uploads\/2023\/02\/Esperando-al-Toro-en-la-Ria-de-Don-Felipe-anos-50.jpg\" data-elementor-open-lightbox=\"yes\" data-elementor-lightbox-slideshow=\"5918586\" data-elementor-lightbox-title=\"Esperando al Toro en la R\u00eda de Don Felipe, a\u00f1os 50\" data-e-action-hash=\"#elementor-action%3Aaction%3Dlightbox%26settings%3DeyJpZCI6Nzk1MywidXJsIjoiaHR0cHM6XC9cL3Rvcm9lbm1hcm9tYWRvLmVzXC93cC1jb250ZW50XC91cGxvYWRzXC8yMDIzXC8wMlwvRXNwZXJhbmRvLWFsLVRvcm8tZW4tbGEtUmlhLWRlLURvbi1GZWxpcGUtYW5vcy01MC5qcGciLCJzbGlkZXNob3ciOiI1OTE4NTg2In0%3D\">\n\t\t\t\t\t<div class=\"e-gallery-image elementor-gallery-item__image\" data-thumbnail=\"https:\/\/toroenmaromado.es\/wp-content\/uploads\/2023\/02\/Esperando-al-Toro-en-la-Ria-de-Don-Felipe-anos-50-300x192.jpg\" data-width=\"300\" data-height=\"192\" aria-label=\"Esperando al Toro en la R\u00eda de Don Felipe, a\u00f1os 50\" role=\"img\" ><\/div>\n\t\t\t\t\t\t\t\t\t\t\t<div class=\"elementor-gallery-item__overlay\"><\/div>\n\t\t\t\t\t\t\t\t\t\t\t\t\t\t<\/a>\n\t\t\t\t\t\t\t<a class=\"e-gallery-item elementor-gallery-item elementor-animated-content\" href=\"https:\/\/toroenmaromado.es\/wp-content\/uploads\/2023\/02\/Esperando-al-Toro-junto-a-la-bascula-para-el-pesaje-de-los-cerdos-ano-1955-scaled.jpg\" data-elementor-open-lightbox=\"yes\" data-elementor-lightbox-slideshow=\"5918586\" data-elementor-lightbox-title=\"Esperando al Toro junto a la b\u00e1scula para el pesaje de los cerdos, a\u00f1o 1955\" data-e-action-hash=\"#elementor-action%3Aaction%3Dlightbox%26settings%3DeyJpZCI6Nzk1NCwidXJsIjoiaHR0cHM6XC9cL3Rvcm9lbm1hcm9tYWRvLmVzXC93cC1jb250ZW50XC91cGxvYWRzXC8yMDIzXC8wMlwvRXNwZXJhbmRvLWFsLVRvcm8tanVudG8tYS1sYS1iYXNjdWxhLXBhcmEtZWwtcGVzYWplLWRlLWxvcy1jZXJkb3MtYW5vLTE5NTUtc2NhbGVkLmpwZyIsInNsaWRlc2hvdyI6IjU5MTg1ODYifQ%3D%3D\">\n\t\t\t\t\t<div class=\"e-gallery-image elementor-gallery-item__image\" data-thumbnail=\"https:\/\/toroenmaromado.es\/wp-content\/uploads\/2023\/02\/Esperando-al-Toro-junto-a-la-bascula-para-el-pesaje-de-los-cerdos-ano-1955-300x221.jpg\" data-width=\"300\" data-height=\"221\" aria-label=\"Esperando al Toro junto a la b\u00e1scula para el pesaje de los cerdos, a\u00f1o 1955\" role=\"img\" ><\/div>\n\t\t\t\t\t\t\t\t\t\t\t<div class=\"elementor-gallery-item__overlay\"><\/div>\n\t\t\t\t\t\t\t\t\t\t\t\t\t\t<\/a>\n\t\t\t\t\t\t\t<a class=\"e-gallery-item elementor-gallery-item elementor-animated-content\" href=\"https:\/\/toroenmaromado.es\/wp-content\/uploads\/2023\/02\/Esperando-para-entrar-en-el-Matadero-anos-90-scaled.jpg\" data-elementor-open-lightbox=\"yes\" data-elementor-lightbox-slideshow=\"5918586\" data-elementor-lightbox-title=\"Esperando para entrar en el Matadero, a\u00f1os 90\" data-e-action-hash=\"#elementor-action%3Aaction%3Dlightbox%26settings%3DeyJpZCI6Nzk1NSwidXJsIjoiaHR0cHM6XC9cL3Rvcm9lbm1hcm9tYWRvLmVzXC93cC1jb250ZW50XC91cGxvYWRzXC8yMDIzXC8wMlwvRXNwZXJhbmRvLXBhcmEtZW50cmFyLWVuLWVsLU1hdGFkZXJvLWFub3MtOTAtc2NhbGVkLmpwZyIsInNsaWRlc2hvdyI6IjU5MTg1ODYifQ%3D%3D\">\n\t\t\t\t\t<div class=\"e-gallery-image elementor-gallery-item__image\" data-thumbnail=\"https:\/\/toroenmaromado.es\/wp-content\/uploads\/2023\/02\/Esperando-para-entrar-en-el-Matadero-anos-90-300x192.jpg\" data-width=\"300\" data-height=\"192\" aria-label=\"Esperando para entrar en el Matadero, a\u00f1os 90\" role=\"img\" ><\/div>\n\t\t\t\t\t\t\t\t\t\t\t<div class=\"elementor-gallery-item__overlay\"><\/div>\n\t\t\t\t\t\t\t\t\t\t\t\t\t\t<\/a>\n\t\t\t\t\t\t\t<a class=\"e-gallery-item elementor-gallery-item elementor-animated-content\" href=\"https:\/\/toroenmaromado.es\/wp-content\/uploads\/2023\/02\/Final-de-La-Rua-Anos-60.jpg\" data-elementor-open-lightbox=\"yes\" data-elementor-lightbox-slideshow=\"5918586\" data-elementor-lightbox-title=\"Final de La R\u00faa, A\u00f1os 60\" data-e-action-hash=\"#elementor-action%3Aaction%3Dlightbox%26settings%3DeyJpZCI6Nzk1NiwidXJsIjoiaHR0cHM6XC9cL3Rvcm9lbm1hcm9tYWRvLmVzXC93cC1jb250ZW50XC91cGxvYWRzXC8yMDIzXC8wMlwvRmluYWwtZGUtTGEtUnVhLUFub3MtNjAuanBnIiwic2xpZGVzaG93IjoiNTkxODU4NiJ9\">\n\t\t\t\t\t<div class=\"e-gallery-image elementor-gallery-item__image\" data-thumbnail=\"https:\/\/toroenmaromado.es\/wp-content\/uploads\/2023\/02\/Final-de-La-Rua-Anos-60-212x300.jpg\" data-width=\"212\" data-height=\"300\" aria-label=\"Final de La R\u00faa, A\u00f1os 60\" role=\"img\" ><\/div>\n\t\t\t\t\t\t\t\t\t\t\t<div class=\"elementor-gallery-item__overlay\"><\/div>\n\t\t\t\t\t\t\t\t\t\t\t\t\t\t<\/a>\n\t\t\t\t\t\t\t<a class=\"e-gallery-item elementor-gallery-item elementor-animated-content\" href=\"https:\/\/toroenmaromado.es\/wp-content\/uploads\/2023\/02\/Junto-a-la-Fonda-de-Bezos-en-la-Plaza-del-Grano-anos-60.jpg\" data-elementor-open-lightbox=\"yes\" data-elementor-lightbox-slideshow=\"5918586\" data-elementor-lightbox-title=\"Junto a la Fonda de Bezos en la Plaza del Grano, a\u00f1os 60\" data-e-action-hash=\"#elementor-action%3Aaction%3Dlightbox%26settings%3DeyJpZCI6Nzk1NywidXJsIjoiaHR0cHM6XC9cL3Rvcm9lbm1hcm9tYWRvLmVzXC93cC1jb250ZW50XC91cGxvYWRzXC8yMDIzXC8wMlwvSnVudG8tYS1sYS1Gb25kYS1kZS1CZXpvcy1lbi1sYS1QbGF6YS1kZWwtR3Jhbm8tYW5vcy02MC5qcGciLCJzbGlkZXNob3ciOiI1OTE4NTg2In0%3D\">\n\t\t\t\t\t<div class=\"e-gallery-image elementor-gallery-item__image\" data-thumbnail=\"https:\/\/toroenmaromado.es\/wp-content\/uploads\/2023\/02\/Junto-a-la-Fonda-de-Bezos-en-la-Plaza-del-Grano-anos-60-300x187.jpg\" data-width=\"300\" data-height=\"187\" aria-label=\"Junto a la Fonda de Bezos en la Plaza del Grano, a\u00f1os 60\" role=\"img\" ><\/div>\n\t\t\t\t\t\t\t\t\t\t\t<div class=\"elementor-gallery-item__overlay\"><\/div>\n\t\t\t\t\t\t\t\t\t\t\t\t\t\t<\/a>\n\t\t\t\t\t\t\t<a class=\"e-gallery-item elementor-gallery-item elementor-animated-content\" href=\"https:\/\/toroenmaromado.es\/wp-content\/uploads\/2023\/02\/Junto-a-la-Pasteria-de-Tomas-Campo-anos-50-scaled.jpg\" data-elementor-open-lightbox=\"yes\" data-elementor-lightbox-slideshow=\"5918586\" data-elementor-lightbox-title=\"Junto a la Paster\u00eda de Tom\u00e1s Campo, a\u00f1os 50\" data-e-action-hash=\"#elementor-action%3Aaction%3Dlightbox%26settings%3DeyJpZCI6Nzk1OCwidXJsIjoiaHR0cHM6XC9cL3Rvcm9lbm1hcm9tYWRvLmVzXC93cC1jb250ZW50XC91cGxvYWRzXC8yMDIzXC8wMlwvSnVudG8tYS1sYS1QYXN0ZXJpYS1kZS1Ub21hcy1DYW1wby1hbm9zLTUwLXNjYWxlZC5qcGciLCJzbGlkZXNob3ciOiI1OTE4NTg2In0%3D\">\n\t\t\t\t\t<div class=\"e-gallery-image elementor-gallery-item__image\" data-thumbnail=\"https:\/\/toroenmaromado.es\/wp-content\/uploads\/2023\/02\/Junto-a-la-Pasteria-de-Tomas-Campo-anos-50-300x190.jpg\" data-width=\"300\" data-height=\"190\" aria-label=\"Junto a la Paster\u00eda de Tom\u00e1s Campo, a\u00f1os 50\" role=\"img\" ><\/div>\n\t\t\t\t\t\t\t\t\t\t\t<div class=\"elementor-gallery-item__overlay\"><\/div>\n\t\t\t\t\t\t\t\t\t\t\t\t\t\t<\/a>\n\t\t\t\t\t\t\t<a class=\"e-gallery-item elementor-gallery-item elementor-animated-content\" href=\"https:\/\/toroenmaromado.es\/wp-content\/uploads\/2023\/02\/Junto-a-la-puerta-norte-de-Santa-Maria-anos-50-scaled.jpg\" data-elementor-open-lightbox=\"yes\" data-elementor-lightbox-slideshow=\"5918586\" data-elementor-lightbox-title=\"Junto a la puerta norte de Santa Mar\u00eda, a\u00f1os 50\" data-e-action-hash=\"#elementor-action%3Aaction%3Dlightbox%26settings%3DeyJpZCI6Nzk1OSwidXJsIjoiaHR0cHM6XC9cL3Rvcm9lbm1hcm9tYWRvLmVzXC93cC1jb250ZW50XC91cGxvYWRzXC8yMDIzXC8wMlwvSnVudG8tYS1sYS1wdWVydGEtbm9ydGUtZGUtU2FudGEtTWFyaWEtYW5vcy01MC1zY2FsZWQuanBnIiwic2xpZGVzaG93IjoiNTkxODU4NiJ9\">\n\t\t\t\t\t<div class=\"e-gallery-image elementor-gallery-item__image\" data-thumbnail=\"https:\/\/toroenmaromado.es\/wp-content\/uploads\/2023\/02\/Junto-a-la-puerta-norte-de-Santa-Maria-anos-50-300x259.jpg\" data-width=\"300\" data-height=\"259\" aria-label=\"Junto a la puerta norte de Santa Mar\u00eda, a\u00f1os 50\" role=\"img\" ><\/div>\n\t\t\t\t\t\t\t\t\t\t\t<div class=\"elementor-gallery-item__overlay\"><\/div>\n\t\t\t\t\t\t\t\t\t\t\t\t\t\t<\/a>\n\t\t\t\t\t\t\t<a class=\"e-gallery-item elementor-gallery-item elementor-animated-content\" href=\"https:\/\/toroenmaromado.es\/wp-content\/uploads\/2023\/02\/Junto-a-la-puerta-sur-de-Santa-Maria-anos-50.jpg\" data-elementor-open-lightbox=\"yes\" data-elementor-lightbox-slideshow=\"5918586\" data-elementor-lightbox-title=\"Junto a la puerta sur de Santa Mar\u00eda, a\u00f1os 50\" data-e-action-hash=\"#elementor-action%3Aaction%3Dlightbox%26settings%3DeyJpZCI6Nzk2MCwidXJsIjoiaHR0cHM6XC9cL3Rvcm9lbm1hcm9tYWRvLmVzXC93cC1jb250ZW50XC91cGxvYWRzXC8yMDIzXC8wMlwvSnVudG8tYS1sYS1wdWVydGEtc3VyLWRlLVNhbnRhLU1hcmlhLWFub3MtNTAuanBnIiwic2xpZGVzaG93IjoiNTkxODU4NiJ9\">\n\t\t\t\t\t<div class=\"e-gallery-image elementor-gallery-item__image\" data-thumbnail=\"https:\/\/toroenmaromado.es\/wp-content\/uploads\/2023\/02\/Junto-a-la-puerta-sur-de-Santa-Maria-anos-50-300x226.jpg\" data-width=\"300\" data-height=\"226\" aria-label=\"Junto a la puerta sur de Santa Mar\u00eda, a\u00f1os 50\" role=\"img\" ><\/div>\n\t\t\t\t\t\t\t\t\t\t\t<div class=\"elementor-gallery-item__overlay\"><\/div>\n\t\t\t\t\t\t\t\t\t\t\t\t\t\t<\/a>\n\t\t\t\t\t\t\t<a class=\"e-gallery-item elementor-gallery-item elementor-animated-content\" href=\"https:\/\/toroenmaromado.es\/wp-content\/uploads\/2023\/02\/Junto-a-los-absides-de-Santa-Maria-anos-50-scaled.jpg\" data-elementor-open-lightbox=\"yes\" data-elementor-lightbox-slideshow=\"5918586\" data-elementor-lightbox-title=\"Junto a los \u00e1bsides de Santa Mar\u00eda, a\u00f1os 50\" data-e-action-hash=\"#elementor-action%3Aaction%3Dlightbox%26settings%3DeyJpZCI6Nzk2MSwidXJsIjoiaHR0cHM6XC9cL3Rvcm9lbm1hcm9tYWRvLmVzXC93cC1jb250ZW50XC91cGxvYWRzXC8yMDIzXC8wMlwvSnVudG8tYS1sb3MtYWJzaWRlcy1kZS1TYW50YS1NYXJpYS1hbm9zLTUwLXNjYWxlZC5qcGciLCJzbGlkZXNob3ciOiI1OTE4NTg2In0%3D\">\n\t\t\t\t\t<div class=\"e-gallery-image elementor-gallery-item__image\" data-thumbnail=\"https:\/\/toroenmaromado.es\/wp-content\/uploads\/2023\/02\/Junto-a-los-absides-de-Santa-Maria-anos-50-300x190.jpg\" data-width=\"300\" data-height=\"190\" aria-label=\"Junto a los \u00e1bsides de Santa Mar\u00eda, a\u00f1os 50\" role=\"img\" ><\/div>\n\t\t\t\t\t\t\t\t\t\t\t<div class=\"elementor-gallery-item__overlay\"><\/div>\n\t\t\t\t\t\t\t\t\t\t\t\t\t\t<\/a>\n\t\t\t\t\t\t\t<a class=\"e-gallery-item elementor-gallery-item elementor-animated-content\" href=\"https:\/\/toroenmaromado.es\/wp-content\/uploads\/2023\/02\/Junto-a-los-soportales-del-Corrillo-de-Renueva-ano-1972.jpg\" data-elementor-open-lightbox=\"yes\" data-elementor-lightbox-slideshow=\"5918586\" data-elementor-lightbox-title=\"Junto a los soportales del Corrillo de Renueva, a\u00f1o 1972\" data-e-action-hash=\"#elementor-action%3Aaction%3Dlightbox%26settings%3DeyJpZCI6Nzk2MiwidXJsIjoiaHR0cHM6XC9cL3Rvcm9lbm1hcm9tYWRvLmVzXC93cC1jb250ZW50XC91cGxvYWRzXC8yMDIzXC8wMlwvSnVudG8tYS1sb3Mtc29wb3J0YWxlcy1kZWwtQ29ycmlsbG8tZGUtUmVudWV2YS1hbm8tMTk3Mi5qcGciLCJzbGlkZXNob3ciOiI1OTE4NTg2In0%3D\">\n\t\t\t\t\t<div class=\"e-gallery-image elementor-gallery-item__image\" data-thumbnail=\"https:\/\/toroenmaromado.es\/wp-content\/uploads\/2023\/02\/Junto-a-los-soportales-del-Corrillo-de-Renueva-ano-1972-300x192.jpg\" data-width=\"300\" data-height=\"192\" aria-label=\"Junto a los soportales del Corrillo de Renueva, a\u00f1o 1972\" role=\"img\" ><\/div>\n\t\t\t\t\t\t\t\t\t\t\t<div class=\"elementor-gallery-item__overlay\"><\/div>\n\t\t\t\t\t\t\t\t\t\t\t\t\t\t<\/a>\n\t\t\t\t\t\t\t<a class=\"e-gallery-item elementor-gallery-item elementor-animated-content\" href=\"https:\/\/toroenmaromado.es\/wp-content\/uploads\/2023\/02\/Junto-al-establecimiento-de-Casa-Cabero-anos-50.jpg\" data-elementor-open-lightbox=\"yes\" data-elementor-lightbox-slideshow=\"5918586\" data-elementor-lightbox-title=\"Junto al establecimiento de Casa Cabero, a\u00f1os 50\" data-e-action-hash=\"#elementor-action%3Aaction%3Dlightbox%26settings%3DeyJpZCI6Nzk2MywidXJsIjoiaHR0cHM6XC9cL3Rvcm9lbm1hcm9tYWRvLmVzXC93cC1jb250ZW50XC91cGxvYWRzXC8yMDIzXC8wMlwvSnVudG8tYWwtZXN0YWJsZWNpbWllbnRvLWRlLUNhc2EtQ2FiZXJvLWFub3MtNTAuanBnIiwic2xpZGVzaG93IjoiNTkxODU4NiJ9\">\n\t\t\t\t\t<div class=\"e-gallery-image elementor-gallery-item__image\" data-thumbnail=\"https:\/\/toroenmaromado.es\/wp-content\/uploads\/2023\/02\/Junto-al-establecimiento-de-Casa-Cabero-anos-50-298x300.jpg\" data-width=\"298\" data-height=\"300\" aria-label=\"Junto al establecimiento de Casa Cabero, a\u00f1os 50\" role=\"img\" ><\/div>\n\t\t\t\t\t\t\t\t\t\t\t<div class=\"elementor-gallery-item__overlay\"><\/div>\n\t\t\t\t\t\t\t\t\t\t\t\t\t\t<\/a>\n\t\t\t\t\t\t\t<a class=\"e-gallery-item elementor-gallery-item elementor-animated-content\" href=\"https:\/\/toroenmaromado.es\/wp-content\/uploads\/2023\/02\/La-carrera-en-la-Calle-Matadero-anos-80-scaled.jpg\" data-elementor-open-lightbox=\"yes\" data-elementor-lightbox-slideshow=\"5918586\" data-elementor-lightbox-title=\"La carrera en la Calle Matadero, a\u00f1os 80\" data-e-action-hash=\"#elementor-action%3Aaction%3Dlightbox%26settings%3DeyJpZCI6Nzk2NCwidXJsIjoiaHR0cHM6XC9cL3Rvcm9lbm1hcm9tYWRvLmVzXC93cC1jb250ZW50XC91cGxvYWRzXC8yMDIzXC8wMlwvTGEtY2FycmVyYS1lbi1sYS1DYWxsZS1NYXRhZGVyby1hbm9zLTgwLXNjYWxlZC5qcGciLCJzbGlkZXNob3ciOiI1OTE4NTg2In0%3D\">\n\t\t\t\t\t<div class=\"e-gallery-image elementor-gallery-item__image\" data-thumbnail=\"https:\/\/toroenmaromado.es\/wp-content\/uploads\/2023\/02\/La-carrera-en-la-Calle-Matadero-anos-80-211x300.jpg\" data-width=\"211\" data-height=\"300\" aria-label=\"La carrera en la Calle Matadero, a\u00f1os 80\" role=\"img\" ><\/div>\n\t\t\t\t\t\t\t\t\t\t\t<div class=\"elementor-gallery-item__overlay\"><\/div>\n\t\t\t\t\t\t\t\t\t\t\t\t\t\t<\/a>\n\t\t\t\t\t\t\t<a class=\"e-gallery-item elementor-gallery-item elementor-animated-content\" href=\"https:\/\/toroenmaromado.es\/wp-content\/uploads\/2023\/02\/La-maroma-1993-1-scaled.jpg\" data-elementor-open-lightbox=\"yes\" data-elementor-lightbox-slideshow=\"5918586\" data-elementor-lightbox-title=\"La maroma, 1993\" data-e-action-hash=\"#elementor-action%3Aaction%3Dlightbox%26settings%3DeyJpZCI6Nzk2NSwidXJsIjoiaHR0cHM6XC9cL3Rvcm9lbm1hcm9tYWRvLmVzXC93cC1jb250ZW50XC91cGxvYWRzXC8yMDIzXC8wMlwvTGEtbWFyb21hLTE5OTMtMS1zY2FsZWQuanBnIiwic2xpZGVzaG93IjoiNTkxODU4NiJ9\">\n\t\t\t\t\t<div class=\"e-gallery-image elementor-gallery-item__image\" data-thumbnail=\"https:\/\/toroenmaromado.es\/wp-content\/uploads\/2023\/02\/La-maroma-1993-1-300x226.jpg\" data-width=\"300\" data-height=\"226\" aria-label=\"La maroma, 1993\" role=\"img\" ><\/div>\n\t\t\t\t\t\t\t\t\t\t\t<div class=\"elementor-gallery-item__overlay\"><\/div>\n\t\t\t\t\t\t\t\t\t\t\t\t\t\t<\/a>\n\t\t\t\t\t\t\t<a class=\"e-gallery-item elementor-gallery-item elementor-animated-content\" href=\"https:\/\/toroenmaromado.es\/wp-content\/uploads\/2023\/02\/La-Plaza-de-la-Madera-empedrada-ano-1958-scaled.jpg\" data-elementor-open-lightbox=\"yes\" data-elementor-lightbox-slideshow=\"5918586\" data-elementor-lightbox-title=\"La Plaza de la Madera empedrada, a\u00f1o 1958\" data-e-action-hash=\"#elementor-action%3Aaction%3Dlightbox%26settings%3DeyJpZCI6Nzk2NiwidXJsIjoiaHR0cHM6XC9cL3Rvcm9lbm1hcm9tYWRvLmVzXC93cC1jb250ZW50XC91cGxvYWRzXC8yMDIzXC8wMlwvTGEtUGxhemEtZGUtbGEtTWFkZXJhLWVtcGVkcmFkYS1hbm8tMTk1OC1zY2FsZWQuanBnIiwic2xpZGVzaG93IjoiNTkxODU4NiJ9\">\n\t\t\t\t\t<div class=\"e-gallery-image elementor-gallery-item__image\" data-thumbnail=\"https:\/\/toroenmaromado.es\/wp-content\/uploads\/2023\/02\/La-Plaza-de-la-Madera-empedrada-ano-1958-300x193.jpg\" data-width=\"300\" data-height=\"193\" aria-label=\"La Plaza de la Madera empedrada, a\u00f1o 1958\" role=\"img\" ><\/div>\n\t\t\t\t\t\t\t\t\t\t\t<div class=\"elementor-gallery-item__overlay\"><\/div>\n\t\t\t\t\t\t\t\t\t\t\t\t\t\t<\/a>\n\t\t\t\t\t\t\t<a class=\"e-gallery-item elementor-gallery-item elementor-animated-content\" href=\"https:\/\/toroenmaromado.es\/wp-content\/uploads\/2023\/02\/La-Rua-a-la-altura-del-Hotel-Mercantil-ano-1947.jpg\" data-elementor-open-lightbox=\"yes\" data-elementor-lightbox-slideshow=\"5918586\" data-elementor-lightbox-title=\"La R\u00faa a la altura del Hotel Mercantil, a\u00f1o 1947\" data-e-action-hash=\"#elementor-action%3Aaction%3Dlightbox%26settings%3DeyJpZCI6Nzk2NywidXJsIjoiaHR0cHM6XC9cL3Rvcm9lbm1hcm9tYWRvLmVzXC93cC1jb250ZW50XC91cGxvYWRzXC8yMDIzXC8wMlwvTGEtUnVhLWEtbGEtYWx0dXJhLWRlbC1Ib3RlbC1NZXJjYW50aWwtYW5vLTE5NDcuanBnIiwic2xpZGVzaG93IjoiNTkxODU4NiJ9\">\n\t\t\t\t\t<div class=\"e-gallery-image elementor-gallery-item__image\" data-thumbnail=\"https:\/\/toroenmaromado.es\/wp-content\/uploads\/2023\/02\/La-Rua-a-la-altura-del-Hotel-Mercantil-ano-1947-212x300.jpg\" data-width=\"212\" data-height=\"300\" aria-label=\"La R\u00faa a la altura del Hotel Mercantil, a\u00f1o 1947\" role=\"img\" ><\/div>\n\t\t\t\t\t\t\t\t\t\t\t<div class=\"elementor-gallery-item__overlay\"><\/div>\n\t\t\t\t\t\t\t\t\t\t\t\t\t\t<\/a>\n\t\t\t\t\t\t\t<a class=\"e-gallery-item elementor-gallery-item elementor-animated-content\" href=\"https:\/\/toroenmaromado.es\/wp-content\/uploads\/2023\/02\/La-Rua-junto-a-la-Farmacia-y-Drogueria-Gil-Cepeda-Anos-50.jpg\" data-elementor-open-lightbox=\"yes\" data-elementor-lightbox-slideshow=\"5918586\" data-elementor-lightbox-title=\"La R\u00faa junto a la Farmacia y Droguer\u00eda Gil Cepeda, A\u00f1os 50\" data-e-action-hash=\"#elementor-action%3Aaction%3Dlightbox%26settings%3DeyJpZCI6Nzk2OCwidXJsIjoiaHR0cHM6XC9cL3Rvcm9lbm1hcm9tYWRvLmVzXC93cC1jb250ZW50XC91cGxvYWRzXC8yMDIzXC8wMlwvTGEtUnVhLWp1bnRvLWEtbGEtRmFybWFjaWEteS1Ecm9ndWVyaWEtR2lsLUNlcGVkYS1Bbm9zLTUwLmpwZyIsInNsaWRlc2hvdyI6IjU5MTg1ODYifQ%3D%3D\">\n\t\t\t\t\t<div class=\"e-gallery-image elementor-gallery-item__image\" data-thumbnail=\"https:\/\/toroenmaromado.es\/wp-content\/uploads\/2023\/02\/La-Rua-junto-a-la-Farmacia-y-Drogueria-Gil-Cepeda-Anos-50-300x208.jpg\" data-width=\"300\" data-height=\"208\" aria-label=\"La R\u00faa a la altura del Hotel Mercantil, a\u00f1o 1947\" role=\"img\" ><\/div>\n\t\t\t\t\t\t\t\t\t\t\t<div class=\"elementor-gallery-item__overlay\"><\/div>\n\t\t\t\t\t\t\t\t\t\t\t\t\t\t<\/a>\n\t\t\t\t\t\t\t<a class=\"e-gallery-item elementor-gallery-item elementor-animated-content\" href=\"https:\/\/toroenmaromado.es\/wp-content\/uploads\/2023\/02\/Llegada-del-camion-al-Toril-Viejo-Anos-50-1.jpg\" data-elementor-open-lightbox=\"yes\" data-elementor-lightbox-slideshow=\"5918586\" data-elementor-lightbox-title=\"Llegada del cami\u00f3n al Toril Viejo, A\u00f1os 50\" data-e-action-hash=\"#elementor-action%3Aaction%3Dlightbox%26settings%3DeyJpZCI6Nzk2OSwidXJsIjoiaHR0cHM6XC9cL3Rvcm9lbm1hcm9tYWRvLmVzXC93cC1jb250ZW50XC91cGxvYWRzXC8yMDIzXC8wMlwvTGxlZ2FkYS1kZWwtY2FtaW9uLWFsLVRvcmlsLVZpZWpvLUFub3MtNTAtMS5qcGciLCJzbGlkZXNob3ciOiI1OTE4NTg2In0%3D\">\n\t\t\t\t\t<div class=\"e-gallery-image elementor-gallery-item__image\" data-thumbnail=\"https:\/\/toroenmaromado.es\/wp-content\/uploads\/2023\/02\/Llegada-del-camion-al-Toril-Viejo-Anos-50-1-300x178.jpg\" data-width=\"300\" data-height=\"178\" aria-label=\"Llegada del cami\u00f3n al Toril Viejo, A\u00f1os 50\" role=\"img\" ><\/div>\n\t\t\t\t\t\t\t\t\t\t\t<div class=\"elementor-gallery-item__overlay\"><\/div>\n\t\t\t\t\t\t\t\t\t\t\t\t\t\t<\/a>\n\t\t\t\t\t\t\t<a class=\"e-gallery-item elementor-gallery-item elementor-animated-content\" href=\"https:\/\/toroenmaromado.es\/wp-content\/uploads\/2023\/02\/Llevando-al-Toro-a-la-puerta-del-Matadero-anos-60.jpg\" data-elementor-open-lightbox=\"yes\" data-elementor-lightbox-slideshow=\"5918586\" data-elementor-lightbox-title=\"Llevando al Toro a la puerta del Matadero, a\u00f1os 60\" data-e-action-hash=\"#elementor-action%3Aaction%3Dlightbox%26settings%3DeyJpZCI6Nzk3MCwidXJsIjoiaHR0cHM6XC9cL3Rvcm9lbm1hcm9tYWRvLmVzXC93cC1jb250ZW50XC91cGxvYWRzXC8yMDIzXC8wMlwvTGxldmFuZG8tYWwtVG9yby1hLWxhLXB1ZXJ0YS1kZWwtTWF0YWRlcm8tYW5vcy02MC5qcGciLCJzbGlkZXNob3ciOiI1OTE4NTg2In0%3D\">\n\t\t\t\t\t<div class=\"e-gallery-image elementor-gallery-item__image\" data-thumbnail=\"https:\/\/toroenmaromado.es\/wp-content\/uploads\/2023\/02\/Llevando-al-Toro-a-la-puerta-del-Matadero-anos-60-300x192.jpg\" data-width=\"300\" data-height=\"192\" aria-label=\"Llevando al Toro a la puerta del Matadero, a\u00f1os 60\" role=\"img\" ><\/div>\n\t\t\t\t\t\t\t\t\t\t\t<div class=\"elementor-gallery-item__overlay\"><\/div>\n\t\t\t\t\t\t\t\t\t\t\t\t\t\t<\/a>\n\t\t\t\t\t\t\t<a class=\"e-gallery-item elementor-gallery-item elementor-animated-content\" href=\"https:\/\/toroenmaromado.es\/wp-content\/uploads\/2023\/02\/Mozos-agarrados-a-la-maroma-en-la-Calle-Ancha-ano-1952.jpg\" data-elementor-open-lightbox=\"yes\" data-elementor-lightbox-slideshow=\"5918586\" data-elementor-lightbox-title=\"Mozos agarrados a la maroma en la Calle Ancha, a\u00f1o 1952\" data-e-action-hash=\"#elementor-action%3Aaction%3Dlightbox%26settings%3DeyJpZCI6Nzk3MSwidXJsIjoiaHR0cHM6XC9cL3Rvcm9lbm1hcm9tYWRvLmVzXC93cC1jb250ZW50XC91cGxvYWRzXC8yMDIzXC8wMlwvTW96b3MtYWdhcnJhZG9zLWEtbGEtbWFyb21hLWVuLWxhLUNhbGxlLUFuY2hhLWFuby0xOTUyLmpwZyIsInNsaWRlc2hvdyI6IjU5MTg1ODYifQ%3D%3D\">\n\t\t\t\t\t<div class=\"e-gallery-image elementor-gallery-item__image\" data-thumbnail=\"https:\/\/toroenmaromado.es\/wp-content\/uploads\/2023\/02\/Mozos-agarrados-a-la-maroma-en-la-Calle-Ancha-ano-1952-300x192.jpg\" data-width=\"300\" data-height=\"192\" aria-label=\"Mozos agarrados a la maroma en la Calle Ancha, a\u00f1o 1952\" role=\"img\" ><\/div>\n\t\t\t\t\t\t\t\t\t\t\t<div class=\"elementor-gallery-item__overlay\"><\/div>\n\t\t\t\t\t\t\t\t\t\t\t\t\t\t<\/a>\n\t\t\t\t\t\t\t<a class=\"e-gallery-item elementor-gallery-item elementor-animated-content\" href=\"https:\/\/toroenmaromado.es\/wp-content\/uploads\/2023\/02\/Mozos-en-la-punta-de-la-maroma-antes-de-la-salida-Anos-50-1.jpg\" data-elementor-open-lightbox=\"yes\" data-elementor-lightbox-slideshow=\"5918586\" data-elementor-lightbox-title=\"Mozos en la punta de la maroma antes de la salida, A\u00f1os 50\" data-e-action-hash=\"#elementor-action%3Aaction%3Dlightbox%26settings%3DeyJpZCI6Nzk3MiwidXJsIjoiaHR0cHM6XC9cL3Rvcm9lbm1hcm9tYWRvLmVzXC93cC1jb250ZW50XC91cGxvYWRzXC8yMDIzXC8wMlwvTW96b3MtZW4tbGEtcHVudGEtZGUtbGEtbWFyb21hLWFudGVzLWRlLWxhLXNhbGlkYS1Bbm9zLTUwLTEuanBnIiwic2xpZGVzaG93IjoiNTkxODU4NiJ9\">\n\t\t\t\t\t<div class=\"e-gallery-image elementor-gallery-item__image\" data-thumbnail=\"https:\/\/toroenmaromado.es\/wp-content\/uploads\/2023\/02\/Mozos-en-la-punta-de-la-maroma-antes-de-la-salida-Anos-50-1-212x300.jpg\" data-width=\"212\" data-height=\"300\" aria-label=\"Mozos en la punta de la maroma antes de la salida, A\u00f1os 50\" role=\"img\" ><\/div>\n\t\t\t\t\t\t\t\t\t\t\t<div class=\"elementor-gallery-item__overlay\"><\/div>\n\t\t\t\t\t\t\t\t\t\t\t\t\t\t<\/a>\n\t\t\t\t\t\t\t<a class=\"e-gallery-item elementor-gallery-item elementor-animated-content\" href=\"https:\/\/toroenmaromado.es\/wp-content\/uploads\/2023\/02\/Mozos-junto-al-Toro-detenido-en-la-argolla-de-la-Plaza-de-San-Martin-anos-60.jpg\" data-elementor-open-lightbox=\"yes\" data-elementor-lightbox-slideshow=\"5918586\" data-elementor-lightbox-title=\"Mozos junto al Toro detenido en la argolla de la Plaza de San Mart\u00edn, a\u00f1os 60\" data-e-action-hash=\"#elementor-action%3Aaction%3Dlightbox%26settings%3DeyJpZCI6Nzk3MywidXJsIjoiaHR0cHM6XC9cL3Rvcm9lbm1hcm9tYWRvLmVzXC93cC1jb250ZW50XC91cGxvYWRzXC8yMDIzXC8wMlwvTW96b3MtanVudG8tYWwtVG9yby1kZXRlbmlkby1lbi1sYS1hcmdvbGxhLWRlLWxhLVBsYXphLWRlLVNhbi1NYXJ0aW4tYW5vcy02MC5qcGciLCJzbGlkZXNob3ciOiI1OTE4NTg2In0%3D\">\n\t\t\t\t\t<div class=\"e-gallery-image elementor-gallery-item__image\" data-thumbnail=\"https:\/\/toroenmaromado.es\/wp-content\/uploads\/2023\/02\/Mozos-junto-al-Toro-detenido-en-la-argolla-de-la-Plaza-de-San-Martin-anos-60-300x192.jpg\" data-width=\"300\" data-height=\"192\" aria-label=\"Mozos junto al Toro detenido en la argolla de la Plaza de San Mart\u00edn, a\u00f1os 60\" role=\"img\" ><\/div>\n\t\t\t\t\t\t\t\t\t\t\t<div class=\"elementor-gallery-item__overlay\"><\/div>\n\t\t\t\t\t\t\t\t\t\t\t\t\t\t<\/a>\n\t\t\t\t\t\t\t<a class=\"e-gallery-item elementor-gallery-item elementor-animated-content\" href=\"https:\/\/toroenmaromado.es\/wp-content\/uploads\/2023\/02\/Panoramica-de-la-Plaza-de-San-Martin-con-el-Toro-en-la-argolla-anos-50.jpg\" data-elementor-open-lightbox=\"yes\" data-elementor-lightbox-slideshow=\"5918586\" data-elementor-lightbox-title=\"Panor\u00e1mica de la Plaza de San Mart\u00edn con el Toro en la argolla, a\u00f1os 50\" data-e-action-hash=\"#elementor-action%3Aaction%3Dlightbox%26settings%3DeyJpZCI6Nzk3NCwidXJsIjoiaHR0cHM6XC9cL3Rvcm9lbm1hcm9tYWRvLmVzXC93cC1jb250ZW50XC91cGxvYWRzXC8yMDIzXC8wMlwvUGFub3JhbWljYS1kZS1sYS1QbGF6YS1kZS1TYW4tTWFydGluLWNvbi1lbC1Ub3JvLWVuLWxhLWFyZ29sbGEtYW5vcy01MC5qcGciLCJzbGlkZXNob3ciOiI1OTE4NTg2In0%3D\">\n\t\t\t\t\t<div class=\"e-gallery-image elementor-gallery-item__image\" data-thumbnail=\"https:\/\/toroenmaromado.es\/wp-content\/uploads\/2023\/02\/Panoramica-de-la-Plaza-de-San-Martin-con-el-Toro-en-la-argolla-anos-50-300x192.jpg\" data-width=\"300\" data-height=\"192\" aria-label=\"Panor\u00e1mica de la Plaza de San Mart\u00edn con el Toro en la argolla, a\u00f1os 50\" role=\"img\" ><\/div>\n\t\t\t\t\t\t\t\t\t\t\t<div class=\"elementor-gallery-item__overlay\"><\/div>\n\t\t\t\t\t\t\t\t\t\t\t\t\t\t<\/a>\n\t\t\t\t\t\t\t<a class=\"e-gallery-item elementor-gallery-item elementor-animated-content\" href=\"https:\/\/toroenmaromado.es\/wp-content\/uploads\/2023\/02\/Pasaje-de-las-Guindas-Anos-50.jpg\" data-elementor-open-lightbox=\"yes\" data-elementor-lightbox-slideshow=\"5918586\" data-elementor-lightbox-title=\"Pasaje de las Guindas, A\u00f1os 50\" data-e-action-hash=\"#elementor-action%3Aaction%3Dlightbox%26settings%3DeyJpZCI6Nzk3NSwidXJsIjoiaHR0cHM6XC9cL3Rvcm9lbm1hcm9tYWRvLmVzXC93cC1jb250ZW50XC91cGxvYWRzXC8yMDIzXC8wMlwvUGFzYWplLWRlLWxhcy1HdWluZGFzLUFub3MtNTAuanBnIiwic2xpZGVzaG93IjoiNTkxODU4NiJ9\">\n\t\t\t\t\t<div class=\"e-gallery-image elementor-gallery-item__image\" data-thumbnail=\"https:\/\/toroenmaromado.es\/wp-content\/uploads\/2023\/02\/Pasaje-de-las-Guindas-Anos-50-212x300.jpg\" data-width=\"212\" data-height=\"300\" aria-label=\"Pasaje de las Guindas, A\u00f1os 50\" role=\"img\" ><\/div>\n\t\t\t\t\t\t\t\t\t\t\t<div class=\"elementor-gallery-item__overlay\"><\/div>\n\t\t\t\t\t\t\t\t\t\t\t\t\t\t<\/a>\n\t\t\t\t\t\t\t<a class=\"e-gallery-item elementor-gallery-item elementor-animated-content\" href=\"https:\/\/toroenmaromado.es\/wp-content\/uploads\/2023\/02\/Plaza-de-San-Martin-ano-1967.jpg\" data-elementor-open-lightbox=\"yes\" data-elementor-lightbox-slideshow=\"5918586\" data-elementor-lightbox-title=\"Plaza de San Mart\u00edn, a\u00f1o 1967\" data-e-action-hash=\"#elementor-action%3Aaction%3Dlightbox%26settings%3DeyJpZCI6Nzk3NiwidXJsIjoiaHR0cHM6XC9cL3Rvcm9lbm1hcm9tYWRvLmVzXC93cC1jb250ZW50XC91cGxvYWRzXC8yMDIzXC8wMlwvUGxhemEtZGUtU2FuLU1hcnRpbi1hbm8tMTk2Ny5qcGciLCJzbGlkZXNob3ciOiI1OTE4NTg2In0%3D\">\n\t\t\t\t\t<div class=\"e-gallery-image elementor-gallery-item__image\" data-thumbnail=\"https:\/\/toroenmaromado.es\/wp-content\/uploads\/2023\/02\/Plaza-de-San-Martin-ano-1967-300x192.jpg\" data-width=\"300\" data-height=\"192\" aria-label=\"Plaza de San Mart\u00edn, a\u00f1o 1967\" role=\"img\" ><\/div>\n\t\t\t\t\t\t\t\t\t\t\t<div class=\"elementor-gallery-item__overlay\"><\/div>\n\t\t\t\t\t\t\t\t\t\t\t\t\t\t<\/a>\n\t\t\t\t\t\t\t<a class=\"e-gallery-item elementor-gallery-item elementor-animated-content\" href=\"https:\/\/toroenmaromado.es\/wp-content\/uploads\/2023\/02\/Plaza-de-Santa-Maria-junto-al-comercio-Merceria-Aurita-anos-50.jpg\" data-elementor-open-lightbox=\"yes\" data-elementor-lightbox-slideshow=\"5918586\" data-elementor-lightbox-title=\"Plaza de Santa Mar\u00eda junto al comercio Mercer\u00eda Aurita, a\u00f1os 50\" data-e-action-hash=\"#elementor-action%3Aaction%3Dlightbox%26settings%3DeyJpZCI6Nzk3NywidXJsIjoiaHR0cHM6XC9cL3Rvcm9lbm1hcm9tYWRvLmVzXC93cC1jb250ZW50XC91cGxvYWRzXC8yMDIzXC8wMlwvUGxhemEtZGUtU2FudGEtTWFyaWEtanVudG8tYWwtY29tZXJjaW8tTWVyY2VyaWEtQXVyaXRhLWFub3MtNTAuanBnIiwic2xpZGVzaG93IjoiNTkxODU4NiJ9\">\n\t\t\t\t\t<div class=\"e-gallery-image elementor-gallery-item__image\" data-thumbnail=\"https:\/\/toroenmaromado.es\/wp-content\/uploads\/2023\/02\/Plaza-de-Santa-Maria-junto-al-comercio-Merceria-Aurita-anos-50-282x300.jpg\" data-width=\"282\" data-height=\"300\" aria-label=\"Plaza de Santa Mar\u00eda junto al comercio Mercer\u00eda Aurita, a\u00f1os 50\" role=\"img\" ><\/div>\n\t\t\t\t\t\t\t\t\t\t\t<div class=\"elementor-gallery-item__overlay\"><\/div>\n\t\t\t\t\t\t\t\t\t\t\t\t\t\t<\/a>\n\t\t\t\t\t\t\t<a class=\"e-gallery-item elementor-gallery-item elementor-animated-content\" href=\"https:\/\/toroenmaromado.es\/wp-content\/uploads\/2023\/02\/Plaza-de-Santa-Maria-anos-60.jpg\" data-elementor-open-lightbox=\"yes\" data-elementor-lightbox-slideshow=\"5918586\" data-elementor-lightbox-title=\"Plaza de Santa Mar\u00eda, a\u00f1os 60\" data-e-action-hash=\"#elementor-action%3Aaction%3Dlightbox%26settings%3DeyJpZCI6Nzk3OCwidXJsIjoiaHR0cHM6XC9cL3Rvcm9lbm1hcm9tYWRvLmVzXC93cC1jb250ZW50XC91cGxvYWRzXC8yMDIzXC8wMlwvUGxhemEtZGUtU2FudGEtTWFyaWEtYW5vcy02MC5qcGciLCJzbGlkZXNob3ciOiI1OTE4NTg2In0%3D\">\n\t\t\t\t\t<div class=\"e-gallery-image elementor-gallery-item__image\" data-thumbnail=\"https:\/\/toroenmaromado.es\/wp-content\/uploads\/2023\/02\/Plaza-de-Santa-Maria-anos-60-300x182.jpg\" data-width=\"300\" data-height=\"182\" aria-label=\"Plaza de Santa Mar\u00eda, a\u00f1os 60\" role=\"img\" ><\/div>\n\t\t\t\t\t\t\t\t\t\t\t<div class=\"elementor-gallery-item__overlay\"><\/div>\n\t\t\t\t\t\t\t\t\t\t\t\t\t\t<\/a>\n\t\t\t\t\t\t\t<a class=\"e-gallery-item elementor-gallery-item elementor-animated-content\" href=\"https:\/\/toroenmaromado.es\/wp-content\/uploads\/2023\/02\/Plazuela-de-Convalecientes-ano-1958.jpg\" data-elementor-open-lightbox=\"yes\" data-elementor-lightbox-slideshow=\"5918586\" data-elementor-lightbox-title=\"Plazuela de Convalecientes, a\u00f1o 1958\" data-e-action-hash=\"#elementor-action%3Aaction%3Dlightbox%26settings%3DeyJpZCI6Nzk3OSwidXJsIjoiaHR0cHM6XC9cL3Rvcm9lbm1hcm9tYWRvLmVzXC93cC1jb250ZW50XC91cGxvYWRzXC8yMDIzXC8wMlwvUGxhenVlbGEtZGUtQ29udmFsZWNpZW50ZXMtYW5vLTE5NTguanBnIiwic2xpZGVzaG93IjoiNTkxODU4NiJ9\">\n\t\t\t\t\t<div class=\"e-gallery-image elementor-gallery-item__image\" data-thumbnail=\"https:\/\/toroenmaromado.es\/wp-content\/uploads\/2023\/02\/Plazuela-de-Convalecientes-ano-1958-223x300.jpg\" data-width=\"223\" data-height=\"300\" aria-label=\"Plazuela de Convalecientes, a\u00f1o 1958\" role=\"img\" ><\/div>\n\t\t\t\t\t\t\t\t\t\t\t<div class=\"elementor-gallery-item__overlay\"><\/div>\n\t\t\t\t\t\t\t\t\t\t\t\t\t\t<\/a>\n\t\t\t\t\t\t\t<a class=\"e-gallery-item elementor-gallery-item elementor-animated-content\" href=\"https:\/\/toroenmaromado.es\/wp-content\/uploads\/2023\/02\/Reteniendo-al-Toro-en-la-argolla-de-la-Plaza-del-Grano-anos-60.jpg\" data-elementor-open-lightbox=\"yes\" data-elementor-lightbox-slideshow=\"5918586\" data-elementor-lightbox-title=\"Reteniendo al Toro en la argolla de la Plaza del Grano, a\u00f1os 60\" data-e-action-hash=\"#elementor-action%3Aaction%3Dlightbox%26settings%3DeyJpZCI6Nzk4MCwidXJsIjoiaHR0cHM6XC9cL3Rvcm9lbm1hcm9tYWRvLmVzXC93cC1jb250ZW50XC91cGxvYWRzXC8yMDIzXC8wMlwvUmV0ZW5pZW5kby1hbC1Ub3JvLWVuLWxhLWFyZ29sbGEtZGUtbGEtUGxhemEtZGVsLUdyYW5vLWFub3MtNjAuanBnIiwic2xpZGVzaG93IjoiNTkxODU4NiJ9\">\n\t\t\t\t\t<div class=\"e-gallery-image elementor-gallery-item__image\" data-thumbnail=\"https:\/\/toroenmaromado.es\/wp-content\/uploads\/2023\/02\/Reteniendo-al-Toro-en-la-argolla-de-la-Plaza-del-Grano-anos-60-300x195.jpg\" data-width=\"300\" data-height=\"195\" aria-label=\"Reteniendo al Toro en la argolla de la Plaza del Grano, a\u00f1os 60\" role=\"img\" ><\/div>\n\t\t\t\t\t\t\t\t\t\t\t<div class=\"elementor-gallery-item__overlay\"><\/div>\n\t\t\t\t\t\t\t\t\t\t\t\t\t\t<\/a>\n\t\t\t\t\t\t\t<a class=\"e-gallery-item elementor-gallery-item elementor-animated-content\" href=\"https:\/\/toroenmaromado.es\/wp-content\/uploads\/2023\/02\/Sacando-al-Toro-de-la-Ria-de-Don-Felipe-anos-50.bmp\" data-elementor-open-lightbox=\"yes\" data-elementor-lightbox-slideshow=\"5918586\" data-elementor-lightbox-title=\"Sacando al Toro de la R\u00eda de Don Felipe, a\u00f1os 50\" data-e-action-hash=\"#elementor-action%3Aaction%3Dlightbox%26settings%3DeyJpZCI6Nzk4MSwidXJsIjoiaHR0cHM6XC9cL3Rvcm9lbm1hcm9tYWRvLmVzXC93cC1jb250ZW50XC91cGxvYWRzXC8yMDIzXC8wMlwvU2FjYW5kby1hbC1Ub3JvLWRlLWxhLVJpYS1kZS1Eb24tRmVsaXBlLWFub3MtNTAuYm1wIiwic2xpZGVzaG93IjoiNTkxODU4NiJ9\">\n\t\t\t\t\t<div class=\"e-gallery-image elementor-gallery-item__image\" data-thumbnail=\"https:\/\/toroenmaromado.es\/wp-content\/uploads\/2023\/02\/Sacando-al-Toro-de-la-Ria-de-Don-Felipe-anos-50-300x207.jpg\" data-width=\"300\" data-height=\"207\" aria-label=\"Sacando al Toro de la R\u00eda de Don Felipe, a\u00f1os 50\" role=\"img\" ><\/div>\n\t\t\t\t\t\t\t\t\t\t\t<div class=\"elementor-gallery-item__overlay\"><\/div>\n\t\t\t\t\t\t\t\t\t\t\t\t\t\t<\/a>\n\t\t\t\t\t\t\t<a class=\"e-gallery-item elementor-gallery-item elementor-animated-content\" href=\"https:\/\/toroenmaromado.es\/wp-content\/uploads\/2023\/02\/Salida-del-Toril-Nuevo-Anos-70-1-scaled.jpg\" data-elementor-open-lightbox=\"yes\" data-elementor-lightbox-slideshow=\"5918586\" data-elementor-lightbox-title=\"Salida del Toril Nuevo, A\u00f1os 70\" data-e-action-hash=\"#elementor-action%3Aaction%3Dlightbox%26settings%3DeyJpZCI6Nzk4MiwidXJsIjoiaHR0cHM6XC9cL3Rvcm9lbm1hcm9tYWRvLmVzXC93cC1jb250ZW50XC91cGxvYWRzXC8yMDIzXC8wMlwvU2FsaWRhLWRlbC1Ub3JpbC1OdWV2by1Bbm9zLTcwLTEtc2NhbGVkLmpwZyIsInNsaWRlc2hvdyI6IjU5MTg1ODYifQ%3D%3D\">\n\t\t\t\t\t<div class=\"e-gallery-image elementor-gallery-item__image\" data-thumbnail=\"https:\/\/toroenmaromado.es\/wp-content\/uploads\/2023\/02\/Salida-del-Toril-Nuevo-Anos-70-1-300x178.jpg\" data-width=\"300\" data-height=\"178\" aria-label=\"Salida del Toril Nuevo, A\u00f1os 70\" role=\"img\" ><\/div>\n\t\t\t\t\t\t\t\t\t\t\t<div class=\"elementor-gallery-item__overlay\"><\/div>\n\t\t\t\t\t\t\t\t\t\t\t\t\t\t<\/a>\n\t\t\t\t\t\t\t<a class=\"e-gallery-item elementor-gallery-item elementor-animated-content\" href=\"https:\/\/toroenmaromado.es\/wp-content\/uploads\/2023\/02\/Salida-del-Toril-Viejo-Anos-50-1.jpg\" data-elementor-open-lightbox=\"yes\" data-elementor-lightbox-slideshow=\"5918586\" data-elementor-lightbox-title=\"Salida del Toril Viejo, A\u00f1os 50\" data-e-action-hash=\"#elementor-action%3Aaction%3Dlightbox%26settings%3DeyJpZCI6Nzk4MywidXJsIjoiaHR0cHM6XC9cL3Rvcm9lbm1hcm9tYWRvLmVzXC93cC1jb250ZW50XC91cGxvYWRzXC8yMDIzXC8wMlwvU2FsaWRhLWRlbC1Ub3JpbC1WaWVqby1Bbm9zLTUwLTEuanBnIiwic2xpZGVzaG93IjoiNTkxODU4NiJ9\">\n\t\t\t\t\t<div class=\"e-gallery-image elementor-gallery-item__image\" data-thumbnail=\"https:\/\/toroenmaromado.es\/wp-content\/uploads\/2023\/02\/Salida-del-Toril-Viejo-Anos-50-1-225x300.jpg\" data-width=\"225\" data-height=\"300\" aria-label=\"Salida del Toril Viejo, A\u00f1os 50\" role=\"img\" ><\/div>\n\t\t\t\t\t\t\t\t\t\t\t<div class=\"elementor-gallery-item__overlay\"><\/div>\n\t\t\t\t\t\t\t\t\t\t\t\t\t\t<\/a>\n\t\t\t\t\t\t\t<a class=\"e-gallery-item elementor-gallery-item elementor-animated-content\" href=\"https:\/\/toroenmaromado.es\/wp-content\/uploads\/2023\/02\/Salida-del-Toro.-Al-fondo-antigua-puerta-de-San-Anton-1942-1.jpg\" data-elementor-open-lightbox=\"yes\" data-elementor-lightbox-slideshow=\"5918586\" data-elementor-lightbox-title=\"Salida del Toro. Al fondo antigua puerta de San Ant\u00f3n, 1942\" data-e-action-hash=\"#elementor-action%3Aaction%3Dlightbox%26settings%3DeyJpZCI6Nzk4NCwidXJsIjoiaHR0cHM6XC9cL3Rvcm9lbm1hcm9tYWRvLmVzXC93cC1jb250ZW50XC91cGxvYWRzXC8yMDIzXC8wMlwvU2FsaWRhLWRlbC1Ub3JvLi1BbC1mb25kby1hbnRpZ3VhLXB1ZXJ0YS1kZS1TYW4tQW50b24tMTk0Mi0xLmpwZyIsInNsaWRlc2hvdyI6IjU5MTg1ODYifQ%3D%3D\">\n\t\t\t\t\t<div class=\"e-gallery-image elementor-gallery-item__image\" data-thumbnail=\"https:\/\/toroenmaromado.es\/wp-content\/uploads\/2023\/02\/Salida-del-Toro.-Al-fondo-antigua-puerta-de-San-Anton-1942-1-300x178.jpg\" data-width=\"300\" data-height=\"178\" aria-label=\"Salida del Toro. Al fondo antigua puerta de San Ant\u00f3n, 1942\" role=\"img\" ><\/div>\n\t\t\t\t\t\t\t\t\t\t\t<div class=\"elementor-gallery-item__overlay\"><\/div>\n\t\t\t\t\t\t\t\t\t\t\t\t\t\t<\/a>\n\t\t\t\t\t\t\t<a class=\"e-gallery-item elementor-gallery-item elementor-animated-content\" href=\"https:\/\/toroenmaromado.es\/wp-content\/uploads\/2023\/02\/Saliendo-de-la-Ria-de-Don-Felipe-anos-50.jpg\" data-elementor-open-lightbox=\"yes\" data-elementor-lightbox-slideshow=\"5918586\" data-elementor-lightbox-title=\"Saliendo de la R\u00eda de Don Felipe, a\u00f1os 50\" data-e-action-hash=\"#elementor-action%3Aaction%3Dlightbox%26settings%3DeyJpZCI6Nzk4NSwidXJsIjoiaHR0cHM6XC9cL3Rvcm9lbm1hcm9tYWRvLmVzXC93cC1jb250ZW50XC91cGxvYWRzXC8yMDIzXC8wMlwvU2FsaWVuZG8tZGUtbGEtUmlhLWRlLURvbi1GZWxpcGUtYW5vcy01MC5qcGciLCJzbGlkZXNob3ciOiI1OTE4NTg2In0%3D\">\n\t\t\t\t\t<div class=\"e-gallery-image elementor-gallery-item__image\" data-thumbnail=\"https:\/\/toroenmaromado.es\/wp-content\/uploads\/2023\/02\/Saliendo-de-la-Ria-de-Don-Felipe-anos-50-300x192.jpg\" data-width=\"300\" data-height=\"192\" aria-label=\"Saliendo de la R\u00eda de Don Felipe, a\u00f1os 50\" role=\"img\" ><\/div>\n\t\t\t\t\t\t\t\t\t\t\t<div class=\"elementor-gallery-item__overlay\"><\/div>\n\t\t\t\t\t\t\t\t\t\t\t\t\t\t<\/a>\n\t\t\t\t\t\t\t<a class=\"e-gallery-item elementor-gallery-item elementor-animated-content\" href=\"https:\/\/toroenmaromado.es\/wp-content\/uploads\/2023\/02\/Saliendo-el-Toro-de-la-primera-argolla-en-la-Plaza-de-la-Madera-anos-50-scaled.jpg\" data-elementor-open-lightbox=\"yes\" data-elementor-lightbox-slideshow=\"5918586\" data-elementor-lightbox-title=\"Saliendo el Toro de la primera argolla en la Plaza de la Madera, a\u00f1os 50\" data-e-action-hash=\"#elementor-action%3Aaction%3Dlightbox%26settings%3DeyJpZCI6Nzk4NiwidXJsIjoiaHR0cHM6XC9cL3Rvcm9lbm1hcm9tYWRvLmVzXC93cC1jb250ZW50XC91cGxvYWRzXC8yMDIzXC8wMlwvU2FsaWVuZG8tZWwtVG9yby1kZS1sYS1wcmltZXJhLWFyZ29sbGEtZW4tbGEtUGxhemEtZGUtbGEtTWFkZXJhLWFub3MtNTAtc2NhbGVkLmpwZyIsInNsaWRlc2hvdyI6IjU5MTg1ODYifQ%3D%3D\">\n\t\t\t\t\t<div class=\"e-gallery-image elementor-gallery-item__image\" data-thumbnail=\"https:\/\/toroenmaromado.es\/wp-content\/uploads\/2023\/02\/Saliendo-el-Toro-de-la-primera-argolla-en-la-Plaza-de-la-Madera-anos-50-300x221.jpg\" data-width=\"300\" data-height=\"221\" aria-label=\"Saliendo el Toro de la primera argolla en la Plaza de la Madera, a\u00f1os 50\" role=\"img\" ><\/div>\n\t\t\t\t\t\t\t\t\t\t\t<div class=\"elementor-gallery-item__overlay\"><\/div>\n\t\t\t\t\t\t\t\t\t\t\t\t\t\t<\/a>\n\t\t\t\t\t\t\t<a class=\"e-gallery-item elementor-gallery-item elementor-animated-content\" href=\"https:\/\/toroenmaromado.es\/wp-content\/uploads\/2023\/02\/Subiendo-del-Rio-en-la-Calle-de-los-Carros-anos-50-scaled.jpg\" data-elementor-open-lightbox=\"yes\" data-elementor-lightbox-slideshow=\"5918586\" data-elementor-lightbox-title=\"Subiendo del R\u00edo en la Calle de los Carros, a\u00f1os 50\" data-e-action-hash=\"#elementor-action%3Aaction%3Dlightbox%26settings%3DeyJpZCI6Nzk4NywidXJsIjoiaHR0cHM6XC9cL3Rvcm9lbm1hcm9tYWRvLmVzXC93cC1jb250ZW50XC91cGxvYWRzXC8yMDIzXC8wMlwvU3ViaWVuZG8tZGVsLVJpby1lbi1sYS1DYWxsZS1kZS1sb3MtQ2Fycm9zLWFub3MtNTAtc2NhbGVkLmpwZyIsInNsaWRlc2hvdyI6IjU5MTg1ODYifQ%3D%3D\">\n\t\t\t\t\t<div class=\"e-gallery-image elementor-gallery-item__image\" data-thumbnail=\"https:\/\/toroenmaromado.es\/wp-content\/uploads\/2023\/02\/Subiendo-del-Rio-en-la-Calle-de-los-Carros-anos-50-300x192.jpg\" data-width=\"300\" data-height=\"192\" aria-label=\"Subiendo del R\u00edo en la Calle de los Carros, a\u00f1os 50\" role=\"img\" ><\/div>\n\t\t\t\t\t\t\t\t\t\t\t<div class=\"elementor-gallery-item__overlay\"><\/div>\n\t\t\t\t\t\t\t\t\t\t\t\t\t\t<\/a>\n\t\t\t\t\t\t\t<a class=\"e-gallery-item elementor-gallery-item elementor-animated-content\" href=\"https:\/\/toroenmaromado.es\/wp-content\/uploads\/2023\/02\/Subiendo-hacia-la-Plaza-de-Juan-Carlos-I-anos-50.jpg\" data-elementor-open-lightbox=\"yes\" data-elementor-lightbox-slideshow=\"5918586\" data-elementor-lightbox-title=\"Subiendo hacia la Plaza de Juan Carlos I, a\u00f1os 50\" data-e-action-hash=\"#elementor-action%3Aaction%3Dlightbox%26settings%3DeyJpZCI6Nzk4OCwidXJsIjoiaHR0cHM6XC9cL3Rvcm9lbm1hcm9tYWRvLmVzXC93cC1jb250ZW50XC91cGxvYWRzXC8yMDIzXC8wMlwvU3ViaWVuZG8taGFjaWEtbGEtUGxhemEtZGUtSnVhbi1DYXJsb3MtSS1hbm9zLTUwLmpwZyIsInNsaWRlc2hvdyI6IjU5MTg1ODYifQ%3D%3D\">\n\t\t\t\t\t<div class=\"e-gallery-image elementor-gallery-item__image\" data-thumbnail=\"https:\/\/toroenmaromado.es\/wp-content\/uploads\/2023\/02\/Subiendo-hacia-la-Plaza-de-Juan-Carlos-I-anos-50-300x192.jpg\" data-width=\"300\" data-height=\"192\" aria-label=\"Subiendo hacia la Plaza de Juan Carlos I, a\u00f1os 50\" role=\"img\" ><\/div>\n\t\t\t\t\t\t\t\t\t\t\t<div class=\"elementor-gallery-item__overlay\"><\/div>\n\t\t\t\t\t\t\t\t\t\t\t\t\t\t<\/a>\n\t\t\t\t\t\t\t<a class=\"e-gallery-item elementor-gallery-item elementor-animated-content\" href=\"https:\/\/toroenmaromado.es\/wp-content\/uploads\/2023\/02\/Subiendo-la-Calle-Ancha-anos-50.jpg\" data-elementor-open-lightbox=\"yes\" data-elementor-lightbox-slideshow=\"5918586\" data-elementor-lightbox-title=\"Subiendo la Calle Ancha, a\u00f1os 50\" data-e-action-hash=\"#elementor-action%3Aaction%3Dlightbox%26settings%3DeyJpZCI6Nzk4OSwidXJsIjoiaHR0cHM6XC9cL3Rvcm9lbm1hcm9tYWRvLmVzXC93cC1jb250ZW50XC91cGxvYWRzXC8yMDIzXC8wMlwvU3ViaWVuZG8tbGEtQ2FsbGUtQW5jaGEtYW5vcy01MC5qcGciLCJzbGlkZXNob3ciOiI1OTE4NTg2In0%3D\">\n\t\t\t\t\t<div class=\"e-gallery-image elementor-gallery-item__image\" data-thumbnail=\"https:\/\/toroenmaromado.es\/wp-content\/uploads\/2023\/02\/Subiendo-la-Calle-Ancha-anos-50-300x216.jpg\" data-width=\"300\" data-height=\"216\" aria-label=\"Subiendo la Calle Ancha, a\u00f1os 50\" role=\"img\" ><\/div>\n\t\t\t\t\t\t\t\t\t\t\t<div class=\"elementor-gallery-item__overlay\"><\/div>\n\t\t\t\t\t\t\t\t\t\t\t\t\t\t<\/a>\n\t\t\t\t\t\t\t<a class=\"e-gallery-item elementor-gallery-item elementor-animated-content\" href=\"https:\/\/toroenmaromado.es\/wp-content\/uploads\/2023\/02\/Subiendo-la-Calle-de-la-Encomienda-anos-50.jpg\" data-elementor-open-lightbox=\"yes\" data-elementor-lightbox-slideshow=\"5918586\" data-elementor-lightbox-title=\"Subiendo la Calle de la Encomienda, a\u00f1os 50\" data-e-action-hash=\"#elementor-action%3Aaction%3Dlightbox%26settings%3DeyJpZCI6Nzk5MCwidXJsIjoiaHR0cHM6XC9cL3Rvcm9lbm1hcm9tYWRvLmVzXC93cC1jb250ZW50XC91cGxvYWRzXC8yMDIzXC8wMlwvU3ViaWVuZG8tbGEtQ2FsbGUtZGUtbGEtRW5jb21pZW5kYS1hbm9zLTUwLmpwZyIsInNsaWRlc2hvdyI6IjU5MTg1ODYifQ%3D%3D\">\n\t\t\t\t\t<div class=\"e-gallery-image elementor-gallery-item__image\" data-thumbnail=\"https:\/\/toroenmaromado.es\/wp-content\/uploads\/2023\/02\/Subiendo-la-Calle-de-la-Encomienda-anos-50-300x233.jpg\" data-width=\"300\" data-height=\"233\" aria-label=\"Subiendo la Calle de la Encomienda, a\u00f1os 50\" role=\"img\" ><\/div>\n\t\t\t\t\t\t\t\t\t\t\t<div class=\"elementor-gallery-item__overlay\"><\/div>\n\t\t\t\t\t\t\t\t\t\t\t\t\t\t<\/a>\n\t\t\t\t\t\t\t<a class=\"e-gallery-item elementor-gallery-item elementor-animated-content\" href=\"https:\/\/toroenmaromado.es\/wp-content\/uploads\/2023\/02\/Subiendo-la-Calle-de-los-Carros-a-la-altura-de-la-Casa-de-Banos-anos-50.jpg\" data-elementor-open-lightbox=\"yes\" data-elementor-lightbox-slideshow=\"5918586\" data-elementor-lightbox-title=\"Subiendo la Calle de los Carros a la altura de la Casa de Ba\u00f1os, a\u00f1os 50\" data-e-action-hash=\"#elementor-action%3Aaction%3Dlightbox%26settings%3DeyJpZCI6Nzk5MSwidXJsIjoiaHR0cHM6XC9cL3Rvcm9lbm1hcm9tYWRvLmVzXC93cC1jb250ZW50XC91cGxvYWRzXC8yMDIzXC8wMlwvU3ViaWVuZG8tbGEtQ2FsbGUtZGUtbG9zLUNhcnJvcy1hLWxhLWFsdHVyYS1kZS1sYS1DYXNhLWRlLUJhbm9zLWFub3MtNTAuanBnIiwic2xpZGVzaG93IjoiNTkxODU4NiJ9\">\n\t\t\t\t\t<div class=\"e-gallery-image elementor-gallery-item__image\" data-thumbnail=\"https:\/\/toroenmaromado.es\/wp-content\/uploads\/2023\/02\/Subiendo-la-Calle-de-los-Carros-a-la-altura-de-la-Casa-de-Banos-anos-50-300x192.jpg\" data-width=\"300\" data-height=\"192\" aria-label=\"Subiendo la Calle de los Carros a la altura de la Casa de Ba\u00f1os, a\u00f1os 50\" role=\"img\" ><\/div>\n\t\t\t\t\t\t\t\t\t\t\t<div class=\"elementor-gallery-item__overlay\"><\/div>\n\t\t\t\t\t\t\t\t\t\t\t\t\t\t<\/a>\n\t\t\t\t\t\t\t<a class=\"e-gallery-item elementor-gallery-item elementor-animated-content\" href=\"https:\/\/toroenmaromado.es\/wp-content\/uploads\/2023\/02\/Subiendo-la-Calle-los-Carros-a-la-altura-de-la-Casa-del-Maestro-anos-50-scaled.jpg\" data-elementor-open-lightbox=\"yes\" data-elementor-lightbox-slideshow=\"5918586\" data-elementor-lightbox-title=\"Subiendo la Calle los Carros a la altura de la Casa del Maestro, a\u00f1os 50\" data-e-action-hash=\"#elementor-action%3Aaction%3Dlightbox%26settings%3DeyJpZCI6Nzk5MiwidXJsIjoiaHR0cHM6XC9cL3Rvcm9lbm1hcm9tYWRvLmVzXC93cC1jb250ZW50XC91cGxvYWRzXC8yMDIzXC8wMlwvU3ViaWVuZG8tbGEtQ2FsbGUtbG9zLUNhcnJvcy1hLWxhLWFsdHVyYS1kZS1sYS1DYXNhLWRlbC1NYWVzdHJvLWFub3MtNTAtc2NhbGVkLmpwZyIsInNsaWRlc2hvdyI6IjU5MTg1ODYifQ%3D%3D\">\n\t\t\t\t\t<div class=\"e-gallery-image elementor-gallery-item__image\" data-thumbnail=\"https:\/\/toroenmaromado.es\/wp-content\/uploads\/2023\/02\/Subiendo-la-Calle-los-Carros-a-la-altura-de-la-Casa-del-Maestro-anos-50-300x192.jpg\" data-width=\"300\" data-height=\"192\" aria-label=\"Subiendo la Calle los Carros a la altura de la Casa del Maestro, a\u00f1os 50\" role=\"img\" ><\/div>\n\t\t\t\t\t\t\t\t\t\t\t<div class=\"elementor-gallery-item__overlay\"><\/div>\n\t\t\t\t\t\t\t\t\t\t\t\t\t\t<\/a>\n\t\t\t\t\t\t\t<a class=\"e-gallery-item elementor-gallery-item elementor-animated-content\" href=\"https:\/\/toroenmaromado.es\/wp-content\/uploads\/2023\/02\/Sujetando-la-maroma-hacia-la-Calle-Canape-ano-1957-scaled.jpg\" data-elementor-open-lightbox=\"yes\" data-elementor-lightbox-slideshow=\"5918586\" data-elementor-lightbox-title=\"Sujetando la maroma hacia la Calle Canap\u00e9, a\u00f1o 1957\" data-e-action-hash=\"#elementor-action%3Aaction%3Dlightbox%26settings%3DeyJpZCI6Nzk5MywidXJsIjoiaHR0cHM6XC9cL3Rvcm9lbm1hcm9tYWRvLmVzXC93cC1jb250ZW50XC91cGxvYWRzXC8yMDIzXC8wMlwvU3VqZXRhbmRvLWxhLW1hcm9tYS1oYWNpYS1sYS1DYWxsZS1DYW5hcGUtYW5vLTE5NTctc2NhbGVkLmpwZyIsInNsaWRlc2hvdyI6IjU5MTg1ODYifQ%3D%3D\">\n\t\t\t\t\t<div class=\"e-gallery-image elementor-gallery-item__image\" data-thumbnail=\"https:\/\/toroenmaromado.es\/wp-content\/uploads\/2023\/02\/Sujetando-la-maroma-hacia-la-Calle-Canape-ano-1957-300x184.jpg\" data-width=\"300\" data-height=\"184\" aria-label=\"Sujetando la maroma hacia la Calle Canap\u00e9, a\u00f1o 1957\" role=\"img\" ><\/div>\n\t\t\t\t\t\t\t\t\t\t\t<div class=\"elementor-gallery-item__overlay\"><\/div>\n\t\t\t\t\t\t\t\t\t\t\t\t\t\t<\/a>\n\t\t\t\t\t\t\t<a class=\"e-gallery-item elementor-gallery-item elementor-animated-content\" href=\"https:\/\/toroenmaromado.es\/wp-content\/uploads\/2023\/02\/Toro-en-el-tramo-final-de-la-Calle-Cervantes-ano-1946.jpg\" data-elementor-open-lightbox=\"yes\" data-elementor-lightbox-slideshow=\"5918586\" data-elementor-lightbox-title=\"Toro en el tramo final de la Calle Cervantes, a\u00f1o 1946\" data-e-action-hash=\"#elementor-action%3Aaction%3Dlightbox%26settings%3DeyJpZCI6Nzk5NCwidXJsIjoiaHR0cHM6XC9cL3Rvcm9lbm1hcm9tYWRvLmVzXC93cC1jb250ZW50XC91cGxvYWRzXC8yMDIzXC8wMlwvVG9yby1lbi1lbC10cmFtby1maW5hbC1kZS1sYS1DYWxsZS1DZXJ2YW50ZXMtYW5vLTE5NDYuanBnIiwic2xpZGVzaG93IjoiNTkxODU4NiJ9\">\n\t\t\t\t\t<div class=\"e-gallery-image elementor-gallery-item__image\" data-thumbnail=\"https:\/\/toroenmaromado.es\/wp-content\/uploads\/2023\/02\/Toro-en-el-tramo-final-de-la-Calle-Cervantes-ano-1946-202x300.jpg\" data-width=\"202\" data-height=\"300\" aria-label=\"Toro en el tramo final de la Calle Cervantes, a\u00f1o 1946\" role=\"img\" ><\/div>\n\t\t\t\t\t\t\t\t\t\t\t<div class=\"elementor-gallery-item__overlay\"><\/div>\n\t\t\t\t\t\t\t\t\t\t\t\t\t\t<\/a>\n\t\t\t\t\t\t\t<a class=\"e-gallery-item elementor-gallery-item elementor-animated-content\" href=\"https:\/\/toroenmaromado.es\/wp-content\/uploads\/2023\/02\/Ultimo-tramo-de-la-Calle-Matadero-Ano-1980.jpg\" data-elementor-open-lightbox=\"yes\" data-elementor-lightbox-slideshow=\"5918586\" data-elementor-lightbox-title=\"\u00daltimo tramo de la Calle Matadero, A\u00f1o 1980\" data-e-action-hash=\"#elementor-action%3Aaction%3Dlightbox%26settings%3DeyJpZCI6Nzk5NSwidXJsIjoiaHR0cHM6XC9cL3Rvcm9lbm1hcm9tYWRvLmVzXC93cC1jb250ZW50XC91cGxvYWRzXC8yMDIzXC8wMlwvVWx0aW1vLXRyYW1vLWRlLWxhLUNhbGxlLU1hdGFkZXJvLUFuby0xOTgwLmpwZyIsInNsaWRlc2hvdyI6IjU5MTg1ODYifQ%3D%3D\">\n\t\t\t\t\t<div class=\"e-gallery-image elementor-gallery-item__image\" data-thumbnail=\"https:\/\/toroenmaromado.es\/wp-content\/uploads\/2023\/02\/Ultimo-tramo-de-la-Calle-Matadero-Ano-1980-223x300.jpg\" data-width=\"223\" data-height=\"300\" aria-label=\"\u00daltimo tramo de la Calle Matadero, A\u00f1o 1980\" role=\"img\" ><\/div>\n\t\t\t\t\t\t\t\t\t\t\t<div class=\"elementor-gallery-item__overlay\"><\/div>\n\t\t\t\t\t\t\t\t\t\t\t\t\t\t<\/a>\n\t\t\t\t\t\t\t<a class=\"e-gallery-item elementor-gallery-item elementor-animated-content\" href=\"https:\/\/toroenmaromado.es\/wp-content\/uploads\/2023\/02\/Ultimo-tramo-de-La-Rua-Anos-50-scaled.jpg\" data-elementor-open-lightbox=\"yes\" data-elementor-lightbox-slideshow=\"5918586\" data-elementor-lightbox-title=\"\u00daltimo tramo de La R\u00faa, A\u00f1os 50\" data-e-action-hash=\"#elementor-action%3Aaction%3Dlightbox%26settings%3DeyJpZCI6Nzk5NiwidXJsIjoiaHR0cHM6XC9cL3Rvcm9lbm1hcm9tYWRvLmVzXC93cC1jb250ZW50XC91cGxvYWRzXC8yMDIzXC8wMlwvVWx0aW1vLXRyYW1vLWRlLUxhLVJ1YS1Bbm9zLTUwLXNjYWxlZC5qcGciLCJzbGlkZXNob3ciOiI1OTE4NTg2In0%3D\">\n\t\t\t\t\t<div class=\"e-gallery-image elementor-gallery-item__image\" data-thumbnail=\"https:\/\/toroenmaromado.es\/wp-content\/uploads\/2023\/02\/Ultimo-tramo-de-La-Rua-Anos-50-225x300.jpg\" data-width=\"225\" data-height=\"300\" aria-label=\"\u00daltimo tramo de La R\u00faa, A\u00f1os 50\" role=\"img\" ><\/div>\n\t\t\t\t\t\t\t\t\t\t\t<div class=\"elementor-gallery-item__overlay\"><\/div>\n\t\t\t\t\t\t\t\t\t\t\t\t\t\t<\/a>\n\t\t\t\t\t\t\t<a class=\"e-gallery-item elementor-gallery-item elementor-animated-content\" href=\"https:\/\/toroenmaromado.es\/wp-content\/uploads\/2023\/02\/Vista-de-la-Plaza-del-Grano-con-el-Toro-detenido-anos-50.jpg\" data-elementor-open-lightbox=\"yes\" data-elementor-lightbox-slideshow=\"5918586\" data-elementor-lightbox-title=\"Vista de la Plaza del Grano con el Toro detenido, a\u00f1os 50\" data-e-action-hash=\"#elementor-action%3Aaction%3Dlightbox%26settings%3DeyJpZCI6Nzk5NywidXJsIjoiaHR0cHM6XC9cL3Rvcm9lbm1hcm9tYWRvLmVzXC93cC1jb250ZW50XC91cGxvYWRzXC8yMDIzXC8wMlwvVmlzdGEtZGUtbGEtUGxhemEtZGVsLUdyYW5vLWNvbi1lbC1Ub3JvLWRldGVuaWRvLWFub3MtNTAuanBnIiwic2xpZGVzaG93IjoiNTkxODU4NiJ9\">\n\t\t\t\t\t<div class=\"e-gallery-image elementor-gallery-item__image\" data-thumbnail=\"https:\/\/toroenmaromado.es\/wp-content\/uploads\/2023\/02\/Vista-de-la-Plaza-del-Grano-con-el-Toro-detenido-anos-50-300x198.jpg\" data-width=\"300\" data-height=\"198\" aria-label=\"Vista de la Plaza del Grano con el Toro detenido, a\u00f1os 50\" role=\"img\" ><\/div>\n\t\t\t\t\t\t\t\t\t\t\t<div class=\"elementor-gallery-item__overlay\"><\/div>\n\t\t\t\t\t\t\t\t\t\t\t\t\t\t<\/a>\n\t\t\t\t\t\t\t<a class=\"e-gallery-item elementor-gallery-item elementor-animated-content\" href=\"https:\/\/toroenmaromado.es\/wp-content\/uploads\/2023\/02\/Vista-general-de-la-Plaza-de-San-Martin-anos-60.jpg\" data-elementor-open-lightbox=\"yes\" data-elementor-lightbox-slideshow=\"5918586\" data-elementor-lightbox-title=\"Vista general de la Plaza de San Mart\u00edn, a\u00f1os 60\" data-e-action-hash=\"#elementor-action%3Aaction%3Dlightbox%26settings%3DeyJpZCI6Nzk5OCwidXJsIjoiaHR0cHM6XC9cL3Rvcm9lbm1hcm9tYWRvLmVzXC93cC1jb250ZW50XC91cGxvYWRzXC8yMDIzXC8wMlwvVmlzdGEtZ2VuZXJhbC1kZS1sYS1QbGF6YS1kZS1TYW4tTWFydGluLWFub3MtNjAuanBnIiwic2xpZGVzaG93IjoiNTkxODU4NiJ9\">\n\t\t\t\t\t<div class=\"e-gallery-image elementor-gallery-item__image\" data-thumbnail=\"https:\/\/toroenmaromado.es\/wp-content\/uploads\/2023\/02\/Vista-general-de-la-Plaza-de-San-Martin-anos-60-300x192.jpg\" data-width=\"300\" data-height=\"192\" aria-label=\"Vista general de la Plaza de San Mart\u00edn, a\u00f1os 60\" role=\"img\" ><\/div>\n\t\t\t\t\t\t\t\t\t\t\t<div class=\"elementor-gallery-item__overlay\"><\/div>\n\t\t\t\t\t\t\t\t\t\t\t\t\t\t<\/a>\n\t\t\t\t\t\t\t<a class=\"e-gallery-item elementor-gallery-item elementor-animated-content\" href=\"https:\/\/toroenmaromado.es\/wp-content\/uploads\/2023\/02\/Vista-general-de-la-Plaza-del-Grano-anos-50.jpg\" data-elementor-open-lightbox=\"yes\" data-elementor-lightbox-slideshow=\"5918586\" data-elementor-lightbox-title=\"Vista general de la Plaza del Grano, a\u00f1os 50\" data-e-action-hash=\"#elementor-action%3Aaction%3Dlightbox%26settings%3DeyJpZCI6Nzk5OSwidXJsIjoiaHR0cHM6XC9cL3Rvcm9lbm1hcm9tYWRvLmVzXC93cC1jb250ZW50XC91cGxvYWRzXC8yMDIzXC8wMlwvVmlzdGEtZ2VuZXJhbC1kZS1sYS1QbGF6YS1kZWwtR3Jhbm8tYW5vcy01MC5qcGciLCJzbGlkZXNob3ciOiI1OTE4NTg2In0%3D\">\n\t\t\t\t\t<div class=\"e-gallery-image elementor-gallery-item__image\" data-thumbnail=\"https:\/\/toroenmaromado.es\/wp-content\/uploads\/2023\/02\/Vista-general-de-la-Plaza-del-Grano-anos-50-223x300.jpg\" data-width=\"223\" data-height=\"300\" aria-label=\"Vista general de la Plaza del Grano, a\u00f1os 50\" role=\"img\" ><\/div>\n\t\t\t\t\t\t\t\t\t\t\t<div class=\"elementor-gallery-item__overlay\"><\/div>\n\t\t\t\t\t\t\t\t\t\t\t\t\t\t<\/a>\n\t\t\t\t\t\t\t<a class=\"e-gallery-item elementor-gallery-item elementor-animated-content\" href=\"https:\/\/toroenmaromado.es\/wp-content\/uploads\/2023\/02\/A-la-puerta-del-Matadero-anos-90-scaled.jpg\" data-elementor-open-lightbox=\"yes\" data-elementor-lightbox-slideshow=\"5918586\" data-elementor-lightbox-title=\"A la puerta del Matadero, a\u00f1os 90\" data-e-action-hash=\"#elementor-action%3Aaction%3Dlightbox%26settings%3DeyJpZCI6ODAwMCwidXJsIjoiaHR0cHM6XC9cL3Rvcm9lbm1hcm9tYWRvLmVzXC93cC1jb250ZW50XC91cGxvYWRzXC8yMDIzXC8wMlwvQS1sYS1wdWVydGEtZGVsLU1hdGFkZXJvLWFub3MtOTAtc2NhbGVkLmpwZyIsInNsaWRlc2hvdyI6IjU5MTg1ODYifQ%3D%3D\">\n\t\t\t\t\t<div class=\"e-gallery-image elementor-gallery-item__image\" data-thumbnail=\"https:\/\/toroenmaromado.es\/wp-content\/uploads\/2023\/02\/A-la-puerta-del-Matadero-anos-90-300x200.jpg\" data-width=\"300\" data-height=\"200\" aria-label=\"A la puerta del Matadero, a\u00f1os 90\" role=\"img\" ><\/div>\n\t\t\t\t\t\t\t\t\t\t\t<div class=\"elementor-gallery-item__overlay\"><\/div>\n\t\t\t\t\t\t\t\t\t\t\t\t\t\t<\/a>\n\t\t\t\t\t\t\t<a class=\"e-gallery-item elementor-gallery-item elementor-animated-content\" href=\"https:\/\/toroenmaromado.es\/wp-content\/uploads\/2023\/02\/Bajando-el-Portillo-de-San-Andres-anos-60-scaled.jpg\" data-elementor-open-lightbox=\"yes\" data-elementor-lightbox-slideshow=\"5918586\" data-elementor-lightbox-title=\"Bajando el Portillo de San Andr\u00e9s, a\u00f1os 60\" data-e-action-hash=\"#elementor-action%3Aaction%3Dlightbox%26settings%3DeyJpZCI6ODAwMSwidXJsIjoiaHR0cHM6XC9cL3Rvcm9lbm1hcm9tYWRvLmVzXC93cC1jb250ZW50XC91cGxvYWRzXC8yMDIzXC8wMlwvQmFqYW5kby1lbC1Qb3J0aWxsby1kZS1TYW4tQW5kcmVzLWFub3MtNjAtc2NhbGVkLmpwZyIsInNsaWRlc2hvdyI6IjU5MTg1ODYifQ%3D%3D\">\n\t\t\t\t\t<div class=\"e-gallery-image elementor-gallery-item__image\" data-thumbnail=\"https:\/\/toroenmaromado.es\/wp-content\/uploads\/2023\/02\/Bajando-el-Portillo-de-San-Andres-anos-60-300x215.jpg\" data-width=\"300\" data-height=\"215\" aria-label=\"Bajando el Portillo de San Andr\u00e9s, a\u00f1os 60\" role=\"img\" ><\/div>\n\t\t\t\t\t\t\t\t\t\t\t<div class=\"elementor-gallery-item__overlay\"><\/div>\n\t\t\t\t\t\t\t\t\t\t\t\t\t\t<\/a>\n\t\t\t\t\t\t\t<a class=\"e-gallery-item elementor-gallery-item elementor-animated-content\" href=\"https:\/\/toroenmaromado.es\/wp-content\/uploads\/2023\/02\/Bajando-la-Calle-de-los-Carros-ano-1978.jpg\" data-elementor-open-lightbox=\"yes\" data-elementor-lightbox-slideshow=\"5918586\" data-elementor-lightbox-title=\"Bajando la Calle de los Carros, a\u00f1o 1978\" data-e-action-hash=\"#elementor-action%3Aaction%3Dlightbox%26settings%3DeyJpZCI6ODAwMiwidXJsIjoiaHR0cHM6XC9cL3Rvcm9lbm1hcm9tYWRvLmVzXC93cC1jb250ZW50XC91cGxvYWRzXC8yMDIzXC8wMlwvQmFqYW5kby1sYS1DYWxsZS1kZS1sb3MtQ2Fycm9zLWFuby0xOTc4LmpwZyIsInNsaWRlc2hvdyI6IjU5MTg1ODYifQ%3D%3D\">\n\t\t\t\t\t<div class=\"e-gallery-image elementor-gallery-item__image\" data-thumbnail=\"https:\/\/toroenmaromado.es\/wp-content\/uploads\/2023\/02\/Bajando-la-Calle-de-los-Carros-ano-1978-300x192.jpg\" data-width=\"300\" data-height=\"192\" aria-label=\"Bajando la Calle de los Carros, a\u00f1o 1978\" role=\"img\" ><\/div>\n\t\t\t\t\t\t\t\t\t\t\t<div class=\"elementor-gallery-item__overlay\"><\/div>\n\t\t\t\t\t\t\t\t\t\t\t\t\t\t<\/a>\n\t\t\t\t\t\t\t<a class=\"e-gallery-item elementor-gallery-item elementor-animated-content\" href=\"https:\/\/toroenmaromado.es\/wp-content\/uploads\/2023\/02\/Bajando-la-calle-del-Agujero-anos-50.jpg\" data-elementor-open-lightbox=\"yes\" data-elementor-lightbox-slideshow=\"5918586\" data-elementor-lightbox-title=\"Bajando la calle del Ag\u00fcjero, a\u00f1os 50\" data-e-action-hash=\"#elementor-action%3Aaction%3Dlightbox%26settings%3DeyJpZCI6ODAwMywidXJsIjoiaHR0cHM6XC9cL3Rvcm9lbm1hcm9tYWRvLmVzXC93cC1jb250ZW50XC91cGxvYWRzXC8yMDIzXC8wMlwvQmFqYW5kby1sYS1jYWxsZS1kZWwtQWd1amVyby1hbm9zLTUwLmpwZyIsInNsaWRlc2hvdyI6IjU5MTg1ODYifQ%3D%3D\">\n\t\t\t\t\t<div class=\"e-gallery-image elementor-gallery-item__image\" data-thumbnail=\"https:\/\/toroenmaromado.es\/wp-content\/uploads\/2023\/02\/Bajando-la-calle-del-Agujero-anos-50-300x215.jpg\" data-width=\"300\" data-height=\"215\" aria-label=\"Bajando la calle del Ag\u00fcjero, a\u00f1os 50\" role=\"img\" ><\/div>\n\t\t\t\t\t\t\t\t\t\t\t<div class=\"elementor-gallery-item__overlay\"><\/div>\n\t\t\t\t\t\t\t\t\t\t\t\t\t\t<\/a>\n\t\t\t\t\t\t\t<a class=\"e-gallery-item elementor-gallery-item elementor-animated-content\" href=\"https:\/\/toroenmaromado.es\/wp-content\/uploads\/2023\/02\/Calle-de-las-Eras-confluencia-con-Canada-de-la-Vizana-Anos-60.jpg\" data-elementor-open-lightbox=\"yes\" data-elementor-lightbox-slideshow=\"5918586\" data-elementor-lightbox-title=\"Calle de las Eras, confluencia con Ca\u00f1ada de la Vizana, A\u00f1os 60\" data-e-action-hash=\"#elementor-action%3Aaction%3Dlightbox%26settings%3DeyJpZCI6ODAwNCwidXJsIjoiaHR0cHM6XC9cL3Rvcm9lbm1hcm9tYWRvLmVzXC93cC1jb250ZW50XC91cGxvYWRzXC8yMDIzXC8wMlwvQ2FsbGUtZGUtbGFzLUVyYXMtY29uZmx1ZW5jaWEtY29uLUNhbmFkYS1kZS1sYS1WaXphbmEtQW5vcy02MC5qcGciLCJzbGlkZXNob3ciOiI1OTE4NTg2In0%3D\">\n\t\t\t\t\t<div class=\"e-gallery-image elementor-gallery-item__image\" data-thumbnail=\"https:\/\/toroenmaromado.es\/wp-content\/uploads\/2023\/02\/Calle-de-las-Eras-confluencia-con-Canada-de-la-Vizana-Anos-60-300x226.jpg\" data-width=\"300\" data-height=\"226\" aria-label=\"Calle de las Eras, confluencia con Ca\u00f1ada de la Vizana, A\u00f1os 60\" role=\"img\" ><\/div>\n\t\t\t\t\t\t\t\t\t\t\t<div class=\"elementor-gallery-item__overlay\"><\/div>\n\t\t\t\t\t\t\t\t\t\t\t\t\t\t<\/a>\n\t\t\t\t\t\t\t<a class=\"e-gallery-item elementor-gallery-item elementor-animated-content\" href=\"https:\/\/toroenmaromado.es\/wp-content\/uploads\/2023\/02\/Calle-de-los-Hererros-en-direccion-a-Santa-Maria-anos-80-scaled.jpg\" data-elementor-open-lightbox=\"yes\" data-elementor-lightbox-slideshow=\"5918586\" data-elementor-lightbox-title=\"Calle de los Hererros en direcci\u00f3n a Santa Mar\u00eda, a\u00f1os 80\" data-e-action-hash=\"#elementor-action%3Aaction%3Dlightbox%26settings%3DeyJpZCI6ODAwNSwidXJsIjoiaHR0cHM6XC9cL3Rvcm9lbm1hcm9tYWRvLmVzXC93cC1jb250ZW50XC91cGxvYWRzXC8yMDIzXC8wMlwvQ2FsbGUtZGUtbG9zLUhlcmVycm9zLWVuLWRpcmVjY2lvbi1hLVNhbnRhLU1hcmlhLWFub3MtODAtc2NhbGVkLmpwZyIsInNsaWRlc2hvdyI6IjU5MTg1ODYifQ%3D%3D\">\n\t\t\t\t\t<div class=\"e-gallery-image elementor-gallery-item__image\" data-thumbnail=\"https:\/\/toroenmaromado.es\/wp-content\/uploads\/2023\/02\/Calle-de-los-Hererros-en-direccion-a-Santa-Maria-anos-80-222x300.jpg\" data-width=\"222\" data-height=\"300\" aria-label=\"Calle de los Hererros en direcci\u00f3n a Santa Mar\u00eda, a\u00f1os 80\" role=\"img\" ><\/div>\n\t\t\t\t\t\t\t\t\t\t\t<div class=\"elementor-gallery-item__overlay\"><\/div>\n\t\t\t\t\t\t\t\t\t\t\t\t\t\t<\/a>\n\t\t\t\t\t\t\t<a class=\"e-gallery-item elementor-gallery-item elementor-animated-content\" href=\"https:\/\/toroenmaromado.es\/wp-content\/uploads\/2023\/02\/Calle-de-los-Herreros-en-direccion-a-Santa-Maria-Anos-50.jpg\" data-elementor-open-lightbox=\"yes\" data-elementor-lightbox-slideshow=\"5918586\" data-elementor-lightbox-title=\"Calle de los Herreros en direcci\u00f3n a Santa Mar\u00eda, A\u00f1os 50\" data-e-action-hash=\"#elementor-action%3Aaction%3Dlightbox%26settings%3DeyJpZCI6ODAwNiwidXJsIjoiaHR0cHM6XC9cL3Rvcm9lbm1hcm9tYWRvLmVzXC93cC1jb250ZW50XC91cGxvYWRzXC8yMDIzXC8wMlwvQ2FsbGUtZGUtbG9zLUhlcnJlcm9zLWVuLWRpcmVjY2lvbi1hLVNhbnRhLU1hcmlhLUFub3MtNTAuanBnIiwic2xpZGVzaG93IjoiNTkxODU4NiJ9\">\n\t\t\t\t\t<div class=\"e-gallery-image elementor-gallery-item__image\" data-thumbnail=\"https:\/\/toroenmaromado.es\/wp-content\/uploads\/2023\/02\/Calle-de-los-Herreros-en-direccion-a-Santa-Maria-Anos-50-300x216.jpg\" data-width=\"300\" data-height=\"216\" aria-label=\"Calle de los Herreros en direcci\u00f3n a Santa Mar\u00eda, A\u00f1os 50\" role=\"img\" ><\/div>\n\t\t\t\t\t\t\t\t\t\t\t<div class=\"elementor-gallery-item__overlay\"><\/div>\n\t\t\t\t\t\t\t\t\t\t\t\t\t\t<\/a>\n\t\t\t\t\t\t\t<a class=\"e-gallery-item elementor-gallery-item elementor-animated-content\" href=\"https:\/\/toroenmaromado.es\/wp-content\/uploads\/2023\/02\/Calle-de-los-Herreros-Anos-80.jpg\" data-elementor-open-lightbox=\"yes\" data-elementor-lightbox-slideshow=\"5918586\" data-elementor-lightbox-title=\"Calle de los Herreros, A\u00f1os 80\" data-e-action-hash=\"#elementor-action%3Aaction%3Dlightbox%26settings%3DeyJpZCI6ODAwNywidXJsIjoiaHR0cHM6XC9cL3Rvcm9lbm1hcm9tYWRvLmVzXC93cC1jb250ZW50XC91cGxvYWRzXC8yMDIzXC8wMlwvQ2FsbGUtZGUtbG9zLUhlcnJlcm9zLUFub3MtODAuanBnIiwic2xpZGVzaG93IjoiNTkxODU4NiJ9\">\n\t\t\t\t\t<div class=\"e-gallery-image elementor-gallery-item__image\" data-thumbnail=\"https:\/\/toroenmaromado.es\/wp-content\/uploads\/2023\/02\/Calle-de-los-Herreros-Anos-80-212x300.jpg\" data-width=\"212\" data-height=\"300\" aria-label=\"Calle de los Herreros, A\u00f1os 80\" role=\"img\" ><\/div>\n\t\t\t\t\t\t\t\t\t\t\t<div class=\"elementor-gallery-item__overlay\"><\/div>\n\t\t\t\t\t\t\t\t\t\t\t\t\t\t<\/a>\n\t\t\t\t\t\t\t<a class=\"e-gallery-item elementor-gallery-item elementor-animated-content\" href=\"https:\/\/toroenmaromado.es\/wp-content\/uploads\/2023\/02\/Calle-Hospital-de-San-Juan-Ano-1969.jpg\" data-elementor-open-lightbox=\"yes\" data-elementor-lightbox-slideshow=\"5918586\" data-elementor-lightbox-title=\"Calle Hospital de San Juan, A\u00f1o 1969\" data-e-action-hash=\"#elementor-action%3Aaction%3Dlightbox%26settings%3DeyJpZCI6ODAwOCwidXJsIjoiaHR0cHM6XC9cL3Rvcm9lbm1hcm9tYWRvLmVzXC93cC1jb250ZW50XC91cGxvYWRzXC8yMDIzXC8wMlwvQ2FsbGUtSG9zcGl0YWwtZGUtU2FuLUp1YW4tQW5vLTE5NjkuanBnIiwic2xpZGVzaG93IjoiNTkxODU4NiJ9\">\n\t\t\t\t\t<div class=\"e-gallery-image elementor-gallery-item__image\" data-thumbnail=\"https:\/\/toroenmaromado.es\/wp-content\/uploads\/2023\/02\/Calle-Hospital-de-San-Juan-Ano-1969-300x223.jpg\" data-width=\"300\" data-height=\"223\" aria-label=\"Calle Hospital de San Juan, A\u00f1o 1969\" role=\"img\" ><\/div>\n\t\t\t\t\t\t\t\t\t\t\t<div class=\"elementor-gallery-item__overlay\"><\/div>\n\t\t\t\t\t\t\t\t\t\t\t\t\t\t<\/a>\n\t\t\t\t\t\t\t<a class=\"e-gallery-item elementor-gallery-item elementor-animated-content\" href=\"https:\/\/toroenmaromado.es\/wp-content\/uploads\/2023\/02\/Calle-Lagares-Ano-1969.jpg\" data-elementor-open-lightbox=\"yes\" data-elementor-lightbox-slideshow=\"5918586\" data-elementor-lightbox-title=\"Calle Lagares, A\u00f1o 1969\" data-e-action-hash=\"#elementor-action%3Aaction%3Dlightbox%26settings%3DeyJpZCI6ODAwOSwidXJsIjoiaHR0cHM6XC9cL3Rvcm9lbm1hcm9tYWRvLmVzXC93cC1jb250ZW50XC91cGxvYWRzXC8yMDIzXC8wMlwvQ2FsbGUtTGFnYXJlcy1Bbm8tMTk2OS5qcGciLCJzbGlkZXNob3ciOiI1OTE4NTg2In0%3D\">\n\t\t\t\t\t<div class=\"e-gallery-image elementor-gallery-item__image\" data-thumbnail=\"https:\/\/toroenmaromado.es\/wp-content\/uploads\/2023\/02\/Calle-Lagares-Ano-1969-300x199.jpg\" data-width=\"300\" data-height=\"199\" aria-label=\"Calle Lagares, A\u00f1o 1969\" role=\"img\" ><\/div>\n\t\t\t\t\t\t\t\t\t\t\t<div class=\"elementor-gallery-item__overlay\"><\/div>\n\t\t\t\t\t\t\t\t\t\t\t\t\t\t<\/a>\n\t\t\t\t\t\t\t<a class=\"e-gallery-item elementor-gallery-item elementor-animated-content\" href=\"https:\/\/toroenmaromado.es\/wp-content\/uploads\/2023\/02\/Calle-Matadero-Anos-80.jpg\" data-elementor-open-lightbox=\"yes\" data-elementor-lightbox-slideshow=\"5918586\" data-elementor-lightbox-title=\"Calle Matadero, A\u00f1os 80\" data-e-action-hash=\"#elementor-action%3Aaction%3Dlightbox%26settings%3DeyJpZCI6ODAxMCwidXJsIjoiaHR0cHM6XC9cL3Rvcm9lbm1hcm9tYWRvLmVzXC93cC1jb250ZW50XC91cGxvYWRzXC8yMDIzXC8wMlwvQ2FsbGUtTWF0YWRlcm8tQW5vcy04MC5qcGciLCJzbGlkZXNob3ciOiI1OTE4NTg2In0%3D\">\n\t\t\t\t\t<div class=\"e-gallery-image elementor-gallery-item__image\" data-thumbnail=\"https:\/\/toroenmaromado.es\/wp-content\/uploads\/2023\/02\/Calle-Matadero-Anos-80-211x300.jpg\" data-width=\"211\" data-height=\"300\" aria-label=\"Calle Matadero, A\u00f1os 80\" role=\"img\" ><\/div>\n\t\t\t\t\t\t\t\t\t\t\t<div class=\"elementor-gallery-item__overlay\"><\/div>\n\t\t\t\t\t\t\t\t\t\t\t\t\t\t<\/a>\n\t\t\t\t\t<\/div>\n\t\t\t\t\t<\/div>\n\t\t\t\t<\/div>\n\t\t\t\t\t<\/div>\n\t\t<\/div>\n\t\t\t\t\t<\/div>\n\t\t<\/section>\n\t\t\t\t\t<\/div>\n\t\t<\/div>\n\t\t\t\t\t<\/div>\n\t\t<\/section>\n\t\t\t\t<section class=\"elementor-section elementor-top-section elementor-element elementor-element-f8126ed elementor-section-boxed elementor-section-height-default elementor-section-height-default\" data-id=\"f8126ed\" data-element_type=\"section\" data-e-type=\"section\">\n\t\t\t\t\t\t<div class=\"elementor-container elementor-column-gap-default\">\n\t\t\t\t\t<div class=\"elementor-column elementor-col-100 elementor-top-column elementor-element elementor-element-d697200\" data-id=\"d697200\" data-element_type=\"column\" data-e-type=\"column\">\n\t\t\t<div class=\"elementor-widget-wrap elementor-element-populated\">\n\t\t\t\t\t\t<section class=\"elementor-section elementor-inner-section elementor-element elementor-element-beba6f2 elementor-section-boxed elementor-section-height-default elementor-section-height-default\" data-id=\"beba6f2\" data-element_type=\"section\" data-e-type=\"section\">\n\t\t\t\t\t\t<div class=\"elementor-container elementor-column-gap-default\">\n\t\t\t\t\t<div class=\"elementor-column elementor-col-100 elementor-inner-column elementor-element elementor-element-8aaf0bc\" data-id=\"8aaf0bc\" data-element_type=\"column\" data-e-type=\"column\">\n\t\t\t<div class=\"elementor-widget-wrap elementor-element-populated\">\n\t\t\t\t\t\t<div class=\"elementor-element elementor-element-6c4b2ab elementor-widget elementor-widget-heading\" data-id=\"6c4b2ab\" data-element_type=\"widget\" data-e-type=\"widget\" data-widget_type=\"heading.default\">\n\t\t\t\t<div class=\"elementor-widget-container\">\n\t\t\t\t\t<h3 class=\"elementor-heading-title elementor-size-default\">Percances y cogidas<\/h3>\t\t\t\t<\/div>\n\t\t\t\t<\/div>\n\t\t\t\t\t<\/div>\n\t\t<\/div>\n\t\t\t\t\t<\/div>\n\t\t<\/section>\n\t\t\t\t<section class=\"elementor-section elementor-inner-section elementor-element elementor-element-8203d4c elementor-section-boxed elementor-section-height-default elementor-section-height-default\" data-id=\"8203d4c\" data-element_type=\"section\" data-e-type=\"section\">\n\t\t\t\t\t\t<div class=\"elementor-container elementor-column-gap-default\">\n\t\t\t\t\t<div class=\"elementor-column elementor-col-100 elementor-inner-column elementor-element elementor-element-0f56a93\" data-id=\"0f56a93\" data-element_type=\"column\" data-e-type=\"column\">\n\t\t\t<div class=\"elementor-widget-wrap elementor-element-populated\">\n\t\t\t\t\t\t<div class=\"elementor-element elementor-element-d2a9423 elementor-widget elementor-widget-gallery\" data-id=\"d2a9423\" data-element_type=\"widget\" data-e-type=\"widget\" data-settings=\"{&quot;gallery_layout&quot;:&quot;justified&quot;,&quot;lazyload&quot;:&quot;yes&quot;,&quot;ideal_row_height&quot;:{&quot;unit&quot;:&quot;px&quot;,&quot;size&quot;:200,&quot;sizes&quot;:[]},&quot;ideal_row_height_tablet&quot;:{&quot;unit&quot;:&quot;px&quot;,&quot;size&quot;:150,&quot;sizes&quot;:[]},&quot;ideal_row_height_mobile&quot;:{&quot;unit&quot;:&quot;px&quot;,&quot;size&quot;:150,&quot;sizes&quot;:[]},&quot;gap&quot;:{&quot;unit&quot;:&quot;px&quot;,&quot;size&quot;:10,&quot;sizes&quot;:[]},&quot;gap_tablet&quot;:{&quot;unit&quot;:&quot;px&quot;,&quot;size&quot;:10,&quot;sizes&quot;:[]},&quot;gap_mobile&quot;:{&quot;unit&quot;:&quot;px&quot;,&quot;size&quot;:10,&quot;sizes&quot;:[]},&quot;link_to&quot;:&quot;file&quot;,&quot;overlay_background&quot;:&quot;yes&quot;,&quot;content_hover_animation&quot;:&quot;fade-in&quot;}\" data-widget_type=\"gallery.default\">\n\t\t\t\t<div class=\"elementor-widget-container\">\n\t\t\t\t\t\t\t<div class=\"elementor-gallery__container\">\n\t\t\t\t\t\t\t<a class=\"e-gallery-item elementor-gallery-item elementor-animated-content\" href=\"https:\/\/toroenmaromado.es\/wp-content\/uploads\/2023\/02\/Cogida-en-la-salidad-del-Toro-1980.jpg\" data-elementor-open-lightbox=\"yes\" data-elementor-lightbox-slideshow=\"d2a9423\" data-elementor-lightbox-title=\"Cogida en la salidad del Toro, 1980\" data-e-action-hash=\"#elementor-action%3Aaction%3Dlightbox%26settings%3DeyJpZCI6Nzg1MCwidXJsIjoiaHR0cHM6XC9cL3Rvcm9lbm1hcm9tYWRvLmVzXC93cC1jb250ZW50XC91cGxvYWRzXC8yMDIzXC8wMlwvQ29naWRhLWVuLWxhLXNhbGlkYWQtZGVsLVRvcm8tMTk4MC5qcGciLCJzbGlkZXNob3ciOiJkMmE5NDIzIn0%3D\">\n\t\t\t\t\t<div class=\"e-gallery-image elementor-gallery-item__image\" data-thumbnail=\"https:\/\/toroenmaromado.es\/wp-content\/uploads\/2023\/02\/Cogida-en-la-salidad-del-Toro-1980-300x187.jpg\" data-width=\"300\" data-height=\"187\" aria-label=\"Cogida en la salidad del Toro, 1980\" role=\"img\" ><\/div>\n\t\t\t\t\t\t\t\t\t\t\t<div class=\"elementor-gallery-item__overlay\"><\/div>\n\t\t\t\t\t\t\t\t\t\t\t\t\t\t<\/a>\n\t\t\t\t\t\t\t<a class=\"e-gallery-item elementor-gallery-item elementor-animated-content\" href=\"https:\/\/toroenmaromado.es\/wp-content\/uploads\/2023\/02\/El-Toro-antes-de-ser-abatido-a-tiros-cerca-de-los-Salados-1966.jpg\" data-elementor-open-lightbox=\"yes\" data-elementor-lightbox-slideshow=\"d2a9423\" data-elementor-lightbox-title=\"El Toro antes de ser abatido a tiros cerca de los Salados, 1966\" data-e-action-hash=\"#elementor-action%3Aaction%3Dlightbox%26settings%3DeyJpZCI6Nzg1MSwidXJsIjoiaHR0cHM6XC9cL3Rvcm9lbm1hcm9tYWRvLmVzXC93cC1jb250ZW50XC91cGxvYWRzXC8yMDIzXC8wMlwvRWwtVG9yby1hbnRlcy1kZS1zZXItYWJhdGlkby1hLXRpcm9zLWNlcmNhLWRlLWxvcy1TYWxhZG9zLTE5NjYuanBnIiwic2xpZGVzaG93IjoiZDJhOTQyMyJ9\">\n\t\t\t\t\t<div class=\"e-gallery-image elementor-gallery-item__image\" data-thumbnail=\"https:\/\/toroenmaromado.es\/wp-content\/uploads\/2023\/02\/El-Toro-antes-de-ser-abatido-a-tiros-cerca-de-los-Salados-1966-300x192.jpg\" data-width=\"300\" data-height=\"192\" aria-label=\"El Toro antes de ser abatido a tiros cerca de los Salados, 1966\" role=\"img\" ><\/div>\n\t\t\t\t\t\t\t\t\t\t\t<div class=\"elementor-gallery-item__overlay\"><\/div>\n\t\t\t\t\t\t\t\t\t\t\t\t\t\t<\/a>\n\t\t\t\t\t\t\t<a class=\"e-gallery-item elementor-gallery-item elementor-animated-content\" href=\"https:\/\/toroenmaromado.es\/wp-content\/uploads\/2023\/02\/Toro-embistiendo-a-los-mozos-en-la-Plaza-de-Santa-Maria-Anos-60.jpg\" data-elementor-open-lightbox=\"yes\" data-elementor-lightbox-slideshow=\"d2a9423\" data-elementor-lightbox-title=\"Toro embistiendo a los mozos en la Plaza de Santa Mar\u00eda, A\u00f1os 60\" data-e-action-hash=\"#elementor-action%3Aaction%3Dlightbox%26settings%3DeyJpZCI6Nzg1MiwidXJsIjoiaHR0cHM6XC9cL3Rvcm9lbm1hcm9tYWRvLmVzXC93cC1jb250ZW50XC91cGxvYWRzXC8yMDIzXC8wMlwvVG9yby1lbWJpc3RpZW5kby1hLWxvcy1tb3pvcy1lbi1sYS1QbGF6YS1kZS1TYW50YS1NYXJpYS1Bbm9zLTYwLmpwZyIsInNsaWRlc2hvdyI6ImQyYTk0MjMifQ%3D%3D\">\n\t\t\t\t\t<div class=\"e-gallery-image elementor-gallery-item__image\" data-thumbnail=\"https:\/\/toroenmaromado.es\/wp-content\/uploads\/2023\/02\/Toro-embistiendo-a-los-mozos-en-la-Plaza-de-Santa-Maria-Anos-60-300x183.jpg\" data-width=\"300\" data-height=\"183\" aria-label=\"Toro embistiendo a los mozos en la Plaza de Santa Mar\u00eda, A\u00f1os 60\" role=\"img\" ><\/div>\n\t\t\t\t\t\t\t\t\t\t\t<div class=\"elementor-gallery-item__overlay\"><\/div>\n\t\t\t\t\t\t\t\t\t\t\t\t\t\t<\/a>\n\t\t\t\t\t\t\t<a class=\"e-gallery-item elementor-gallery-item elementor-animated-content\" href=\"https:\/\/toroenmaromado.es\/wp-content\/uploads\/2023\/02\/cogida-a-la-salida-del-Toril.-Ano-1988.jpg\" data-elementor-open-lightbox=\"yes\" data-elementor-lightbox-slideshow=\"d2a9423\" data-elementor-lightbox-title=\"cogida a la salida del Toril. A\u00f1o 1988\" data-e-action-hash=\"#elementor-action%3Aaction%3Dlightbox%26settings%3DeyJpZCI6Nzg1MywidXJsIjoiaHR0cHM6XC9cL3Rvcm9lbm1hcm9tYWRvLmVzXC93cC1jb250ZW50XC91cGxvYWRzXC8yMDIzXC8wMlwvY29naWRhLWEtbGEtc2FsaWRhLWRlbC1Ub3JpbC4tQW5vLTE5ODguanBnIiwic2xpZGVzaG93IjoiZDJhOTQyMyJ9\">\n\t\t\t\t\t<div class=\"e-gallery-image elementor-gallery-item__image\" data-thumbnail=\"https:\/\/toroenmaromado.es\/wp-content\/uploads\/2023\/02\/cogida-a-la-salida-del-Toril.-Ano-1988-300x193.jpg\" data-width=\"300\" data-height=\"193\" aria-label=\"cogida a la salida del Toril. A\u00f1o 1988\" role=\"img\" ><\/div>\n\t\t\t\t\t\t\t\t\t\t\t<div class=\"elementor-gallery-item__overlay\"><\/div>\n\t\t\t\t\t\t\t\t\t\t\t\t\t\t<\/a>\n\t\t\t\t\t\t\t<a class=\"e-gallery-item elementor-gallery-item elementor-animated-content\" href=\"https:\/\/toroenmaromado.es\/wp-content\/uploads\/2023\/02\/Cogida-al-final-de-la-Calle-de-los-Carros-anos-80.jpg\" data-elementor-open-lightbox=\"yes\" data-elementor-lightbox-slideshow=\"d2a9423\" data-elementor-lightbox-title=\"Cogida al final de la Calle de los Carros, a\u00f1os 80\" data-e-action-hash=\"#elementor-action%3Aaction%3Dlightbox%26settings%3DeyJpZCI6Nzg1NCwidXJsIjoiaHR0cHM6XC9cL3Rvcm9lbm1hcm9tYWRvLmVzXC93cC1jb250ZW50XC91cGxvYWRzXC8yMDIzXC8wMlwvQ29naWRhLWFsLWZpbmFsLWRlLWxhLUNhbGxlLWRlLWxvcy1DYXJyb3MtYW5vcy04MC5qcGciLCJzbGlkZXNob3ciOiJkMmE5NDIzIn0%3D\">\n\t\t\t\t\t<div class=\"e-gallery-image elementor-gallery-item__image\" data-thumbnail=\"https:\/\/toroenmaromado.es\/wp-content\/uploads\/2023\/02\/Cogida-al-final-de-la-Calle-de-los-Carros-anos-80-300x208.jpg\" data-width=\"300\" data-height=\"208\" aria-label=\"Cogida al final de la Calle de los Carros, a\u00f1os 80\" role=\"img\" ><\/div>\n\t\t\t\t\t\t\t\t\t\t\t<div class=\"elementor-gallery-item__overlay\"><\/div>\n\t\t\t\t\t\t\t\t\t\t\t\t\t\t<\/a>\n\t\t\t\t\t\t\t<a class=\"e-gallery-item elementor-gallery-item elementor-animated-content\" href=\"https:\/\/toroenmaromado.es\/wp-content\/uploads\/2023\/02\/Cogida-en-El-Ferial-junto-al-Aserradero-de-Jose-Antonio-Otero-1966-scaled.jpg\" data-elementor-open-lightbox=\"yes\" data-elementor-lightbox-slideshow=\"d2a9423\" data-elementor-lightbox-title=\"Cogida en El Ferial, junto al Aserradero de Jos\u00e9 Antonio Otero, 1966\" data-e-action-hash=\"#elementor-action%3Aaction%3Dlightbox%26settings%3DeyJpZCI6Nzg1NSwidXJsIjoiaHR0cHM6XC9cL3Rvcm9lbm1hcm9tYWRvLmVzXC93cC1jb250ZW50XC91cGxvYWRzXC8yMDIzXC8wMlwvQ29naWRhLWVuLUVsLUZlcmlhbC1qdW50by1hbC1Bc2VycmFkZXJvLWRlLUpvc2UtQW50b25pby1PdGVyby0xOTY2LXNjYWxlZC5qcGciLCJzbGlkZXNob3ciOiJkMmE5NDIzIn0%3D\">\n\t\t\t\t\t<div class=\"e-gallery-image elementor-gallery-item__image\" data-thumbnail=\"https:\/\/toroenmaromado.es\/wp-content\/uploads\/2023\/02\/Cogida-en-El-Ferial-junto-al-Aserradero-de-Jose-Antonio-Otero-1966-300x192.jpg\" data-width=\"300\" data-height=\"192\" aria-label=\"Cogida en El Ferial, junto al Aserradero de Jos\u00e9 Antonio Otero, 1966\" role=\"img\" ><\/div>\n\t\t\t\t\t\t\t\t\t\t\t<div class=\"elementor-gallery-item__overlay\"><\/div>\n\t\t\t\t\t\t\t\t\t\t\t\t\t\t<\/a>\n\t\t\t\t\t\t\t<a class=\"e-gallery-item elementor-gallery-item elementor-animated-content\" href=\"https:\/\/toroenmaromado.es\/wp-content\/uploads\/2023\/02\/Cogida-en-la-Calle-Aguadores-Anos-50-scaled.jpg\" data-elementor-open-lightbox=\"yes\" data-elementor-lightbox-slideshow=\"d2a9423\" data-elementor-lightbox-title=\"Cogida en la Calle Aguadores, A\u00f1os 50\" data-e-action-hash=\"#elementor-action%3Aaction%3Dlightbox%26settings%3DeyJpZCI6Nzg1NiwidXJsIjoiaHR0cHM6XC9cL3Rvcm9lbm1hcm9tYWRvLmVzXC93cC1jb250ZW50XC91cGxvYWRzXC8yMDIzXC8wMlwvQ29naWRhLWVuLWxhLUNhbGxlLUFndWFkb3Jlcy1Bbm9zLTUwLXNjYWxlZC5qcGciLCJzbGlkZXNob3ciOiJkMmE5NDIzIn0%3D\">\n\t\t\t\t\t<div class=\"e-gallery-image elementor-gallery-item__image\" data-thumbnail=\"https:\/\/toroenmaromado.es\/wp-content\/uploads\/2023\/02\/Cogida-en-la-Calle-Aguadores-Anos-50-300x206.jpg\" data-width=\"300\" data-height=\"206\" aria-label=\"Cogida en la Calle Aguadores, A\u00f1os 50\" role=\"img\" ><\/div>\n\t\t\t\t\t\t\t\t\t\t\t<div class=\"elementor-gallery-item__overlay\"><\/div>\n\t\t\t\t\t\t\t\t\t\t\t\t\t\t<\/a>\n\t\t\t\t\t\t\t<a class=\"e-gallery-item elementor-gallery-item elementor-animated-content\" href=\"https:\/\/toroenmaromado.es\/wp-content\/uploads\/2023\/02\/Cogida-en-la-Plaza-de-la-Madera-1975-scaled.jpg\" data-elementor-open-lightbox=\"yes\" data-elementor-lightbox-slideshow=\"d2a9423\" data-elementor-lightbox-title=\"Cogida en la Plaza de la Madera , 1975\" data-e-action-hash=\"#elementor-action%3Aaction%3Dlightbox%26settings%3DeyJpZCI6Nzg1OCwidXJsIjoiaHR0cHM6XC9cL3Rvcm9lbm1hcm9tYWRvLmVzXC93cC1jb250ZW50XC91cGxvYWRzXC8yMDIzXC8wMlwvQ29naWRhLWVuLWxhLVBsYXphLWRlLWxhLU1hZGVyYS0xOTc1LXNjYWxlZC5qcGciLCJzbGlkZXNob3ciOiJkMmE5NDIzIn0%3D\">\n\t\t\t\t\t<div class=\"e-gallery-image elementor-gallery-item__image\" data-thumbnail=\"https:\/\/toroenmaromado.es\/wp-content\/uploads\/2023\/02\/Cogida-en-la-Plaza-de-la-Madera-1975-300x187.jpg\" data-width=\"300\" data-height=\"187\" aria-label=\"Cogida en la Plaza de la Madera , 1975\" role=\"img\" ><\/div>\n\t\t\t\t\t\t\t\t\t\t\t<div class=\"elementor-gallery-item__overlay\"><\/div>\n\t\t\t\t\t\t\t\t\t\t\t\t\t\t<\/a>\n\t\t\t\t\t\t\t<a class=\"e-gallery-item elementor-gallery-item elementor-animated-content\" href=\"https:\/\/toroenmaromado.es\/wp-content\/uploads\/2023\/02\/Cogida-en-la-Plaza-de-la-Madera-1975-1.jpg\" data-elementor-open-lightbox=\"yes\" data-elementor-lightbox-slideshow=\"d2a9423\" data-elementor-lightbox-title=\"Cogida en la Plaza de la Madera, 1975\" data-e-action-hash=\"#elementor-action%3Aaction%3Dlightbox%26settings%3DeyJpZCI6Nzg1OSwidXJsIjoiaHR0cHM6XC9cL3Rvcm9lbm1hcm9tYWRvLmVzXC93cC1jb250ZW50XC91cGxvYWRzXC8yMDIzXC8wMlwvQ29naWRhLWVuLWxhLVBsYXphLWRlLWxhLU1hZGVyYS0xOTc1LTEuanBnIiwic2xpZGVzaG93IjoiZDJhOTQyMyJ9\">\n\t\t\t\t\t<div class=\"e-gallery-image elementor-gallery-item__image\" data-thumbnail=\"https:\/\/toroenmaromado.es\/wp-content\/uploads\/2023\/02\/Cogida-en-la-Plaza-de-la-Madera-1975-1-300x187.jpg\" data-width=\"300\" data-height=\"187\" aria-label=\"Cogida en la Plaza de la Madera, 1975\" role=\"img\" ><\/div>\n\t\t\t\t\t\t\t\t\t\t\t<div class=\"elementor-gallery-item__overlay\"><\/div>\n\t\t\t\t\t\t\t\t\t\t\t\t\t\t<\/a>\n\t\t\t\t\t\t\t<a class=\"e-gallery-item elementor-gallery-item elementor-animated-content\" href=\"https:\/\/toroenmaromado.es\/wp-content\/uploads\/2023\/02\/Cogida-en-la-Plaza-de-San-Martin-1967.jpg\" data-elementor-open-lightbox=\"yes\" data-elementor-lightbox-slideshow=\"d2a9423\" data-elementor-lightbox-title=\"Cogida en la Plaza de San Mart\u00edn, 1967\" data-e-action-hash=\"#elementor-action%3Aaction%3Dlightbox%26settings%3DeyJpZCI6Nzg2MCwidXJsIjoiaHR0cHM6XC9cL3Rvcm9lbm1hcm9tYWRvLmVzXC93cC1jb250ZW50XC91cGxvYWRzXC8yMDIzXC8wMlwvQ29naWRhLWVuLWxhLVBsYXphLWRlLVNhbi1NYXJ0aW4tMTk2Ny5qcGciLCJzbGlkZXNob3ciOiJkMmE5NDIzIn0%3D\">\n\t\t\t\t\t<div class=\"e-gallery-image elementor-gallery-item__image\" data-thumbnail=\"https:\/\/toroenmaromado.es\/wp-content\/uploads\/2023\/02\/Cogida-en-la-Plaza-de-San-Martin-1967-300x187.jpg\" data-width=\"300\" data-height=\"187\" aria-label=\"Cogida en la Plaza de San Mart\u00edn, 1967\" role=\"img\" ><\/div>\n\t\t\t\t\t\t\t\t\t\t\t<div class=\"elementor-gallery-item__overlay\"><\/div>\n\t\t\t\t\t\t\t\t\t\t\t\t\t\t<\/a>\n\t\t\t\t\t\t\t<a class=\"e-gallery-item elementor-gallery-item elementor-animated-content\" href=\"https:\/\/toroenmaromado.es\/wp-content\/uploads\/2023\/02\/Cogida-en-la-Plaza-de-Santa-Maria-Anos-50.jpg\" data-elementor-open-lightbox=\"yes\" data-elementor-lightbox-slideshow=\"d2a9423\" data-elementor-lightbox-title=\"Cogida en la Plaza de Santa Mar\u00eda, A\u00f1os 50\" data-e-action-hash=\"#elementor-action%3Aaction%3Dlightbox%26settings%3DeyJpZCI6Nzg2MSwidXJsIjoiaHR0cHM6XC9cL3Rvcm9lbm1hcm9tYWRvLmVzXC93cC1jb250ZW50XC91cGxvYWRzXC8yMDIzXC8wMlwvQ29naWRhLWVuLWxhLVBsYXphLWRlLVNhbnRhLU1hcmlhLUFub3MtNTAuanBnIiwic2xpZGVzaG93IjoiZDJhOTQyMyJ9\">\n\t\t\t\t\t<div class=\"e-gallery-image elementor-gallery-item__image\" data-thumbnail=\"https:\/\/toroenmaromado.es\/wp-content\/uploads\/2023\/02\/Cogida-en-la-Plaza-de-Santa-Maria-Anos-50-300x187.jpg\" data-width=\"300\" data-height=\"187\" aria-label=\"Cogida en la Plaza de Santa Mar\u00eda, A\u00f1os 50\" role=\"img\" ><\/div>\n\t\t\t\t\t\t\t\t\t\t\t<div class=\"elementor-gallery-item__overlay\"><\/div>\n\t\t\t\t\t\t\t\t\t\t\t\t\t\t<\/a>\n\t\t\t\t\t\t\t<a class=\"e-gallery-item elementor-gallery-item elementor-animated-content\" href=\"https:\/\/toroenmaromado.es\/wp-content\/uploads\/2023\/02\/Cogida-en-la-Plaza-del-Grano-1951.jpg\" data-elementor-open-lightbox=\"yes\" data-elementor-lightbox-slideshow=\"d2a9423\" data-elementor-lightbox-title=\"Cogida en la Plaza del Grano, 1951\" data-e-action-hash=\"#elementor-action%3Aaction%3Dlightbox%26settings%3DeyJpZCI6Nzg2MiwidXJsIjoiaHR0cHM6XC9cL3Rvcm9lbm1hcm9tYWRvLmVzXC93cC1jb250ZW50XC91cGxvYWRzXC8yMDIzXC8wMlwvQ29naWRhLWVuLWxhLVBsYXphLWRlbC1HcmFuby0xOTUxLmpwZyIsInNsaWRlc2hvdyI6ImQyYTk0MjMifQ%3D%3D\">\n\t\t\t\t\t<div class=\"e-gallery-image elementor-gallery-item__image\" data-thumbnail=\"https:\/\/toroenmaromado.es\/wp-content\/uploads\/2023\/02\/Cogida-en-la-Plaza-del-Grano-1951-300x187.jpg\" data-width=\"300\" data-height=\"187\" aria-label=\"Cogida en la Plaza del Grano, 1951\" role=\"img\" ><\/div>\n\t\t\t\t\t\t\t\t\t\t\t<div class=\"elementor-gallery-item__overlay\"><\/div>\n\t\t\t\t\t\t\t\t\t\t\t\t\t\t<\/a>\n\t\t\t\t\t<\/div>\n\t\t\t\t\t<\/div>\n\t\t\t\t<\/div>\n\t\t\t\t\t<\/div>\n\t\t<\/div>\n\t\t\t\t\t<\/div>\n\t\t<\/section>\n\t\t\t\t\t<\/div>\n\t\t<\/div>\n\t\t\t\t\t<\/div>\n\t\t<\/section>\n\t\t\t\t<section class=\"elementor-section elementor-top-section elementor-element elementor-element-46e01f7 elementor-section-boxed elementor-section-height-default elementor-section-height-default\" data-id=\"46e01f7\" data-element_type=\"section\" data-e-type=\"section\">\n\t\t\t\t\t\t<div class=\"elementor-container elementor-column-gap-default\">\n\t\t\t\t\t<div class=\"elementor-column elementor-col-100 elementor-top-column elementor-element elementor-element-03346b1\" data-id=\"03346b1\" data-element_type=\"column\" data-e-type=\"column\">\n\t\t\t<div class=\"elementor-widget-wrap elementor-element-populated\">\n\t\t\t\t\t\t<section class=\"elementor-section elementor-inner-section elementor-element elementor-element-6010704 elementor-section-boxed elementor-section-height-default elementor-section-height-default\" data-id=\"6010704\" data-element_type=\"section\" data-e-type=\"section\">\n\t\t\t\t\t\t<div class=\"elementor-container elementor-column-gap-default\">\n\t\t\t\t\t<div class=\"elementor-column elementor-col-100 elementor-inner-column elementor-element elementor-element-c30ddf4\" data-id=\"c30ddf4\" data-element_type=\"column\" data-e-type=\"column\">\n\t\t\t<div class=\"elementor-widget-wrap elementor-element-populated\">\n\t\t\t\t\t\t<div class=\"elementor-element elementor-element-1878bb7 elementor-widget elementor-widget-heading\" data-id=\"1878bb7\" data-element_type=\"widget\" data-e-type=\"widget\" data-widget_type=\"heading.default\">\n\t\t\t\t<div class=\"elementor-widget-container\">\n\t\t\t\t\t<h3 class=\"elementor-heading-title elementor-size-default\">An\u00e9cdotas y curiosidades<\/h3>\t\t\t\t<\/div>\n\t\t\t\t<\/div>\n\t\t\t\t\t<\/div>\n\t\t<\/div>\n\t\t\t\t\t<\/div>\n\t\t<\/section>\n\t\t\t\t<section class=\"elementor-section elementor-inner-section elementor-element elementor-element-c016cc3 elementor-section-boxed elementor-section-height-default elementor-section-height-default\" data-id=\"c016cc3\" data-element_type=\"section\" data-e-type=\"section\">\n\t\t\t\t\t\t<div class=\"elementor-container elementor-column-gap-default\">\n\t\t\t\t\t<div class=\"elementor-column elementor-col-100 elementor-inner-column elementor-element elementor-element-67d6537\" data-id=\"67d6537\" data-element_type=\"column\" data-e-type=\"column\">\n\t\t\t<div class=\"elementor-widget-wrap elementor-element-populated\">\n\t\t\t\t\t\t<div class=\"elementor-element elementor-element-0ee7a75 elementor-widget elementor-widget-gallery\" data-id=\"0ee7a75\" data-element_type=\"widget\" data-e-type=\"widget\" data-settings=\"{&quot;gallery_layout&quot;:&quot;justified&quot;,&quot;lazyload&quot;:&quot;yes&quot;,&quot;ideal_row_height&quot;:{&quot;unit&quot;:&quot;px&quot;,&quot;size&quot;:200,&quot;sizes&quot;:[]},&quot;ideal_row_height_tablet&quot;:{&quot;unit&quot;:&quot;px&quot;,&quot;size&quot;:150,&quot;sizes&quot;:[]},&quot;ideal_row_height_mobile&quot;:{&quot;unit&quot;:&quot;px&quot;,&quot;size&quot;:150,&quot;sizes&quot;:[]},&quot;gap&quot;:{&quot;unit&quot;:&quot;px&quot;,&quot;size&quot;:10,&quot;sizes&quot;:[]},&quot;gap_tablet&quot;:{&quot;unit&quot;:&quot;px&quot;,&quot;size&quot;:10,&quot;sizes&quot;:[]},&quot;gap_mobile&quot;:{&quot;unit&quot;:&quot;px&quot;,&quot;size&quot;:10,&quot;sizes&quot;:[]},&quot;link_to&quot;:&quot;file&quot;,&quot;overlay_background&quot;:&quot;yes&quot;,&quot;content_hover_animation&quot;:&quot;fade-in&quot;}\" data-widget_type=\"gallery.default\">\n\t\t\t\t<div class=\"elementor-widget-container\">\n\t\t\t\t\t\t\t<div class=\"elementor-gallery__container\">\n\t\t\t\t\t\t\t<a class=\"e-gallery-item elementor-gallery-item elementor-animated-content\" href=\"https:\/\/toroenmaromado.es\/wp-content\/uploads\/2023\/02\/El-Toro-en-los-soportales-del-antiguo-Hospital-de-Convalecientes-anos-70.jpg\" data-elementor-open-lightbox=\"yes\" data-elementor-lightbox-slideshow=\"0ee7a75\" data-elementor-lightbox-title=\"El Toro en los soportales del antiguo Hospital de Convalecientes, a\u00f1os 70\" data-e-action-hash=\"#elementor-action%3Aaction%3Dlightbox%26settings%3DeyJpZCI6Nzg0MCwidXJsIjoiaHR0cHM6XC9cL3Rvcm9lbm1hcm9tYWRvLmVzXC93cC1jb250ZW50XC91cGxvYWRzXC8yMDIzXC8wMlwvRWwtVG9yby1lbi1sb3Mtc29wb3J0YWxlcy1kZWwtYW50aWd1by1Ib3NwaXRhbC1kZS1Db252YWxlY2llbnRlcy1hbm9zLTcwLmpwZyIsInNsaWRlc2hvdyI6IjBlZTdhNzUifQ%3D%3D\">\n\t\t\t\t\t<div class=\"e-gallery-image elementor-gallery-item__image\" data-thumbnail=\"https:\/\/toroenmaromado.es\/wp-content\/uploads\/2023\/02\/El-Toro-en-los-soportales-del-antiguo-Hospital-de-Convalecientes-anos-70-300x192.jpg\" data-width=\"300\" data-height=\"192\" aria-label=\"El Toro en los soportales del antiguo Hospital de Convalecientes, a\u00f1os 70\" role=\"img\" ><\/div>\n\t\t\t\t\t\t\t\t\t\t\t<div class=\"elementor-gallery-item__overlay\"><\/div>\n\t\t\t\t\t\t\t\t\t\t\t\t\t\t<\/a>\n\t\t\t\t\t\t\t<a class=\"e-gallery-item elementor-gallery-item elementor-animated-content\" href=\"https:\/\/toroenmaromado.es\/wp-content\/uploads\/2023\/02\/Encierro-de-novillos-en-la-Calle-de-los-Carros-ano-1964.jpg\" data-elementor-open-lightbox=\"yes\" data-elementor-lightbox-slideshow=\"0ee7a75\" data-elementor-lightbox-title=\"Encierro de novillos en la Calle de los Carros, a\u00f1o 1964\" data-e-action-hash=\"#elementor-action%3Aaction%3Dlightbox%26settings%3DeyJpZCI6Nzg0MSwidXJsIjoiaHR0cHM6XC9cL3Rvcm9lbm1hcm9tYWRvLmVzXC93cC1jb250ZW50XC91cGxvYWRzXC8yMDIzXC8wMlwvRW5jaWVycm8tZGUtbm92aWxsb3MtZW4tbGEtQ2FsbGUtZGUtbG9zLUNhcnJvcy1hbm8tMTk2NC5qcGciLCJzbGlkZXNob3ciOiIwZWU3YTc1In0%3D\">\n\t\t\t\t\t<div class=\"e-gallery-image elementor-gallery-item__image\" data-thumbnail=\"https:\/\/toroenmaromado.es\/wp-content\/uploads\/2023\/02\/Encierro-de-novillos-en-la-Calle-de-los-Carros-ano-1964-300x192.jpg\" data-width=\"300\" data-height=\"192\" aria-label=\"Encierro de novillos en la Calle de los Carros, a\u00f1o 1964\" role=\"img\" ><\/div>\n\t\t\t\t\t\t\t\t\t\t\t<div class=\"elementor-gallery-item__overlay\"><\/div>\n\t\t\t\t\t\t\t\t\t\t\t\t\t\t<\/a>\n\t\t\t\t\t\t\t<a class=\"e-gallery-item elementor-gallery-item elementor-animated-content\" href=\"https:\/\/toroenmaromado.es\/wp-content\/uploads\/2023\/02\/Encierro-de-novillos-en-la-Calle-de-los-Carros-anos-1964-65.jpg\" data-elementor-open-lightbox=\"yes\" data-elementor-lightbox-slideshow=\"0ee7a75\" data-elementor-lightbox-title=\"Encierro de novillos en la Calle de los Carros, a\u00f1os 1964-65\" data-e-action-hash=\"#elementor-action%3Aaction%3Dlightbox%26settings%3DeyJpZCI6Nzg0MiwidXJsIjoiaHR0cHM6XC9cL3Rvcm9lbm1hcm9tYWRvLmVzXC93cC1jb250ZW50XC91cGxvYWRzXC8yMDIzXC8wMlwvRW5jaWVycm8tZGUtbm92aWxsb3MtZW4tbGEtQ2FsbGUtZGUtbG9zLUNhcnJvcy1hbm9zLTE5NjQtNjUuanBnIiwic2xpZGVzaG93IjoiMGVlN2E3NSJ9\">\n\t\t\t\t\t<div class=\"e-gallery-image elementor-gallery-item__image\" data-thumbnail=\"https:\/\/toroenmaromado.es\/wp-content\/uploads\/2023\/02\/Encierro-de-novillos-en-la-Calle-de-los-Carros-anos-1964-65-300x192.jpg\" data-width=\"300\" data-height=\"192\" aria-label=\"Encierro de novillos en la Calle de los Carros, a\u00f1os 1964-65\" role=\"img\" ><\/div>\n\t\t\t\t\t\t\t\t\t\t\t<div class=\"elementor-gallery-item__overlay\"><\/div>\n\t\t\t\t\t\t\t\t\t\t\t\t\t\t<\/a>\n\t\t\t\t\t\t\t<a class=\"e-gallery-item elementor-gallery-item elementor-animated-content\" href=\"https:\/\/toroenmaromado.es\/wp-content\/uploads\/2023\/02\/Encierro-de-novillos-en-la-calle-Lagares-anos-1964-65.jpg\" data-elementor-open-lightbox=\"yes\" data-elementor-lightbox-slideshow=\"0ee7a75\" data-elementor-lightbox-title=\"Encierro de novillos en la calle Lagares, a\u00f1os 1964-65\" data-e-action-hash=\"#elementor-action%3Aaction%3Dlightbox%26settings%3DeyJpZCI6Nzg0MywidXJsIjoiaHR0cHM6XC9cL3Rvcm9lbm1hcm9tYWRvLmVzXC93cC1jb250ZW50XC91cGxvYWRzXC8yMDIzXC8wMlwvRW5jaWVycm8tZGUtbm92aWxsb3MtZW4tbGEtY2FsbGUtTGFnYXJlcy1hbm9zLTE5NjQtNjUuanBnIiwic2xpZGVzaG93IjoiMGVlN2E3NSJ9\">\n\t\t\t\t\t<div class=\"e-gallery-image elementor-gallery-item__image\" data-thumbnail=\"https:\/\/toroenmaromado.es\/wp-content\/uploads\/2023\/02\/Encierro-de-novillos-en-la-calle-Lagares-anos-1964-65-300x192.jpg\" data-width=\"300\" data-height=\"192\" aria-label=\"Encierro de novillos en la calle Lagares, a\u00f1os 1964-65\" role=\"img\" ><\/div>\n\t\t\t\t\t\t\t\t\t\t\t<div class=\"elementor-gallery-item__overlay\"><\/div>\n\t\t\t\t\t\t\t\t\t\t\t\t\t\t<\/a>\n\t\t\t\t\t\t\t<a class=\"e-gallery-item elementor-gallery-item elementor-animated-content\" href=\"https:\/\/toroenmaromado.es\/wp-content\/uploads\/2023\/02\/Encierro-de-novillos-en-la-Plaza-de-Juan-Carlos-I-anos-1964-65.jpg\" data-elementor-open-lightbox=\"yes\" data-elementor-lightbox-slideshow=\"0ee7a75\" data-elementor-lightbox-title=\"Encierro de novillos en la Plaza de Juan Carlos I, a\u00f1os 1964-65\" data-e-action-hash=\"#elementor-action%3Aaction%3Dlightbox%26settings%3DeyJpZCI6Nzg0NCwidXJsIjoiaHR0cHM6XC9cL3Rvcm9lbm1hcm9tYWRvLmVzXC93cC1jb250ZW50XC91cGxvYWRzXC8yMDIzXC8wMlwvRW5jaWVycm8tZGUtbm92aWxsb3MtZW4tbGEtUGxhemEtZGUtSnVhbi1DYXJsb3MtSS1hbm9zLTE5NjQtNjUuanBnIiwic2xpZGVzaG93IjoiMGVlN2E3NSJ9\">\n\t\t\t\t\t<div class=\"e-gallery-image elementor-gallery-item__image\" data-thumbnail=\"https:\/\/toroenmaromado.es\/wp-content\/uploads\/2023\/02\/Encierro-de-novillos-en-la-Plaza-de-Juan-Carlos-I-anos-1964-65-300x192.jpg\" data-width=\"300\" data-height=\"192\" aria-label=\"Encierro de novillos en la Plaza de Juan Carlos I, a\u00f1os 1964-65\" role=\"img\" ><\/div>\n\t\t\t\t\t\t\t\t\t\t\t<div class=\"elementor-gallery-item__overlay\"><\/div>\n\t\t\t\t\t\t\t\t\t\t\t\t\t\t<\/a>\n\t\t\t\t\t\t\t<a class=\"e-gallery-item elementor-gallery-item elementor-animated-content\" href=\"https:\/\/toroenmaromado.es\/wp-content\/uploads\/2023\/02\/Encierro-de-novillos-en-la-Plaza-de-Santa-Maria-anos-1964-65.jpg\" data-elementor-open-lightbox=\"yes\" data-elementor-lightbox-slideshow=\"0ee7a75\" data-elementor-lightbox-title=\"Encierro de novillos en la Plaza de Santa Mar\u00eda, a\u00f1os 1964-65\" data-e-action-hash=\"#elementor-action%3Aaction%3Dlightbox%26settings%3DeyJpZCI6Nzg0NSwidXJsIjoiaHR0cHM6XC9cL3Rvcm9lbm1hcm9tYWRvLmVzXC93cC1jb250ZW50XC91cGxvYWRzXC8yMDIzXC8wMlwvRW5jaWVycm8tZGUtbm92aWxsb3MtZW4tbGEtUGxhemEtZGUtU2FudGEtTWFyaWEtYW5vcy0xOTY0LTY1LmpwZyIsInNsaWRlc2hvdyI6IjBlZTdhNzUifQ%3D%3D\">\n\t\t\t\t\t<div class=\"e-gallery-image elementor-gallery-item__image\" data-thumbnail=\"https:\/\/toroenmaromado.es\/wp-content\/uploads\/2023\/02\/Encierro-de-novillos-en-la-Plaza-de-Santa-Maria-anos-1964-65-300x192.jpg\" data-width=\"300\" data-height=\"192\" aria-label=\"Encierro de novillos en la Plaza de Santa Mar\u00eda, a\u00f1os 1964-65\" role=\"img\" ><\/div>\n\t\t\t\t\t\t\t\t\t\t\t<div class=\"elementor-gallery-item__overlay\"><\/div>\n\t\t\t\t\t\t\t\t\t\t\t\t\t\t<\/a>\n\t\t\t\t\t\t\t<a class=\"e-gallery-item elementor-gallery-item elementor-animated-content\" href=\"https:\/\/toroenmaromado.es\/wp-content\/uploads\/2023\/02\/Toro-levantando-un-coche-en-la-Cuesta-del-Rio-anos-80-scaled.jpg\" data-elementor-open-lightbox=\"yes\" data-elementor-lightbox-slideshow=\"0ee7a75\" data-elementor-lightbox-title=\"Toro levantando un coche en la Cuesta del R\u00edo, a\u00f1os 80\" data-e-action-hash=\"#elementor-action%3Aaction%3Dlightbox%26settings%3DeyJpZCI6Nzg0NiwidXJsIjoiaHR0cHM6XC9cL3Rvcm9lbm1hcm9tYWRvLmVzXC93cC1jb250ZW50XC91cGxvYWRzXC8yMDIzXC8wMlwvVG9yby1sZXZhbnRhbmRvLXVuLWNvY2hlLWVuLWxhLUN1ZXN0YS1kZWwtUmlvLWFub3MtODAtc2NhbGVkLmpwZyIsInNsaWRlc2hvdyI6IjBlZTdhNzUifQ%3D%3D\">\n\t\t\t\t\t<div class=\"e-gallery-image elementor-gallery-item__image\" data-thumbnail=\"https:\/\/toroenmaromado.es\/wp-content\/uploads\/2023\/02\/Toro-levantando-un-coche-en-la-Cuesta-del-Rio-anos-80-300x192.jpg\" data-width=\"300\" data-height=\"192\" aria-label=\"Toro levantando un coche en la Cuesta del R\u00edo, a\u00f1os 80Toro levantando un coche en la Cuesta del R\u00edo, a\u00f1os 80\" role=\"img\" ><\/div>\n\t\t\t\t\t\t\t\t\t\t\t<div class=\"elementor-gallery-item__overlay\"><\/div>\n\t\t\t\t\t\t\t\t\t\t\t\t\t\t<\/a>\n\t\t\t\t\t<\/div>\n\t\t\t\t\t<\/div>\n\t\t\t\t<\/div>\n\t\t\t\t\t<\/div>\n\t\t<\/div>\n\t\t\t\t\t<\/div>\n\t\t<\/section>\n\t\t\t\t\t<\/div>\n\t\t<\/div>\n\t\t\t\t\t<\/div>\n\t\t<\/section>\n\t\t\t\t<\/div>","protected":false},"excerpt":{"rendered":"<p>Fotograf\u00eda del Toro Enmaromado durante la Historia Las fotograf\u00edas mostradas a continuaci\u00f3n, son fotos Hist\u00f3ricas de Benavente y de su Ferias y Fiestas, tanto del Toro Enmaromado como de la Veguilla. Las fotograf\u00edas de esta secci\u00f3n, han sido recopiladas y cedidas por el Centro de Estudios Benaventanos Ledo del Pozo y pueden verse en algunas [&hellip;]<\/p>\n","protected":false},"author":1,"featured_media":0,"parent":874,"menu_order":0,"comment_status":"closed","ping_status":"closed","template":"","meta":{"om_disable_all_campaigns":false,"_monsterinsights_skip_tracking":false,"_monsterinsights_sitenote_active":false,"_monsterinsights_sitenote_note":"","_monsterinsights_sitenote_category":0,"footnotes":""},"class_list":["post-3797","page","type-page","status-publish","hentry"],"yoast_head":"<!-- This site is optimized with the Yoast SEO plugin v27.5 - https:\/\/yoast.com\/product\/yoast-seo-wordpress\/ -->\n<title>Fotos Hist\u00f3ricas - Toro enmaromado<\/title>\n<meta name=\"description\" content=\"Galer\u00eda de fotos hist\u00f3ricas del Toro Enmaromado de Benavente. Un viaje a trav\u00e9s del tiempo de las Ferias y Fiestas de Benavente.\" \/>\n<meta name=\"robots\" content=\"noindex, follow\" \/>\n<meta property=\"og:locale\" content=\"en_GB\" \/>\n<meta property=\"og:type\" content=\"article\" \/>\n<meta property=\"og:title\" content=\"Fotos Hist\u00f3ricas - Toro enmaromado\" \/>\n<meta property=\"og:description\" content=\"Galer\u00eda de fotos hist\u00f3ricas del Toro Enmaromado de Benavente. Un viaje a trav\u00e9s del tiempo de las Ferias y Fiestas de Benavente.\" \/>\n<meta property=\"og:url\" content=\"https:\/\/toroenmaromado.es\/en\/galeria\/fotos-historicas\/\" \/>\n<meta property=\"og:site_name\" content=\"Toro enmaromado\" \/>\n<meta property=\"article:publisher\" content=\"https:\/\/www.facebook.com\/ayuntamientodebenavente\/\" \/>\n<meta property=\"article:modified_time\" content=\"2023-02-03T13:46:22+00:00\" \/>\n<meta name=\"twitter:card\" content=\"summary_large_image\" \/>\n<meta name=\"twitter:site\" content=\"@aytobenavente\" \/>\n<meta name=\"twitter:label1\" content=\"Estimated reading time\" \/>\n\t<meta name=\"twitter:data1\" content=\"1 minute\" \/>\n<script type=\"application\/ld+json\" class=\"yoast-schema-graph\">{\"@context\":\"https:\\\/\\\/schema.org\",\"@graph\":[{\"@type\":\"WebPage\",\"@id\":\"https:\\\/\\\/toroenmaromado.es\\\/galeria\\\/fotos-historicas\\\/\",\"url\":\"https:\\\/\\\/toroenmaromado.es\\\/galeria\\\/fotos-historicas\\\/\",\"name\":\"Fotos Hist\u00f3ricas - Toro enmaromado\",\"isPartOf\":{\"@id\":\"https:\\\/\\\/toroenmaromado.es\\\/#website\"},\"datePublished\":\"2022-12-27T10:37:39+00:00\",\"dateModified\":\"2023-02-03T13:46:22+00:00\",\"description\":\"Galer\u00eda de fotos hist\u00f3ricas del Toro Enmaromado de Benavente. Un viaje a trav\u00e9s del tiempo de las Ferias y Fiestas de Benavente.\",\"breadcrumb\":{\"@id\":\"https:\\\/\\\/toroenmaromado.es\\\/galeria\\\/fotos-historicas\\\/#breadcrumb\"},\"inLanguage\":\"en-GB\",\"potentialAction\":[{\"@type\":\"ReadAction\",\"target\":[\"https:\\\/\\\/toroenmaromado.es\\\/galeria\\\/fotos-historicas\\\/\"]}]},{\"@type\":\"BreadcrumbList\",\"@id\":\"https:\\\/\\\/toroenmaromado.es\\\/galeria\\\/fotos-historicas\\\/#breadcrumb\",\"itemListElement\":[{\"@type\":\"ListItem\",\"position\":1,\"name\":\"Portada\",\"item\":\"https:\\\/\\\/toroenmaromado.es\\\/\"},{\"@type\":\"ListItem\",\"position\":2,\"name\":\"Galer\u00eda\",\"item\":\"https:\\\/\\\/toroenmaromado.es\\\/galeria\\\/\"},{\"@type\":\"ListItem\",\"position\":3,\"name\":\"Fotos Hist\u00f3ricas\"}]},{\"@type\":\"WebSite\",\"@id\":\"https:\\\/\\\/toroenmaromado.es\\\/#website\",\"url\":\"https:\\\/\\\/toroenmaromado.es\\\/\",\"name\":\"Toro enmaromado\",\"description\":\"Web Oficial del Toro Enmaromado de Benavente\",\"publisher\":{\"@id\":\"https:\\\/\\\/toroenmaromado.es\\\/#organization\"},\"alternateName\":\"Toro enmaromado de Benavente\",\"potentialAction\":[{\"@type\":\"SearchAction\",\"target\":{\"@type\":\"EntryPoint\",\"urlTemplate\":\"https:\\\/\\\/toroenmaromado.es\\\/?s={search_term_string}\"},\"query-input\":{\"@type\":\"PropertyValueSpecification\",\"valueRequired\":true,\"valueName\":\"search_term_string\"}}],\"inLanguage\":\"en-GB\"},{\"@type\":\"Organization\",\"@id\":\"https:\\\/\\\/toroenmaromado.es\\\/#organization\",\"name\":\"Toro enmaromado\",\"alternateName\":\"Toro enmaromado de Benavente\",\"url\":\"https:\\\/\\\/toroenmaromado.es\\\/\",\"logo\":{\"@type\":\"ImageObject\",\"inLanguage\":\"en-GB\",\"@id\":\"https:\\\/\\\/toroenmaromado.es\\\/#\\\/schema\\\/logo\\\/image\\\/\",\"url\":\"https:\\\/\\\/toroenmaromado.es\\\/wp-content\\\/uploads\\\/2022\\\/12\\\/logoTEB-e1670580660196.png\",\"contentUrl\":\"https:\\\/\\\/toroenmaromado.es\\\/wp-content\\\/uploads\\\/2022\\\/12\\\/logoTEB-e1670580660196.png\",\"width\":197,\"height\":61,\"caption\":\"Toro enmaromado\"},\"image\":{\"@id\":\"https:\\\/\\\/toroenmaromado.es\\\/#\\\/schema\\\/logo\\\/image\\\/\"},\"sameAs\":[\"https:\\\/\\\/www.facebook.com\\\/ayuntamientodebenavente\\\/\",\"https:\\\/\\\/x.com\\\/aytobenavente\",\"https:\\\/\\\/www.instagram.com\\\/ayuntamientodebenavente\\\/\",\"https:\\\/\\\/www.linkedin.com\\\/company\\\/7076620\\\/admin\\\/\",\"https:\\\/\\\/www.youtube.com\\\/@ayuntamientobenavente2316\"]}]}<\/script>\n<!-- \/ Yoast SEO plugin. -->","yoast_head_json":{"title":"Fotos Hist\u00f3ricas - Toro enmaromado","description":"Galer\u00eda de fotos hist\u00f3ricas del Toro Enmaromado de Benavente. Un viaje a trav\u00e9s del tiempo de las Ferias y Fiestas de Benavente.","robots":{"index":"noindex","follow":"follow"},"og_locale":"en_GB","og_type":"article","og_title":"Fotos Hist\u00f3ricas - Toro enmaromado","og_description":"Galer\u00eda de fotos hist\u00f3ricas del Toro Enmaromado de Benavente. Un viaje a trav\u00e9s del tiempo de las Ferias y Fiestas de Benavente.","og_url":"https:\/\/toroenmaromado.es\/en\/galeria\/fotos-historicas\/","og_site_name":"Toro enmaromado","article_publisher":"https:\/\/www.facebook.com\/ayuntamientodebenavente\/","article_modified_time":"2023-02-03T13:46:22+00:00","twitter_card":"summary_large_image","twitter_site":"@aytobenavente","twitter_misc":{"Estimated reading time":"1 minute"},"schema":{"@context":"https:\/\/schema.org","@graph":[{"@type":"WebPage","@id":"https:\/\/toroenmaromado.es\/galeria\/fotos-historicas\/","url":"https:\/\/toroenmaromado.es\/galeria\/fotos-historicas\/","name":"Fotos Hist\u00f3ricas - Toro enmaromado","isPartOf":{"@id":"https:\/\/toroenmaromado.es\/#website"},"datePublished":"2022-12-27T10:37:39+00:00","dateModified":"2023-02-03T13:46:22+00:00","description":"Galer\u00eda de fotos hist\u00f3ricas del Toro Enmaromado de Benavente. Un viaje a trav\u00e9s del tiempo de las Ferias y Fiestas de Benavente.","breadcrumb":{"@id":"https:\/\/toroenmaromado.es\/galeria\/fotos-historicas\/#breadcrumb"},"inLanguage":"en-GB","potentialAction":[{"@type":"ReadAction","target":["https:\/\/toroenmaromado.es\/galeria\/fotos-historicas\/"]}]},{"@type":"BreadcrumbList","@id":"https:\/\/toroenmaromado.es\/galeria\/fotos-historicas\/#breadcrumb","itemListElement":[{"@type":"ListItem","position":1,"name":"Portada","item":"https:\/\/toroenmaromado.es\/"},{"@type":"ListItem","position":2,"name":"Galer\u00eda","item":"https:\/\/toroenmaromado.es\/galeria\/"},{"@type":"ListItem","position":3,"name":"Fotos Hist\u00f3ricas"}]},{"@type":"WebSite","@id":"https:\/\/toroenmaromado.es\/#website","url":"https:\/\/toroenmaromado.es\/","name":"Toro enmaromado","description":"Web Oficial del Toro Enmaromado de Benavente","publisher":{"@id":"https:\/\/toroenmaromado.es\/#organization"},"alternateName":"Toro enmaromado de Benavente","potentialAction":[{"@type":"SearchAction","target":{"@type":"EntryPoint","urlTemplate":"https:\/\/toroenmaromado.es\/?s={search_term_string}"},"query-input":{"@type":"PropertyValueSpecification","valueRequired":true,"valueName":"search_term_string"}}],"inLanguage":"en-GB"},{"@type":"Organization","@id":"https:\/\/toroenmaromado.es\/#organization","name":"Toro enmaromado","alternateName":"Toro enmaromado de Benavente","url":"https:\/\/toroenmaromado.es\/","logo":{"@type":"ImageObject","inLanguage":"en-GB","@id":"https:\/\/toroenmaromado.es\/#\/schema\/logo\/image\/","url":"https:\/\/toroenmaromado.es\/wp-content\/uploads\/2022\/12\/logoTEB-e1670580660196.png","contentUrl":"https:\/\/toroenmaromado.es\/wp-content\/uploads\/2022\/12\/logoTEB-e1670580660196.png","width":197,"height":61,"caption":"Toro enmaromado"},"image":{"@id":"https:\/\/toroenmaromado.es\/#\/schema\/logo\/image\/"},"sameAs":["https:\/\/www.facebook.com\/ayuntamientodebenavente\/","https:\/\/x.com\/aytobenavente","https:\/\/www.instagram.com\/ayuntamientodebenavente\/","https:\/\/www.linkedin.com\/company\/7076620\/admin\/","https:\/\/www.youtube.com\/@ayuntamientobenavente2316"]}]}},"_links":{"self":[{"href":"https:\/\/toroenmaromado.es\/en\/wp-json\/wp\/v2\/pages\/3797","targetHints":{"allow":["GET"]}}],"collection":[{"href":"https:\/\/toroenmaromado.es\/en\/wp-json\/wp\/v2\/pages"}],"about":[{"href":"https:\/\/toroenmaromado.es\/en\/wp-json\/wp\/v2\/types\/page"}],"author":[{"embeddable":true,"href":"https:\/\/toroenmaromado.es\/en\/wp-json\/wp\/v2\/users\/1"}],"replies":[{"embeddable":true,"href":"https:\/\/toroenmaromado.es\/en\/wp-json\/wp\/v2\/comments?post=3797"}],"version-history":[{"count":0,"href":"https:\/\/toroenmaromado.es\/en\/wp-json\/wp\/v2\/pages\/3797\/revisions"}],"up":[{"embeddable":true,"href":"https:\/\/toroenmaromado.es\/en\/wp-json\/wp\/v2\/pages\/874"}],"wp:attachment":[{"href":"https:\/\/toroenmaromado.es\/en\/wp-json\/wp\/v2\/media?parent=3797"}],"curies":[{"name":"wp","href":"https:\/\/api.w.org\/{rel}","templated":true}]}}